{"id":10,"date":"2019-08-09T14:49:03","date_gmt":"2019-08-09T12:49:03","guid":{"rendered":"https:\/\/www.jetuil.asso.fr\/?page_id=10"},"modified":"2024-03-05T17:06:40","modified_gmt":"2024-03-05T16:06:40","slug":"accueil","status":"publish","type":"page","link":"https:\/\/www.jetuil.asso.fr\/","title":{"rendered":"Accueil"},"content":{"rendered":"\n<div class=\"wp-block-jetuil-home-banner jetuil_font21\"><video autoplay loop muted poster=\"https:\/\/www.jetuil.asso.fr\/wp-content\/uploads\/2019\/09\/ledoc8.jpg\"><source src=\"https:\/\/www.jetuil.asso.fr\/wp-content\/uploads\/videos_jetuil\/VIDEO_ACCUEIL.mp4\" type=\"video\/mp4\"\/>Votre navigateur ne supporte pas la balise video.<\/video><div class=\"banner_abs\"><div class=\"banner_text\"><h2><\/h2><p><strong>Depuis 1981, &#8220;je.tu.il&#8230;&#8221; con\u00e7oit, r\u00e9alise et distribue des programmes d&#8217;\u00e9ducation et de pr\u00e9vention \u00e0 destination des jeunes et des professionnels travaillant \u00e0 leurs c\u00f4t\u00e9s. <br\/><br\/>Pour\u00a0chaque cr\u00e9ation, l&#8217;association s&#8217;emploie \u00e0 r\u00e9aliser un outil susceptible d&#8217;interroger\u00a0aussi bien les jeunes que les adultes,\u00a0et de favoriser l&#8217;\u00e9change dans un but de construction et d&#8217;\u00e9ducation.<\/strong><\/p><a href=\"https:\/\/www.jetuil.asso.fr\/index.php\/lassociation\/\">D\u00e9couvrir l\u2019association<\/a><\/div><\/div><\/div>\n\n\n\n<p><\/p>\n\n\n\n<div class=\"wp-block-image\"><figure class=\"aligncenter is-resized\"><img loading=\"lazy\" src=\"https:\/\/www.jetuil.asso.fr\/wp-content\/uploads\/2021\/01\/Capture-d\u2019\u00e9cran-2021-01-26-\u00e0-10.36.48-1024x303.png\" alt=\"\" class=\"wp-image-5575\" width=\"209\" height=\"61\" srcset=\"https:\/\/www.jetuil.asso.fr\/wp-content\/uploads\/2021\/01\/Capture-d\u2019\u00e9cran-2021-01-26-\u00e0-10.36.48-1024x303.png 1024w, https:\/\/www.jetuil.asso.fr\/wp-content\/uploads\/2021\/01\/Capture-d\u2019\u00e9cran-2021-01-26-\u00e0-10.36.48-300x89.png 300w, https:\/\/www.jetuil.asso.fr\/wp-content\/uploads\/2021\/01\/Capture-d\u2019\u00e9cran-2021-01-26-\u00e0-10.36.48-768x227.png 768w, https:\/\/www.jetuil.asso.fr\/wp-content\/uploads\/2021\/01\/Capture-d\u2019\u00e9cran-2021-01-26-\u00e0-10.36.48-600x177.png 600w\" sizes=\"(max-width: 209px) 100vw, 209px\" \/><\/figure><\/div>\n\n\n\n<p class=\"has-text-align-center jetuil_width66 jetuil_font27\">Nos programmes sont con\u00e7us afin que chacun, professionnel comme toute personne charg\u00e9e d&#8217;\u00e9ducation, soit <strong>\u00e0 m\u00eame de mener de fa\u00e7on autonome des espaces d&#8217;\u00e9change<\/strong> aupr\u00e8s des diff\u00e9rents publics auxquels il s&#8217;adresse. <\/p>\n\n\n\n<div style=\"height:20px\" aria-hidden=\"true\" class=\"wp-block-spacer\"><\/div>\n\n\n\n<p class=\"has-text-align-center jetuil_width66 jetuil_font27\">A partir de <strong>ses programmes<\/strong>, &#8220;je.tu.il&#8230;&#8221; met en place <strong><a href=\"https:\/\/www.jetuil.asso.fr\/index.php\/nos-actions\/\" target=\"_blank\" rel=\"noreferrer noopener\">des actions<\/a><\/strong> et propose<strong> <a href=\"https:\/\/www.jetuil.asso.fr\/index.php\/formation-dequipes\/\" target=\"_blank\" rel=\"noreferrer noopener\">des formations<\/a><\/strong> pour favoriser la mise en place d&#8217;une action d&#8217;\u00e9ducation \u00e0 la <strong>responsabilit\u00e9 sexuelle, affective et citoyenne<\/strong>, dans un but de pr\u00e9vention des violences et des conduites \u00e0 risque. <\/p>\n\n\n\n<div style=\"height:30px\" aria-hidden=\"true\" class=\"wp-block-spacer\"><\/div>\n\n\n\n<p class=\"has-text-align-center jetuil_width66 jetuil_font21\"><a href=\"#newsletter\">Recevoir notre newsletter<\/a><\/p>\n\n\n\n<div style=\"height:50px\" aria-hidden=\"true\" class=\"wp-block-spacer\"><\/div>\n\n\n\n<div class=\"wp-block-media-text alignwide has-media-on-the-right jetuil_width80\" style=\"grid-template-columns:auto 11%\"><figure class=\"wp-block-media-text__media\"><img loading=\"lazy\" width=\"229\" height=\"229\" src=\"https:\/\/www.jetuil.asso.fr\/wp-content\/uploads\/2019\/09\/images2.png\" alt=\"\" class=\"wp-image-1512 size-full\" srcset=\"https:\/\/www.jetuil.asso.fr\/wp-content\/uploads\/2019\/09\/images2.png 229w, https:\/\/www.jetuil.asso.fr\/wp-content\/uploads\/2019\/09\/images2-150x150.png 150w, https:\/\/www.jetuil.asso.fr\/wp-content\/uploads\/2019\/09\/images2-100x100.png 100w\" sizes=\"(max-width: 229px) 100vw, 229px\" \/><\/figure><div class=\"wp-block-media-text__content\">\n<h1 class=\"has-text-align-center jetuil_width80\"><strong>Nos programmes<\/strong><\/h1>\n\n\n\n<p class=\"has-text-align-center jetuil_font27\"><strong>d\u00e9sormais int\u00e9gralement disponibles en streaming<\/strong>.<\/p>\n<\/div><\/div>\n\n\n\n<div style=\"height:20px\" aria-hidden=\"true\" class=\"wp-block-spacer\"><\/div>\n\n\n<div class=\"jetuil-programme-home jetuil-programme-homebanner\">\n\t<div class=\"banner_bg\" style=\"background-image: url('https:\/\/www.jetuil.asso.fr\/wp-content\/uploads\/videos_jetuil\/programmes\/en_visage\/bg.jpg')\">\n\t\t<div class=\"banner_content\">\n\t\t\t<div class=\"banner_img\">\n    \t\t\t<img src=\"https:\/\/www.jetuil.asso.fr\/wp-content\/uploads\/videos_jetuil\/programmes\/en_visage\/thumbnail.png\"\/>\n    \t\t\t\n    \t\t\t<div class=\"banner_link_left\">\n    \t\t\t\t<div class=\"banner_column_50\">\n        \t\t\t\t<div class=\"teaser_link\">\n            \t\t\t\tVoir le teaser\n            \t\t\t\t<div class=\"modal\">\n                            <!-- The Close Button -->\n                            <span class=\"close\">&times;<\/span>\n                            <video controls class=\"modal-content\" poster=\"https:\/\/www.jetuil.asso.fr\/wp-content\/uploads\/videos_jetuil\/programmes\/en_visage\/teaser.jpg\">\n                            \t\t<source src=\"https:\/\/www.jetuil.asso.fr\/wp-content\/uploads\/videos_jetuil\/programmes\/en_visage\/teaser.mp4\"\/>\n                            <\/video>\n                        \t<\/div>\n        \t\t\t\t<\/div>\n    \t\t\t\t<\/div>\n    \t\t\t\t    \t\t\t\t<div class=\"banner_column_50 right\">\n    \t\t\t\t\t<a class=\"formation_link\" href=\"https:\/\/www.jetuil.asso.fr\/index.php\/la-formation-en-visage\/\"><span>&gt;<\/span> La formation associ\u00e9e<\/a>\n    \t\t\t\t<\/div>\n    \t\t\t\t    \t\t\t<\/div>\n    \t\t<\/div>\n    \t\t<div class=\"banner_text\">\n    \t\t\t<img src=\"https:\/\/www.jetuil.asso.fr\/wp-content\/uploads\/videos_jetuil\/programmes\/en_visage\/logo.png\"\/>\n    \t\t\t<div class=\"stitre\">Un programme audiovisuel de promotion de la sant\u00e9 et de la citoyennet\u00e9 \u00e0 l\u2019adolescence.<\/div>\n    \t\t\t<div class=\"desc\">D\u00e9couvrir le visage de l\u2019autre... en l\u2019imaginant\r\nsemblable ou diff\u00e9rent de soi... semblable en partie, diff\u00e9rent par moment... Aller \u00e0 sa rencontre et partager ainsi ses \u00e9motions, ses ressentis...<\/div>\n    \t\t\t<div class=\"sdesc\">Un programme \u00e0 destination des coll\u00e9giens de 12 \u00e0 15 ans.<\/div>\n    \t\t\t<a class=\"programme_link\" href=\"https:\/\/www.jetuil.asso.fr\/index.php\/en-visage\/\">Contenu du programme<\/a>\n    \t\t\t<div class=\"mob_link\">\n    \t\t\t\t<div class=\"banner_column_50\">\n        \t\t\t\t<div class=\"teaser_link\">\n            \t\t\t\tVoir le teaser\n            \t\t\t\t<div class=\"modal\">\n                            <!-- The Close Button -->\n                            <span class=\"close\">&times;<\/span>\n                            <video controls class=\"modal-content\" poster=\"https:\/\/www.jetuil.asso.fr\/wp-content\/uploads\/videos_jetuil\/programmes\/en_visage\/teaser.jpg\">\n                            \t\t<source src=\"https:\/\/www.jetuil.asso.fr\/wp-content\/uploads\/videos_jetuil\/programmes\/en_visage\/teaser.mp4\"\/>\n                            <\/video>\n                        \t<\/div>\n        \t\t\t\t<\/div>\n    \t\t\t\t<\/div>\n    \t\t\t\t    \t\t\t\t<div class=\"banner_column_50 right\">\n    \t\t\t\t\t<a class=\"formation_link\" href=\"https:\/\/www.jetuil.asso.fr\/index.php\/la-formation-en-visage\/\"><span>&gt;<\/span> La formation associ\u00e9e<\/a>\n    \t\t\t\t<\/div>\n    \t\t\t\t    \t\t\t<\/div>\n    \t\t<\/div>\n    \t<\/div>\n\t<\/div>\n\t\t<div class=\"blackborder\"><\/div>\n\t\t\n\t\n\t\n\n<\/div>\n\n\n\n<div class=\"jetuil-programme-home jetuil-programme-homebanner\">\n\t<div class=\"banner_bg\" style=\"background-image: url('https:\/\/www.jetuil.asso.fr\/wp-content\/uploads\/videos_jetuil\/programmes\/ce_jeu_entre_nous\/bg.jpg')\">\n\t\t<div class=\"banner_content\">\n\t\t\t<div class=\"banner_img\">\n    \t\t\t<img src=\"https:\/\/www.jetuil.asso.fr\/wp-content\/uploads\/videos_jetuil\/programmes\/ce_jeu_entre_nous\/thumbnail.png\"\/>\n    \t\t\t\n    \t\t\t<div class=\"banner_link_left\">\n    \t\t\t\t<div class=\"banner_column_50\">\n        \t\t\t\t<div class=\"teaser_link\">\n            \t\t\t\tVoir le teaser\n            \t\t\t\t<div class=\"modal\">\n                            <!-- The Close Button -->\n                            <span class=\"close\">&times;<\/span>\n                            <video controls class=\"modal-content\" poster=\"https:\/\/www.jetuil.asso.fr\/wp-content\/uploads\/videos_jetuil\/programmes\/ce_jeu_entre_nous\/teaser.jpg\">\n                            \t\t<source src=\"https:\/\/www.jetuil.asso.fr\/wp-content\/uploads\/videos_jetuil\/programmes\/ce_jeu_entre_nous\/teaser.mp4\"\/>\n                            <\/video>\n                        \t<\/div>\n        \t\t\t\t<\/div>\n    \t\t\t\t<\/div>\n    \t\t\t\t    \t\t\t\t<div class=\"banner_column_50 right\">\n    \t\t\t\t\t<a class=\"formation_link\" href=\"https:\/\/www.jetuil.asso.fr\/index.php\/la-formation-ce-jeu-entre-nous\/\"><span>&gt;<\/span> La formation associ\u00e9e<\/a>\n    \t\t\t\t<\/div>\n    \t\t\t\t    \t\t\t<\/div>\n    \t\t<\/div>\n    \t\t<div class=\"banner_text\">\n    \t\t\t<img src=\"https:\/\/www.jetuil.asso.fr\/wp-content\/uploads\/videos_jetuil\/programmes\/ce_jeu_entre_nous\/logo.png\"\/>\n    \t\t\t<div class=\"stitre\">Susciter la curiosit\u00e9 de comprendre et le d\u00e9sir de savoir...<\/div>\n    \t\t\t<div class=\"desc\">Ce programme audiovisuel d&#039;\u00e9ducation \u00e0 la responsabilit\u00e9 sexuelle et affective dans un but de pr\u00e9vention des conduites \u00e0 risque est tout \u00e0 la fois un programme d&#039;intervention, qu&#039;un support de formation pour les professionnels des structures \u00e9ducatives, sanitaires et judiciaires.<\/div>\n    \t\t\t<div class=\"sdesc\">en direction des jeunes \u00e0 partir de 15 ans<\/div>\n    \t\t\t<a class=\"programme_link\" href=\"https:\/\/www.jetuil.asso.fr\/index.php\/ce-jeu-entre-nous\/\">Contenu du programme<\/a>\n    \t\t\t<div class=\"mob_link\">\n    \t\t\t\t<div class=\"banner_column_50\">\n        \t\t\t\t<div class=\"teaser_link\">\n            \t\t\t\tVoir le teaser\n            \t\t\t\t<div class=\"modal\">\n                            <!-- The Close Button -->\n                            <span class=\"close\">&times;<\/span>\n                            <video controls class=\"modal-content\" poster=\"https:\/\/www.jetuil.asso.fr\/wp-content\/uploads\/videos_jetuil\/programmes\/ce_jeu_entre_nous\/teaser.jpg\">\n                            \t\t<source src=\"https:\/\/www.jetuil.asso.fr\/wp-content\/uploads\/videos_jetuil\/programmes\/ce_jeu_entre_nous\/teaser.mp4\"\/>\n                            <\/video>\n                        \t<\/div>\n        \t\t\t\t<\/div>\n    \t\t\t\t<\/div>\n    \t\t\t\t    \t\t\t\t<div class=\"banner_column_50 right\">\n    \t\t\t\t\t<a class=\"formation_link\" href=\"https:\/\/www.jetuil.asso.fr\/index.php\/la-formation-ce-jeu-entre-nous\/\"><span>&gt;<\/span> La formation associ\u00e9e<\/a>\n    \t\t\t\t<\/div>\n    \t\t\t\t    \t\t\t<\/div>\n    \t\t<\/div>\n    \t<\/div>\n\t<\/div>\n\t\t<div class=\"blackborder\"><\/div>\n\t\t\n\t\n\t\n\n<\/div>\n\n\n\n<div class=\"jetuil-programme-home jetuil-programme-homebanner\">\n\t<div class=\"banner_bg\" style=\"background-image: url('https:\/\/www.jetuil.asso.fr\/wp-content\/uploads\/videos_jetuil\/programmes\/cet_autre_que_moi\/bg.jpg')\">\n\t\t<div class=\"banner_content\">\n\t\t\t<div class=\"banner_img\">\n    \t\t\t<img src=\"https:\/\/www.jetuil.asso.fr\/wp-content\/uploads\/videos_jetuil\/programmes\/cet_autre_que_moi\/thumbnail.png\"\/>\n    \t\t\t\n    \t\t\t<div class=\"banner_link_left\">\n    \t\t\t\t<div class=\"banner_column_50\">\n        \t\t\t\t<div class=\"teaser_link\">\n            \t\t\t\tVoir le teaser\n            \t\t\t\t<div class=\"modal\">\n                            <!-- The Close Button -->\n                            <span class=\"close\">&times;<\/span>\n                            <video controls class=\"modal-content\" poster=\"https:\/\/www.jetuil.asso.fr\/wp-content\/uploads\/videos_jetuil\/programmes\/cet_autre_que_moi\/teaser.jpg\">\n                            \t\t<source src=\"https:\/\/www.jetuil.asso.fr\/wp-content\/uploads\/videos_jetuil\/programmes\/cet_autre_que_moi\/teaser.mp4\"\/>\n                            <\/video>\n                        \t<\/div>\n        \t\t\t\t<\/div>\n    \t\t\t\t<\/div>\n    \t\t\t\t    \t\t\t\t<div class=\"banner_column_50 right\">\n    \t\t\t\t\t<a class=\"formation_link\" href=\"https:\/\/www.jetuil.asso.fr\/index.php\/la-formation-action\/\"><span>&gt;<\/span> La formation associ\u00e9e<\/a>\n    \t\t\t\t<\/div>\n    \t\t\t\t    \t\t\t<\/div>\n    \t\t<\/div>\n    \t\t<div class=\"banner_text\">\n    \t\t\t<img src=\"https:\/\/www.jetuil.asso.fr\/wp-content\/uploads\/videos_jetuil\/programmes\/cet_autre_que_moi\/logo.png\"\/>\n    \t\t\t<div class=\"stitre\">Un programme \u00e0 destination des professionnels de l&#039;adolescence<\/div>\n    \t\t\t<div class=\"desc\">Un documentaire de 52 minutes qui restitue une image aussi juste que possible de la jeune adolescence ; un portrait des 12-15 ans qui va bien souvent \u00e0 l\u2019encontre des st\u00e9r\u00e9otypes v\u00e9hicul\u00e9s ordinairement\u2026<\/div>\n    \t\t\t<div class=\"sdesc\"><\/div>\n    \t\t\t<a class=\"programme_link\" href=\"https:\/\/www.jetuil.asso.fr\/index.php\/cet-autre-que-moi\/\">Contenu du programme<\/a>\n    \t\t\t<div class=\"mob_link\">\n    \t\t\t\t<div class=\"banner_column_50\">\n        \t\t\t\t<div class=\"teaser_link\">\n            \t\t\t\tVoir le teaser\n            \t\t\t\t<div class=\"modal\">\n                            <!-- The Close Button -->\n                            <span class=\"close\">&times;<\/span>\n                            <video controls class=\"modal-content\" poster=\"https:\/\/www.jetuil.asso.fr\/wp-content\/uploads\/videos_jetuil\/programmes\/cet_autre_que_moi\/teaser.jpg\">\n                            \t\t<source src=\"https:\/\/www.jetuil.asso.fr\/wp-content\/uploads\/videos_jetuil\/programmes\/cet_autre_que_moi\/teaser.mp4\"\/>\n                            <\/video>\n                        \t<\/div>\n        \t\t\t\t<\/div>\n    \t\t\t\t<\/div>\n    \t\t\t\t    \t\t\t\t<div class=\"banner_column_50 right\">\n    \t\t\t\t\t<a class=\"formation_link\" href=\"https:\/\/www.jetuil.asso.fr\/index.php\/la-formation-action\/\"><span>&gt;<\/span> La formation associ\u00e9e<\/a>\n    \t\t\t\t<\/div>\n    \t\t\t\t    \t\t\t<\/div>\n    \t\t<\/div>\n    \t<\/div>\n\t<\/div>\n\t\t<div class=\"blackborder\"><\/div>\n\t\t\n\t\n\t\n\n<\/div>\n\n\n\n\n<div style=\"height:20px\" aria-hidden=\"true\" class=\"wp-block-spacer\"><\/div>\n\n\n\n<div style=\"height:30px\" aria-hidden=\"true\" class=\"wp-block-spacer\"><\/div>\n\n\n\n<div class=\"wp-block-media-text alignwide\" style=\"grid-template-columns:13% auto\"><figure class=\"wp-block-media-text__media\"><img loading=\"lazy\" width=\"229\" height=\"229\" src=\"https:\/\/www.jetuil.asso.fr\/wp-content\/uploads\/2019\/09\/images2.png\" alt=\"\" class=\"wp-image-1512 size-full\" srcset=\"https:\/\/www.jetuil.asso.fr\/wp-content\/uploads\/2019\/09\/images2.png 229w, https:\/\/www.jetuil.asso.fr\/wp-content\/uploads\/2019\/09\/images2-150x150.png 150w, https:\/\/www.jetuil.asso.fr\/wp-content\/uploads\/2019\/09\/images2-100x100.png 100w\" sizes=\"(max-width: 229px) 100vw, 229px\" \/><\/figure><div class=\"wp-block-media-text__content\">\n<h1 class=\"jetuil_width80\"><strong>Nos offres d&#8217;abonnement<\/strong><\/h1>\n\n\n\n<p class=\"jetuil_width80, jetuil_font27\"><strong>Acc\u00e9dez d\u00e9sormais \u00e0 nos programmes en streaming&nbsp;via notre plateforme d\u2019abonnement sans engagement, ni publicit\u00e9s.<\/strong><\/p>\n<\/div><\/div>\n\n\n\n<p class=\"has-text-align-left jetuil_width66 jetuil_font21 has-very-dark-gray-color has-text-color\">Chacun de nos programmes dispose des ressources p\u00e9dagogiques \u00e0 m\u00eame de vous en permettre l\u2019appropriation et l\u2019utilisation.<\/p>\n\n\n\n<div style=\"height:50px\" aria-hidden=\"true\" class=\"wp-block-spacer\"><\/div>\n\n\n\n<div class=\"wp-block-columns jetuil_width66 jetuil_font27\">\n<div class=\"wp-block-column\">\n<p class=\"has-vivid-red-color has-text-color\"><strong>Abonnement annuel 89,90\u20ac<\/strong><\/p>\n\n\n\n<ul id=\"block-d26e41b9-4b4e-491d-8f69-8ed651b387d5\" class=\"jetuil_width80 jetuil_font21\"><li>acc\u00e8s \u00e0 l&#8217;int\u00e9gralit\u00e9 des programmes et des documents p\u00e9dagogiques<\/li><li>50% de r\u00e9duction par rapport \u00e0 l&#8217;abonnement mensuel<\/li><li>Renouvelable sur demande (pas de renouvellement automatique)<\/li><li>jusqu&#8217;\u00e0 5 utilisateurs simultan\u00e9s<\/li><\/ul>\n<\/div>\n\n\n\n<div class=\"wp-block-column\">\n<p class=\"has-vivid-red-color has-text-color\"><strong>Abonnement mensuel 14,90\u20ac<\/strong><\/p>\n\n\n\n<ul id=\"block-25ab6af9-a109-4e82-8357-ea95100b2d7f\" class=\"jetuil_width80 jetuil_font21\"><li>acc\u00e8s \u00e0 l&#8217;int\u00e9gralit\u00e9 des programmes et des documents p\u00e9dagogiques<\/li><li>renouvellement mensuel automatique, sans engagement de dur\u00e9e<\/li><li>jusqu&#8217;\u00e0 5 utilisateurs simultan\u00e9s<\/li><\/ul>\n<\/div>\n<\/div>\n\n\n\n<p class=\"has-text-align-center jetuil_width80 jetuil_font27 jetuil_liedevin_dark has-very-dark-gray-color has-text-color\"><strong>\u201cJe.tu.il\u2026\u201d est une association. L\u2019argent g\u00e9n\u00e9r\u00e9 par les abonnements contribue au remboursement des co\u00fbts de production des films et \u00e0 la capacit\u00e9 de l\u2019association \u00e0 penser, cr\u00e9er, former, intervenir\u2026<\/strong><\/p>\n\n\n\n<div style=\"height:30px\" aria-hidden=\"true\" class=\"wp-block-spacer\"><\/div>\n\n\n\n<div class=\"wp-block-button aligncenter is-style-outline\"><a class=\"wp-block-button__link has-text-color\" href=\"https:\/\/www.jetuil.asso.fr\/index.php\/les-offres\/\" style=\"color:#79bafb\"><strong>Souscrire un abonnement<\/strong><\/a><\/div>\n\n\n\n<div style=\"height:20px\" aria-hidden=\"true\" class=\"wp-block-spacer\"><\/div>\n\n\n\n<div class=\"wp-block-buttons aligncenter\">\n<div class=\"wp-block-button aligncenter is-style-outline\"><a class=\"wp-block-button__link has-text-color\" href=\"https:\/\/www.jetuil.asso.fr\/index.php\/demande-de-devis\/\" style=\"color:#79bafb\" target=\"_blank\" rel=\"noreferrer noopener\"><strong>Demander un devis<\/strong><\/a><\/div>\n<\/div>\n\n\n\n<div style=\"height:20px\" aria-hidden=\"true\" class=\"wp-block-spacer\"><\/div>\n\n\n\n<p class=\"has-text-align-center jetuil_width80 jetuil_font27 has-very-dark-gray-color has-text-color\"><strong>Certains de nos programmes sont encore disponibles au d\u00e9tail. <\/strong><\/p>\n\n\n\n<div style=\"height:20px\" aria-hidden=\"true\" class=\"wp-block-spacer\"><\/div>\n\n\n\n<div class=\"wp-block-button aligncenter is-style-outline\"><a class=\"wp-block-button__link has-text-color\" href=\"https:\/\/www.jetuil.asso.fr\/index.php\/nos-offres-dvd\/\" style=\"color:#79bafb\"><strong>Nos offres de DVD<\/strong><\/a><\/div>\n\n\n\n<div style=\"height:40px\" aria-hidden=\"true\" id=\"newsletter\" class=\"wp-block-spacer\"><\/div>\n\n\n\n<p class=\"has-text-align-center jetuil_width80 jetuil_font27 has-very-dark-gray-color has-text-color\"><strong>Inscrivez-vous \u00e0 notre newsletter pour ne rien rater de nos mises \u00e0 jour et de notre actualit\u00e9 !<\/strong><\/p>\n\n\n\n<!-- Begin Sendinblue Form -->\n<!-- START - We recommend to place the below code in head tag of your website html  -->\n<style>\n  @font-face {\n    font-display: block;\n    font-family: Roboto;\n    src: url(https:\/\/assets.sendinblue.com\/font\/Roboto\/Latin\/normal\/normal\/7529907e9eaf8ebb5220c5f9850e3811.woff2) format(\"woff2\"), url(https:\/\/assets.sendinblue.com\/font\/Roboto\/Latin\/normal\/normal\/25c678feafdc175a70922a116c9be3e7.woff) format(\"woff\")\n  }\n\n  @font-face {\n    font-display: fallback;\n    font-family: Roboto;\n    font-weight: 600;\n    src: url(https:\/\/assets.sendinblue.com\/font\/Roboto\/Latin\/medium\/normal\/6e9caeeafb1f3491be3e32744bc30440.woff2) format(\"woff2\"), url(https:\/\/assets.sendinblue.com\/font\/Roboto\/Latin\/medium\/normal\/71501f0d8d5aa95960f6475d5487d4c2.woff) format(\"woff\")\n  }\n\n  @font-face {\n    font-display: fallback;\n    font-family: Roboto;\n    font-weight: 700;\n    src: url(https:\/\/assets.sendinblue.com\/font\/Roboto\/Latin\/bold\/normal\/3ef7cf158f310cf752d5ad08cd0e7e60.woff2) format(\"woff2\"), url(https:\/\/assets.sendinblue.com\/font\/Roboto\/Latin\/bold\/normal\/ece3a1d82f18b60bcce0211725c476aa.woff) format(\"woff\")\n  }\n\n  #sib-container input:-ms-input-placeholder {\n    text-align: left;\n    font-family: \"Helvetica\", sans-serif;\n    color: #c0ccda;\n  }\n\n  #sib-container input::placeholder {\n    text-align: left;\n    font-family: \"Helvetica\", sans-serif;\n    color: #c0ccda;\n  }\n\n  #sib-container textarea::placeholder {\n    text-align: left;\n    font-family: \"Helvetica\", sans-serif;\n    color: #c0ccda;\n  }\n<\/style>\n<link rel=\"stylesheet\" href=\"https:\/\/sibforms.com\/forms\/end-form\/build\/sib-styles.css\">\n<!--  END - We recommend to place the above code in head tag of your website html -->\n\n<!-- START - We recommend to place the below code where you want the form in your website html  -->\n<div class=\"sib-form\" style=\"text-align: center;\n         background-color: #ffffff;                                 \">\n  <div id=\"sib-form-container\" class=\"sib-form-container\">\n    <div id=\"error-message\" class=\"sib-form-message-panel\" style=\"font-size:16px; text-align:left; font-family:&quot;Helvetica&quot;, sans-serif; color:#661d1d; background-color:#ffeded; border-radius:3px; border-color:#ff4949;max-width:540px;\">\n      <div class=\"sib-form-message-panel__text sib-form-message-panel__text--center\">\n        <svg viewBox=\"0 0 512 512\" class=\"sib-icon sib-notification__icon\">\n          <path d=\"M256 40c118.621 0 216 96.075 216 216 0 119.291-96.61 216-216 216-119.244 0-216-96.562-216-216 0-119.203 96.602-216 216-216m0-32C119.043 8 8 119.083 8 256c0 136.997 111.043 248 248 248s248-111.003 248-248C504 119.083 392.957 8 256 8zm-11.49 120h22.979c6.823 0 12.274 5.682 11.99 12.5l-7 168c-.268 6.428-5.556 11.5-11.99 11.5h-8.979c-6.433 0-11.722-5.073-11.99-11.5l-7-168c-.283-6.818 5.167-12.5 11.99-12.5zM256 340c-15.464 0-28 12.536-28 28s12.536 28 28 28 28-12.536 28-28-12.536-28-28-28z\"><\/path>\n        <\/svg>\n        <span class=\"sib-form-message-panel__inner-text\">\n                          Nous n&#8217;avons pas pu confirmer votre inscription.\n                      <\/span>\n      <\/div>\n    <\/div>\n    <div><\/div>\n    <div id=\"success-message\" class=\"sib-form-message-panel\" style=\"font-size:16px; text-align:left; font-family:&quot;Helvetica&quot;, sans-serif; color:#085229; background-color:#e7faf0; border-radius:3px; border-color:#13ce66;max-width:540px;\">\n      <div class=\"sib-form-message-panel__text sib-form-message-panel__text--center\">\n        <svg viewBox=\"0 0 512 512\" class=\"sib-icon sib-notification__icon\">\n          <path d=\"M256 8C119.033 8 8 119.033 8 256s111.033 248 248 248 248-111.033 248-248S392.967 8 256 8zm0 464c-118.664 0-216-96.055-216-216 0-118.663 96.055-216 216-216 118.664 0 216 96.055 216 216 0 118.663-96.055 216-216 216zm141.63-274.961L217.15 376.071c-4.705 4.667-12.303 4.637-16.97-.068l-85.878-86.572c-4.667-4.705-4.637-12.303.068-16.97l8.52-8.451c4.705-4.667 12.303-4.637 16.97.068l68.976 69.533 163.441-162.13c4.705-4.667 12.303-4.637 16.97.068l8.451 8.52c4.668 4.705 4.637 12.303-.068 16.97z\"><\/path>\n        <\/svg>\n        <span class=\"sib-form-message-panel__inner-text\">\n                          Votre mail a bien \u00e9t\u00e9 enregistr\u00e9 ! Pour finaliser votre inscription, il vous suffit d\u00e9sormais de cliquer sur le lien que vous allez recevoir par mail. Merci et \u00e0 tr\u00e8s vite ! \n                      <\/span>\n      <\/div>\n    <\/div>\n    <div><\/div>\n    <div id=\"sib-container\" class=\"sib-container--large sib-container--vertical\" style=\"text-align:center; background-color:rgba(255,255,255,1); max-width:540px; border-radius:3px; border-width:1px; border-color:#C0CCD9; border-style:solid;\">\n      <form id=\"sib-form\" method=\"POST\" action=\"https:\/\/b4a3d077.sibforms.com\/serve\/MUIEAOZXxeRX6FIAA7FHy-tGEZgq7tF4W9LsS96lQXIih-Grzy-L6HMg2HAqRZ3yZmDNL4HtrLzjl3F2l6Bo1tMcsIKz1j1Ej0-dk2JrBMlZYWz5fNYtkwacLNnCKzgQ5lrx2iy6SW_bPkC_V6aUcb6Sh4Vi6mv-7DYm_TY9Dkz-xiuyJT-xMar4Vc19mQZ0ernC7SY2RvtsKxDN\" data-type=\"subscription\">\n        <div style=\"padding: 8px 0;\">\n          <div class=\"sib-form-block sib-image-form-block\" style=\"text-align: center\">\n            <img src=\"https:\/\/img.mailinblue.com\/2420414\/images\/rnb\/original\/5ff43948b48c8149006fe2b5.jpg\" style=\"width: 500px;height: 154px;\" alt=\"\" title=\"\">\n          <\/div>\n        <\/div>\n        <div style=\"padding: 8px 0;\">\n          <div class=\"sib-form-block\" style=\"font-size:32px; text-align:left; font-weight:700; font-family:&quot;Helvetica&quot;, sans-serif; color:#3C4858; background-color:transparent;\">\n            <p>Newsletter<\/p>\n          <\/div>\n        <\/div>\n        <div style=\"padding: 8px 0;\">\n          <div class=\"sib-form-block\" style=\"font-size:16px; text-align:left; font-family:&quot;Helvetica&quot;, sans-serif; color:#3C4858; background-color:transparent;\">\n            <div class=\"sib-text-form-block\">\n              <p>Inscrivez-vous pour suivre notre actualit\u00e9 et soutenir notre action<\/p>\n            <\/div>\n          <\/div>\n        <\/div>\n        <div style=\"padding: 8px 0;\">\n          <div class=\"sib-input sib-form-block\">\n            <div class=\"form__entry entry_block\">\n              <div class=\"form__label-row \">\n                <label class=\"entry__label\" style=\"font-size:16px; text-align:left; font-weight:700; font-family:&quot;Helvetica&quot;, sans-serif; color:#3c4858;\" for=\"EMAIL\" data-required=\"*\">\n                  Veuillez renseigner votre adresse email pour vous inscrire\n                <\/label>\n\n                <div class=\"entry__field\">\n                  <input class=\"input\" type=\"text\" id=\"EMAIL\" name=\"EMAIL\" autocomplete=\"off\" placeholder=\"EMAIL\" data-required=\"true\" required=\"\">\n                <\/div>\n              <\/div>\n\n              <label class=\"entry__error entry__error--primary\" style=\"font-size:16px; text-align:left; font-family:&quot;Helvetica&quot;, sans-serif; color:#661d1d; background-color:#ffeded; border-radius:3px; border-color:#ff4949;\">\n              <\/label>\n              <label class=\"entry__specification\" style=\"font-size:12px; text-align:left; font-family:&quot;Helvetica&quot;, sans-serif; color:#8390A4;\">\n                L&#8217;association &#8220;je.tu.il&#8230;&#8221; s&#8217;engage \u00e0 ne pas transmettre ces informations \u00e0 un organisme ext\u00e9rieur.\n              <\/label>\n            <\/div>\n          <\/div>\n        <\/div>\n        <div style=\"padding: 8px 0;\">\n          <div class=\"sib-form-block\" style=\"text-align: left\">\n            <button class=\"sib-form-block__button sib-form-block__button-with-loader\" style=\"font-size:16px; text-align:left; font-weight:700; font-family:&quot;Helvetica&quot;, sans-serif; color:#FFFFFF; background-color:#3E4857; border-radius:3px; border-width:0px;\" form=\"sib-form\" type=\"submit\">\n              <svg class=\"icon clickable__icon progress-indicator__icon sib-hide-loader-icon\" viewBox=\"0 0 512 512\">\n                <path d=\"M460.116 373.846l-20.823-12.022c-5.541-3.199-7.54-10.159-4.663-15.874 30.137-59.886 28.343-131.652-5.386-189.946-33.641-58.394-94.896-95.833-161.827-99.676C261.028 55.961 256 50.751 256 44.352V20.309c0-6.904 5.808-12.337 12.703-11.982 83.556 4.306 160.163 50.864 202.11 123.677 42.063 72.696 44.079 162.316 6.031 236.832-3.14 6.148-10.75 8.461-16.728 5.01z\"><\/path>\n              <\/svg>\n              S&#8217;INSCRIRE\n            <\/button>\n          <\/div>\n        <\/div>\n\n        <input type=\"text\" name=\"email_address_check\" value=\"\" class=\"input--hidden\">\n        <input type=\"hidden\" name=\"locale\" value=\"fr\">\n      <\/form>\n    <\/div>\n  <\/div>\n<\/div>\n<!-- END - We recommend to place the below code where you want the form in your website html  -->\n\n<!-- START - We recommend to place the below code in footer or bottom of your website html  -->\n<script>\n  window.REQUIRED_CODE_ERROR_MESSAGE = 'Veuillez choisir un code pays';\n  window.LOCALE = 'fr';\n  window.EMAIL_INVALID_MESSAGE = window.SMS_INVALID_MESSAGE = \"Les informations que vous avez fournies ne sont pas valides. Veuillez v\u00e9rifier le format du champ et r\u00e9essayer.\";\n\n  window.REQUIRED_ERROR_MESSAGE = \"Vous devez renseigner ce champ. \";\n\n  window.GENERIC_INVALID_MESSAGE = \"Les informations que vous avez fournies ne sont pas valides. Veuillez v\u00e9rifier le format du champ et r\u00e9essayer.\";\n\n\n\n\n  window.translation = {\n    common: {\n      selectedList: '{quantity} liste s\u00e9lectionn\u00e9e',\n      selectedLists: '{quantity} listes s\u00e9lectionn\u00e9es'\n    }\n  };\n\n  var AUTOHIDE = Boolean(1);\n<\/script>\n<script src=\"https:\/\/sibforms.com\/forms\/end-form\/build\/main.js\"><\/script>\n\n\n<!-- END - We recommend to place the above code in footer or bottom of your website html  -->\n<!-- End Sendinblue Form -->\n","protected":false},"excerpt":{"rendered":"<p>Nos programmes sont con\u00e7us afin que chacun, professionnel comme toute personne charg\u00e9e d&#8217;\u00e9ducation, soit \u00e0 m\u00eame de mener de fa\u00e7on autonome des espaces d&#8217;\u00e9change aupr\u00e8s des diff\u00e9rents publics auxquels il s&#8217;adresse. A partir de ses programmes, &#8220;je.tu.il&#8230;&#8221; met en place des actions et propose des formations pour favoriser la mise en place d&#8217;une action d&#8217;\u00e9ducation [&hellip;]<\/p>\n","protected":false},"author":1,"featured_media":0,"parent":0,"menu_order":0,"comment_status":"closed","ping_status":"closed","template":"","meta":[],"_links":{"self":[{"href":"https:\/\/www.jetuil.asso.fr\/index.php\/wp-json\/wp\/v2\/pages\/10"}],"collection":[{"href":"https:\/\/www.jetuil.asso.fr\/index.php\/wp-json\/wp\/v2\/pages"}],"about":[{"href":"https:\/\/www.jetuil.asso.fr\/index.php\/wp-json\/wp\/v2\/types\/page"}],"author":[{"embeddable":true,"href":"https:\/\/www.jetuil.asso.fr\/index.php\/wp-json\/wp\/v2\/users\/1"}],"replies":[{"embeddable":true,"href":"https:\/\/www.jetuil.asso.fr\/index.php\/wp-json\/wp\/v2\/comments?post=10"}],"version-history":[{"count":255,"href":"https:\/\/www.jetuil.asso.fr\/index.php\/wp-json\/wp\/v2\/pages\/10\/revisions"}],"predecessor-version":[{"id":9611,"href":"https:\/\/www.jetuil.asso.fr\/index.php\/wp-json\/wp\/v2\/pages\/10\/revisions\/9611"}],"wp:attachment":[{"href":"https:\/\/www.jetuil.asso.fr\/index.php\/wp-json\/wp\/v2\/media?parent=10"}],"curies":[{"name":"wp","href":"https:\/\/api.w.org\/{rel}","templated":true}]}}