{"id":350,"date":"2019-09-05T11:43:12","date_gmt":"2019-09-05T09:43:12","guid":{"rendered":"https:\/\/www.jetuil.asso.fr\/?page_id=350"},"modified":"2026-04-10T13:30:26","modified_gmt":"2026-04-10T11:30:26","slug":"lassociation","status":"publish","type":"page","link":"https:\/\/www.jetuil.asso.fr\/index.php\/lassociation\/","title":{"rendered":"L&#8217;association"},"content":{"rendered":"\n<div class=\"wp-block-cover has-background-dim\" style=\"background-image:url(https:\/\/www.jetuil.asso.fr\/wp-content\/uploads\/2019\/09\/ledoc6.jpg);background-position:48% 52%\"><div class=\"wp-block-cover__inner-container\">\n<h1 class=\"has-text-align-right\"><strong>l&#8217;association &#8220;je.tu.il&#8230;&#8221;<\/strong><\/h1>\n\n\n\n<p class=\"has-text-align-right jetuil_font27 has-large-font-size\">des outils audiovisuels de pr\u00e9vention et d&#8217;\u00e9ducation \u00e0 la<\/p>\n\n\n\n<p class=\"has-text-align-right jetuil_font27 has-large-font-size\">responsabilit\u00e9 affective, sexuelle, citoyenne. <\/p>\n<\/div><\/div>\n\n\n\n<div style=\"height:30px\" aria-hidden=\"true\" class=\"wp-block-spacer\"><\/div>\n\n\n\n<p class=\"jetuil_width66 jetuil_font27 has-medium-font-size\">Depuis 1981, sous la direction de&nbsp;Bernard B\u00e9tr\u00e9mieux, \u201cje.tu.il\u2026\u201d con\u00e7oit, r\u00e9alise et distribue des <strong>programmes d\u2019\u00e9ducation et de pr\u00e9vention <\/strong>\u00e0 destination des jeunes et des professionnels qui les accompagnent.&nbsp;<\/p>\n\n\n\n<p class=\"jetuil_width66 jetuil_font21 has-medium-font-size\">Pour&nbsp;chaque cr\u00e9ation, l\u2019association s\u2019emploie \u00e0 r\u00e9aliser un outil susceptible d\u2019interroger&nbsp;aussi bien les jeunes que les adultes,&nbsp;et de favoriser l\u2019\u00e9change dans un but de construction et d\u2019\u00e9ducation.<\/p>\n\n\n\n<p class=\"jetuil_width66 jetuil_font21 has-medium-font-size\">S\u2019appuyant sur le principe de l\u2019intelligence collective pour construire une r\u00e9flexion commune nourrie d\u2019apports de connaissances aussi objectives que possible, les actions de pr\u00e9vention comme les actions de formation ou formation-action valorisent avant tout la capacit\u00e9 de penser de chacun et chacune dans le souci de l\u2019apprentissage du libre-arbitre et le respect des institutions&nbsp;: l\u2019esprit de la loi &#8211;&nbsp;garantissant la libert\u00e9 de chacun parce que commune \u00e0 tous&nbsp;&nbsp;&#8211;&nbsp;&nbsp;y tient ainsi une large place.<\/p>\n\n\n\n<div style=\"height:20px\" aria-hidden=\"true\" class=\"wp-block-spacer\"><\/div>\n\n\n\n<blockquote class=\"wp-block-quote jetuil_width80 jetuil_font27\"><p><strong>Susciter le questionnement plut\u00f4t qu\u2019apporter des r\u00e9ponses<\/strong>, voici le levier principal des actions de pr\u00e9vention comme des actions de formation. Pour remplir cet objectif, <strong>chacun de nos programmes est con\u00e7u pour permettre une implication par l\u2019image<\/strong>, selon une p\u00e9dagogie sp\u00e9cifique \u00e0 la th\u00e9matique abord\u00e9e.<\/p><\/blockquote>\n\n\n\n<div style=\"height:40px\" aria-hidden=\"true\" class=\"wp-block-spacer\"><\/div>\n\n\n\n<div class=\"wp-block-file aligncenter jetuil_width80 jetuil_font27\"><a href=\"https:\/\/www.jetuil.asso.fr\/wp-content\/uploads\/2026\/04\/BILAN-DACTIVITES-2025.pdf\" target=\"_blank\" rel=\"noreferrer noopener\">T\u00e9l\u00e9chargez\/consultez notre dernier &#8220;Bilan d&#8217;activit\u00e9s&#8221;, pour l&#8217;ann\u00e9e 2025<\/a><a href=\"https:\/\/www.jetuil.asso.fr\/wp-content\/uploads\/2026\/04\/BILAN-DACTIVITES-2025.pdf\" class=\"wp-block-file__button\" download>T\u00e9l\u00e9charger<\/a><\/div>\n\n\n\n<div style=\"height:50px\" aria-hidden=\"true\" class=\"wp-block-spacer\"><\/div>\n\n\n\n<div class=\"wp-block-media-text alignwide jetuil_width66\" style=\"grid-template-columns:17% auto\"><figure class=\"wp-block-media-text__media\"><img loading=\"lazy\" width=\"135\" height=\"120\" src=\"https:\/\/www.jetuil.asso.fr\/wp-content\/uploads\/2021\/01\/logoJTL-spirale.jpg\" alt=\"\" class=\"wp-image-5587 size-full\"\/><\/figure><div class=\"wp-block-media-text__content\">\n<h1 class=\"has-text-align-left\"><strong>40 ans de cr\u00e9ations&#8230;<\/strong><\/h1>\n\n\n\n<p class=\"jetuil_font27\">Depuis 1981, &#8220;je.tu.il&#8230;&#8221; met des <strong>outils audiovisuels<\/strong> au service de sa p\u00e9dagogie&#8230;  <\/p>\n<\/div><\/div>\n\n\n\n<div style=\"height:50px\" aria-hidden=\"true\" class=\"wp-block-spacer\"><\/div>\n\n\n\n<div class=\"wp-block-file jetuil_width66 jetuil_font27\"><a href=\"https:\/\/www.jetuil.asso.fr\/wp-content\/uploads\/2022\/04\/CV-JETUIL-2022.pdf\" target=\"_blank\" rel=\"noreferrer noopener\">Le CV de &#8220;je.tu.il&#8230;&#8221;<\/a><a href=\"https:\/\/www.jetuil.asso.fr\/wp-content\/uploads\/2022\/04\/CV-JETUIL-2022.pdf\" class=\"wp-block-file__button\" download>T\u00e9l\u00e9charger<\/a><\/div>\n\n\n\n<div class=\"wp-block-media-text alignwide has-media-on-the-right is-stacked-on-mobile\" style=\"grid-template-columns:auto 32%\"><figure class=\"wp-block-media-text__media\"><img loading=\"lazy\" width=\"721\" height=\"1024\" src=\"https:\/\/www.jetuil.asso.fr\/wp-content\/uploads\/2019\/09\/affiche-a3-1709-721x1024.jpg\" alt=\"\" class=\"wp-image-1032 size-full\" srcset=\"https:\/\/www.jetuil.asso.fr\/wp-content\/uploads\/2019\/09\/affiche-a3-1709-721x1024.jpg 721w, https:\/\/www.jetuil.asso.fr\/wp-content\/uploads\/2019\/09\/affiche-a3-1709-211x300.jpg 211w, https:\/\/www.jetuil.asso.fr\/wp-content\/uploads\/2019\/09\/affiche-a3-1709-768x1091.jpg 768w, https:\/\/www.jetuil.asso.fr\/wp-content\/uploads\/2019\/09\/affiche-a3-1709-600x852.jpg 600w, https:\/\/www.jetuil.asso.fr\/wp-content\/uploads\/2019\/09\/affiche-a3-1709.jpg 1760w\" sizes=\"(max-width: 721px) 100vw, 721px\" \/><\/figure><div class=\"wp-block-media-text__content\">\n<p class=\"jetuil_font21 has-medium-font-size\"><em>&#8220;C\u2019est en 1981, apr\u00e8s avoir rencontr\u00e9 les \u00e9crits de Janusz KORCZAK et adapt\u00e9 et mis en sc\u00e8ne au th\u00e9\u00e2tre son roman \u00ab Mathias 1er \u00bb qui porte sur le th\u00e8me des droits de l\u2019enfant, que nous avons eu envie de cr\u00e9er une structure qui aurait pour objet de concevoir et de r\u00e9aliser des cr\u00e9ations artistiques (th\u00e9\u00e2tre-\u00e9dition-vid\u00e9o) inscrites dans la r\u00e9alit\u00e9 et les pr\u00e9occupations de la jeunesse\u2026 Rendre le spectacle vivant par des cr\u00e9ations au &#8220;pr\u00e9sent&#8221;\u2026 Cr\u00e9er dans l\u2019estime du jeune public\u2026 S\u2019adresser \u00e0 lui pour l\u2019interpeller, l\u2019inciter \u00e0 penser, \u00e0 se questionner\u2026 et donc concevoir chacune de nos r\u00e9alisations avec le sens d\u2019une responsabilit\u00e9 \u00e9ducative tant sur le fond que dans la forme\u2026 C\u2019est ainsi, qu\u2019\u00e0 notre insu, s\u2019est inscrit au fil de nos cr\u00e9ations le mot : pr\u00e9vention.&nbsp;<br>Du th\u00e9\u00e2tre nous sommes naturellement pass\u00e9s \u00e0 l\u2019image, utilisant au fil des ans la technicit\u00e9 pour construire des outils susceptibles d\u2019\u00eatre de v\u00e9ritables programmes permettant de mettre en place des actions de sensibilisation, d\u2019\u00e9ducation et de pr\u00e9vention aupr\u00e8s des jeunes comme de formation des adultes les encadrant, tant l\u2019un ne va pas sans l\u2019autre.&nbsp;<br>Depuis, rien dans notre travail n\u2019est \u00e9labor\u00e9 sans se pr\u00e9occuper du sens, de la port\u00e9e, des effets g\u00e9n\u00e9r\u00e9s, pla\u00e7ant les mots \u00ab responsabilit\u00e9 \u00bb et \u00ab estime \u00bb au c\u0153ur des cr\u00e9ations et des actions de \u00ab je.tu.il\u2026 \u00bb<\/em><\/p>\n\n\n\n<p class=\"has-text-align-right jetuil_font21 jetuil_gris_medium\">par Bernard B\u00e9tr\u00e9mieux, directeur de &#8220;je.tu.il&#8230;&#8221;<\/p>\n<\/div><\/div>\n\n\n\n<div style=\"height:60px\" aria-hidden=\"true\" class=\"wp-block-spacer\"><\/div>\n\n\n\n<!-- Begin Sendinblue Form -->\n<!-- START - We recommend to place the below code in head tag of your website html  -->\n<style>\n  @font-face {\n    font-display: block;\n    font-family: Roboto;\n    src: url(https:\/\/assets.sendinblue.com\/font\/Roboto\/Latin\/normal\/normal\/7529907e9eaf8ebb5220c5f9850e3811.woff2) format(\"woff2\"), url(https:\/\/assets.sendinblue.com\/font\/Roboto\/Latin\/normal\/normal\/25c678feafdc175a70922a116c9be3e7.woff) format(\"woff\")\n  }\n\n  @font-face {\n    font-display: fallback;\n    font-family: Roboto;\n    font-weight: 600;\n    src: url(https:\/\/assets.sendinblue.com\/font\/Roboto\/Latin\/medium\/normal\/6e9caeeafb1f3491be3e32744bc30440.woff2) format(\"woff2\"), url(https:\/\/assets.sendinblue.com\/font\/Roboto\/Latin\/medium\/normal\/71501f0d8d5aa95960f6475d5487d4c2.woff) format(\"woff\")\n  }\n\n  @font-face {\n    font-display: fallback;\n    font-family: Roboto;\n    font-weight: 700;\n    src: url(https:\/\/assets.sendinblue.com\/font\/Roboto\/Latin\/bold\/normal\/3ef7cf158f310cf752d5ad08cd0e7e60.woff2) format(\"woff2\"), url(https:\/\/assets.sendinblue.com\/font\/Roboto\/Latin\/bold\/normal\/ece3a1d82f18b60bcce0211725c476aa.woff) format(\"woff\")\n  }\n\n  #sib-container input:-ms-input-placeholder {\n    text-align: left;\n    font-family: \"Helvetica\", sans-serif;\n    color: #c0ccda;\n  }\n\n  #sib-container input::placeholder {\n    text-align: left;\n    font-family: \"Helvetica\", sans-serif;\n    color: #c0ccda;\n  }\n\n  #sib-container textarea::placeholder {\n    text-align: left;\n    font-family: \"Helvetica\", sans-serif;\n    color: #c0ccda;\n  }\n<\/style>\n<link rel=\"stylesheet\" href=\"https:\/\/sibforms.com\/forms\/end-form\/build\/sib-styles.css\">\n<!--  END - We recommend to place the above code in head tag of your website html -->\n\n<!-- START - We recommend to place the below code where you want the form in your website html  -->\n<div class=\"sib-form\" style=\"text-align: center;\n         background-color: #ffffff;                                 \">\n  <div id=\"sib-form-container\" class=\"sib-form-container\">\n    <div id=\"error-message\" class=\"sib-form-message-panel\" style=\"font-size:16px; text-align:left; font-family:&quot;Helvetica&quot;, sans-serif; color:#661d1d; background-color:#ffeded; border-radius:3px; border-color:#ff4949;max-width:540px;\">\n      <div class=\"sib-form-message-panel__text sib-form-message-panel__text--center\">\n        <svg viewBox=\"0 0 512 512\" class=\"sib-icon sib-notification__icon\">\n          <path d=\"M256 40c118.621 0 216 96.075 216 216 0 119.291-96.61 216-216 216-119.244 0-216-96.562-216-216 0-119.203 96.602-216 216-216m0-32C119.043 8 8 119.083 8 256c0 136.997 111.043 248 248 248s248-111.003 248-248C504 119.083 392.957 8 256 8zm-11.49 120h22.979c6.823 0 12.274 5.682 11.99 12.5l-7 168c-.268 6.428-5.556 11.5-11.99 11.5h-8.979c-6.433 0-11.722-5.073-11.99-11.5l-7-168c-.283-6.818 5.167-12.5 11.99-12.5zM256 340c-15.464 0-28 12.536-28 28s12.536 28 28 28 28-12.536 28-28-12.536-28-28-28z\"><\/path>\n        <\/svg>\n        <span class=\"sib-form-message-panel__inner-text\">\n                          Nous n&#8217;avons pas pu confirmer votre inscription.\n                      <\/span>\n      <\/div>\n    <\/div>\n    <div><\/div>\n    <div id=\"success-message\" class=\"sib-form-message-panel\" style=\"font-size:16px; text-align:left; font-family:&quot;Helvetica&quot;, sans-serif; color:#085229; background-color:#e7faf0; border-radius:3px; border-color:#13ce66;max-width:540px;\">\n      <div class=\"sib-form-message-panel__text sib-form-message-panel__text--center\">\n        <svg viewBox=\"0 0 512 512\" class=\"sib-icon sib-notification__icon\">\n          <path d=\"M256 8C119.033 8 8 119.033 8 256s111.033 248 248 248 248-111.033 248-248S392.967 8 256 8zm0 464c-118.664 0-216-96.055-216-216 0-118.663 96.055-216 216-216 118.664 0 216 96.055 216 216 0 118.663-96.055 216-216 216zm141.63-274.961L217.15 376.071c-4.705 4.667-12.303 4.637-16.97-.068l-85.878-86.572c-4.667-4.705-4.637-12.303.068-16.97l8.52-8.451c4.705-4.667 12.303-4.637 16.97.068l68.976 69.533 163.441-162.13c4.705-4.667 12.303-4.637 16.97.068l8.451 8.52c4.668 4.705 4.637 12.303-.068 16.97z\"><\/path>\n        <\/svg>\n        <span class=\"sib-form-message-panel__inner-text\">\n                          Votre mail a bien \u00e9t\u00e9 enregistr\u00e9 ! Pour finaliser votre inscription, il vous suffit d\u00e9sormais de cliquer sur le lien que vous allez recevoir par mail. Merci et \u00e0 tr\u00e8s vite ! \n                      <\/span>\n      <\/div>\n    <\/div>\n    <div><\/div>\n    <div id=\"sib-container\" class=\"sib-container--large sib-container--vertical\" style=\"text-align:center; background-color:rgba(255,255,255,1); max-width:540px; border-radius:3px; border-width:1px; border-color:#C0CCD9; border-style:solid;\">\n      <form id=\"sib-form\" method=\"POST\" action=\"https:\/\/b4a3d077.sibforms.com\/serve\/MUIEAOZXxeRX6FIAA7FHy-tGEZgq7tF4W9LsS96lQXIih-Grzy-L6HMg2HAqRZ3yZmDNL4HtrLzjl3F2l6Bo1tMcsIKz1j1Ej0-dk2JrBMlZYWz5fNYtkwacLNnCKzgQ5lrx2iy6SW_bPkC_V6aUcb6Sh4Vi6mv-7DYm_TY9Dkz-xiuyJT-xMar4Vc19mQZ0ernC7SY2RvtsKxDN\" data-type=\"subscription\">\n        <div style=\"padding: 8px 0;\">\n          <div class=\"sib-form-block sib-image-form-block\" style=\"text-align: center\">\n            <img src=\"https:\/\/img.mailinblue.com\/2420414\/images\/rnb\/original\/5ff43948b48c8149006fe2b5.jpg\" style=\"width: 500px;height: 154px;\" alt=\"\" title=\"\">\n          <\/div>\n        <\/div>\n        <div style=\"padding: 8px 0;\">\n          <div class=\"sib-form-block\" style=\"font-size:32px; text-align:left; font-weight:700; font-family:&quot;Helvetica&quot;, sans-serif; color:#3C4858; background-color:transparent;\">\n            <p>Newsletter<\/p>\n          <\/div>\n        <\/div>\n        <div style=\"padding: 8px 0;\">\n          <div class=\"sib-form-block\" style=\"font-size:16px; text-align:left; font-family:&quot;Helvetica&quot;, sans-serif; color:#3C4858; background-color:transparent;\">\n            <div class=\"sib-text-form-block\">\n              <p>Inscrivez-vous pour suivre notre actualit\u00e9 et soutenir notre action<\/p>\n            <\/div>\n          <\/div>\n        <\/div>\n        <div style=\"padding: 8px 0;\">\n          <div class=\"sib-input sib-form-block\">\n            <div class=\"form__entry entry_block\">\n              <div class=\"form__label-row \">\n                <label class=\"entry__label\" style=\"font-size:16px; text-align:left; font-weight:700; font-family:&quot;Helvetica&quot;, sans-serif; color:#3c4858;\" for=\"EMAIL\" data-required=\"*\">\n                  Veuillez renseigner votre adresse email pour vous inscrire\n                <\/label>\n\n                <div class=\"entry__field\">\n                  <input class=\"input\" type=\"text\" id=\"EMAIL\" name=\"EMAIL\" autocomplete=\"off\" placeholder=\"EMAIL\" data-required=\"true\" required=\"\">\n                <\/div>\n              <\/div>\n\n              <label class=\"entry__error entry__error--primary\" style=\"font-size:16px; text-align:left; font-family:&quot;Helvetica&quot;, sans-serif; color:#661d1d; background-color:#ffeded; border-radius:3px; border-color:#ff4949;\">\n              <\/label>\n              <label class=\"entry__specification\" style=\"font-size:12px; text-align:left; font-family:&quot;Helvetica&quot;, sans-serif; color:#8390A4;\">\n                L&#8217;association &#8220;je.tu.il&#8230;&#8221; s&#8217;engage \u00e0 ne pas transmettre ces informations \u00e0 un organisme ext\u00e9rieur.\n              <\/label>\n            <\/div>\n          <\/div>\n        <\/div>\n        <div style=\"padding: 8px 0;\">\n          <div class=\"sib-form-block\" style=\"text-align: left\">\n            <button class=\"sib-form-block__button sib-form-block__button-with-loader\" style=\"font-size:16px; text-align:left; font-weight:700; font-family:&quot;Helvetica&quot;, sans-serif; color:#FFFFFF; background-color:#3E4857; border-radius:3px; border-width:0px;\" form=\"sib-form\" type=\"submit\">\n              <svg class=\"icon clickable__icon progress-indicator__icon sib-hide-loader-icon\" viewBox=\"0 0 512 512\">\n                <path d=\"M460.116 373.846l-20.823-12.022c-5.541-3.199-7.54-10.159-4.663-15.874 30.137-59.886 28.343-131.652-5.386-189.946-33.641-58.394-94.896-95.833-161.827-99.676C261.028 55.961 256 50.751 256 44.352V20.309c0-6.904 5.808-12.337 12.703-11.982 83.556 4.306 160.163 50.864 202.11 123.677 42.063 72.696 44.079 162.316 6.031 236.832-3.14 6.148-10.75 8.461-16.728 5.01z\"><\/path>\n              <\/svg>\n              S&#8217;INSCRIRE\n            <\/button>\n          <\/div>\n        <\/div>\n\n        <input type=\"text\" name=\"email_address_check\" value=\"\" class=\"input--hidden\">\n        <input type=\"hidden\" name=\"locale\" value=\"fr\">\n      <\/form>\n    <\/div>\n  <\/div>\n<\/div>\n<!-- END - We recommend to place the below code where you want the form in your website html  -->\n\n<!-- START - We recommend to place the below code in footer or bottom of your website html  -->\n<script>\n  window.REQUIRED_CODE_ERROR_MESSAGE = 'Veuillez choisir un code pays';\n  window.LOCALE = 'fr';\n  window.EMAIL_INVALID_MESSAGE = window.SMS_INVALID_MESSAGE = \"Les informations que vous avez fournies ne sont pas valides. Veuillez v\u00e9rifier le format du champ et r\u00e9essayer.\";\n\n  window.REQUIRED_ERROR_MESSAGE = \"Vous devez renseigner ce champ. \";\n\n  window.GENERIC_INVALID_MESSAGE = \"Les informations que vous avez fournies ne sont pas valides. Veuillez v\u00e9rifier le format du champ et r\u00e9essayer.\";\n\n\n\n\n  window.translation = {\n    common: {\n      selectedList: '{quantity} liste s\u00e9lectionn\u00e9e',\n      selectedLists: '{quantity} listes s\u00e9lectionn\u00e9es'\n    }\n  };\n\n  var AUTOHIDE = Boolean(1);\n<\/script>\n<script src=\"https:\/\/sibforms.com\/forms\/end-form\/build\/main.js\"><\/script>\n\n\n<!-- END - We recommend to place the above code in footer or bottom of your website html  -->\n<!-- End Sendinblue Form -->\n\n\n\n<div style=\"height:60px\" aria-hidden=\"true\" class=\"wp-block-spacer\"><\/div>\n\n\n\n<div class=\"wp-block-image\"><figure class=\"aligncenter size-large\"><img loading=\"lazy\" width=\"1024\" height=\"606\" src=\"https:\/\/www.jetuil.asso.fr\/wp-content\/uploads\/2026\/04\/Capture-decran-2026-04-10-a-13.28.51-1024x606.png\" alt=\"\" class=\"wp-image-10517\" srcset=\"https:\/\/www.jetuil.asso.fr\/wp-content\/uploads\/2026\/04\/Capture-decran-2026-04-10-a-13.28.51-1024x606.png 1024w, https:\/\/www.jetuil.asso.fr\/wp-content\/uploads\/2026\/04\/Capture-decran-2026-04-10-a-13.28.51-300x177.png 300w, https:\/\/www.jetuil.asso.fr\/wp-content\/uploads\/2026\/04\/Capture-decran-2026-04-10-a-13.28.51-768x454.png 768w, https:\/\/www.jetuil.asso.fr\/wp-content\/uploads\/2026\/04\/Capture-decran-2026-04-10-a-13.28.51-1536x909.png 1536w, https:\/\/www.jetuil.asso.fr\/wp-content\/uploads\/2026\/04\/Capture-decran-2026-04-10-a-13.28.51-600x355.png 600w, https:\/\/www.jetuil.asso.fr\/wp-content\/uploads\/2026\/04\/Capture-decran-2026-04-10-a-13.28.51.png 1596w\" sizes=\"(max-width: 1024px) 100vw, 1024px\" \/><\/figure><\/div>\n\n\n\n<div style=\"height:50px\" aria-hidden=\"true\" class=\"wp-block-spacer\"><\/div>\n","protected":false},"excerpt":{"rendered":"<p>Depuis 1981, sous la direction de&nbsp;Bernard B\u00e9tr\u00e9mieux, \u201cje.tu.il\u2026\u201d con\u00e7oit, r\u00e9alise et distribue des programmes d\u2019\u00e9ducation et de pr\u00e9vention \u00e0 destination des jeunes et des professionnels qui les accompagnent.&nbsp; Pour&nbsp;chaque cr\u00e9ation, l\u2019association s\u2019emploie \u00e0 r\u00e9aliser un outil susceptible d\u2019interroger&nbsp;aussi bien les jeunes que les adultes,&nbsp;et de favoriser l\u2019\u00e9change dans un but de construction et d\u2019\u00e9ducation. S\u2019appuyant [&hellip;]<\/p>\n","protected":false},"author":2,"featured_media":0,"parent":0,"menu_order":0,"comment_status":"closed","ping_status":"closed","template":"","meta":[],"_links":{"self":[{"href":"https:\/\/www.jetuil.asso.fr\/index.php\/wp-json\/wp\/v2\/pages\/350"}],"collection":[{"href":"https:\/\/www.jetuil.asso.fr\/index.php\/wp-json\/wp\/v2\/pages"}],"about":[{"href":"https:\/\/www.jetuil.asso.fr\/index.php\/wp-json\/wp\/v2\/types\/page"}],"author":[{"embeddable":true,"href":"https:\/\/www.jetuil.asso.fr\/index.php\/wp-json\/wp\/v2\/users\/2"}],"replies":[{"embeddable":true,"href":"https:\/\/www.jetuil.asso.fr\/index.php\/wp-json\/wp\/v2\/comments?post=350"}],"version-history":[{"count":282,"href":"https:\/\/www.jetuil.asso.fr\/index.php\/wp-json\/wp\/v2\/pages\/350\/revisions"}],"predecessor-version":[{"id":10522,"href":"https:\/\/www.jetuil.asso.fr\/index.php\/wp-json\/wp\/v2\/pages\/350\/revisions\/10522"}],"wp:attachment":[{"href":"https:\/\/www.jetuil.asso.fr\/index.php\/wp-json\/wp\/v2\/media?parent=350"}],"curies":[{"name":"wp","href":"https:\/\/api.w.org\/{rel}","templated":true}]}}