{"id":4267,"date":"2020-10-28T12:05:44","date_gmt":"2020-10-28T11:05:44","guid":{"rendered":"https:\/\/www.jetuil.asso.fr\/?page_id=4267"},"modified":"2021-03-05T14:38:41","modified_gmt":"2021-03-05T13:38:41","slug":"mener-des-espaces-dechange","status":"publish","type":"page","link":"https:\/\/www.jetuil.asso.fr\/index.php\/mener-des-espaces-dechange\/","title":{"rendered":"Mener des espaces d&#8217;\u00e9change"},"content":{"rendered":"<div class=\"jetuil-programme-banner jetuil-programme-homebanner\">\n\t<div class=\"banner_bg\" style=\"background-image: url('https:\/\/www.jetuil.asso.fr\/wp-content\/uploads\/videos_jetuil\/programmes\/Espaces_Echange\/bg.jpg')\">\n\t\t<div class=\"banner_content\">\n\t\t\t<div class=\"banner_img\">\n    \t\t\t<img src=\"https:\/\/www.jetuil.asso.fr\/wp-content\/uploads\/videos_jetuil\/programmes\/Espaces_Echange\/thumbnail.png\"\/>\n    \t\t<\/div>\n    \t\t<div class=\"banner_text\">\n    \t\t\t<img src=\"https:\/\/www.jetuil.asso.fr\/wp-content\/uploads\/videos_jetuil\/programmes\/Espaces_Echange\/logo.png\"\/>\n    \t\t\t<div class=\"stitre\">POUR LES PROFESSIONNELS D\u00c9SIRANT METTRE EN PLACE DES ESPACES D&#039;\u00c9CHANGE<\/div>\n    \t\t\t<div class=\"desc\">Pour faciliter la mise en place d\u2019une action d\u2019\u00e9ducation \u00e0 la responsabilit\u00e9 sexuelle et affective des jeunes filles et des jeunes gar\u00e7ons dans un but de pr\u00e9vention des violences.<\/div>\n    \t\t\t<div class=\"sdesc\">Un compl\u00e9ment p\u00e9dagogique au programme audiovisuel \u00ab Cet Autre que Moi \u00bb<\/div>\n    \t\t<\/div>\n    \t<\/div>\n\t<\/div>\n\t\n\t\n<\/div>\n\n\n\n<h1 class=\"has-text-align-center\">Travaillant avec les coll\u00e8ges parisiens depuis plusieurs ann\u00e9es, nous avons film\u00e9 <strong>animations et r\u00e9unions<\/strong> que nous avons ensuite pris soin de <strong>monter et commenter au profit de la transmission<\/strong>.<\/h1>\n\n\n\n<h1 class=\"has-text-align-center\">Ces montages nous ont ensuite servi de base \u00e0 la construction du <strong>documentaire &#8220;Un regard sur l&#8217;adolescence&#8221;<\/strong>, tant les s\u00e9quences film\u00e9es nous ont paru en d\u00e9calage par rapport \u00e0 la vision classique que l&#8217;on peut avoir des adolescents.<\/h1>\n\n\n\n<h1 class=\"has-text-align-center\">Dans sa forme &#8220;p\u00e9dagogique&#8221;, ce programme sert avant tout \u00e0 <strong>aborder sereinement la mise en place d&#8217;espaces d&#8217;\u00e9change avec les jeunes<\/strong>, peu importe le programme que vous utilisez pour cela. <\/h1>\n\n\n\n<div style=\"height:100px\" aria-hidden=\"true\" class=\"wp-block-spacer\"><\/div>\n\n\n\n<div class=\"wp-block-media-text alignwide is-stacked-on-mobile jetuil_width80\" style=\"grid-template-columns:55% auto\"><figure class=\"wp-block-media-text__media\"><img loading=\"lazy\" width=\"1024\" height=\"574\" src=\"https:\/\/www.jetuil.asso.fr\/wp-content\/uploads\/2020\/10\/005-1024x574.jpg\" alt=\"\" class=\"wp-image-4286 size-full\" srcset=\"https:\/\/www.jetuil.asso.fr\/wp-content\/uploads\/2020\/10\/005.jpg 1024w, https:\/\/www.jetuil.asso.fr\/wp-content\/uploads\/2020\/10\/005-300x168.jpg 300w, https:\/\/www.jetuil.asso.fr\/wp-content\/uploads\/2020\/10\/005-768x431.jpg 768w, https:\/\/www.jetuil.asso.fr\/wp-content\/uploads\/2020\/10\/005-600x336.jpg 600w\" sizes=\"(max-width: 1024px) 100vw, 1024px\" \/><\/figure><div class=\"wp-block-media-text__content\">\n<p class=\"jetuil_font27 jetuil_width66 has-large-font-size\"><strong>POUR QUI<\/strong><\/p>\n\n\n\n<p class=\"jetuil_font27 jetuil_width66\">\u00c0 destination des professionnels souhaitant mettre en place des espaces d&#8217;\u00e9change sur leur territoire ou au sein de leur structure.<\/p>\n<\/div><\/div>\n\n\n\n<div style=\"height:100px\" aria-hidden=\"true\" class=\"wp-block-spacer\"><\/div>\n\n\n\n<div class=\"wp-block-media-text alignwide has-media-on-the-right is-stacked-on-mobile jetuil_width80\" style=\"grid-template-columns:auto 51%\"><figure class=\"wp-block-media-text__media\"><img loading=\"lazy\" width=\"1024\" height=\"574\" src=\"https:\/\/www.jetuil.asso.fr\/wp-content\/uploads\/2020\/10\/014-1024x574.jpg\" alt=\"\" class=\"wp-image-4292 size-full\" srcset=\"https:\/\/www.jetuil.asso.fr\/wp-content\/uploads\/2020\/10\/014.jpg 1024w, https:\/\/www.jetuil.asso.fr\/wp-content\/uploads\/2020\/10\/014-300x168.jpg 300w, https:\/\/www.jetuil.asso.fr\/wp-content\/uploads\/2020\/10\/014-768x431.jpg 768w, https:\/\/www.jetuil.asso.fr\/wp-content\/uploads\/2020\/10\/014-600x336.jpg 600w\" sizes=\"(max-width: 1024px) 100vw, 1024px\" \/><\/figure><div class=\"wp-block-media-text__content\">\n<p class=\"jetuil_font27 jetuil_width66 has-large-font-size\"><strong>OBJECTIF<\/strong><\/p>\n\n\n\n<p class=\"jetuil_font27 jetuil_width80\">Faciliter l\u2019appropriation de l\u2019action ainsi que la conduite des animations en mettant en lumi\u00e8re les points essentiels \u00e0 la construction d\u2019espaces d\u2019\u00e9changes avec les jeunes : <em>l\u2019accueil \/ le cadre et les r\u00e8gles du d\u00e9bat \/ la reformulation \/<\/em> <em>le principe du requestionnement au service du sens \/ la mise au travail de la pens\u00e9e collective&#8230;<\/em><\/p>\n<\/div><\/div>\n\n\n\n<div style=\"height:60px\" aria-hidden=\"true\" class=\"wp-block-spacer\"><\/div>\n\n\n\n<h1 class=\"has-text-align-center\">Les animations film\u00e9es pour la construction de ces modules ont \u00e9t\u00e9 men\u00e9es \u00e0 partir du <strong>programme &#8220;Cet Autre que Moi&#8221;<\/strong>. Les coll\u00e8ges participant menaient cette action, dans leurs \u00e9tablissements, <strong>aupr\u00e8s de chaque classe d&#8217;une m\u00eame classe d&#8217;\u00e2ge, depuis de nombreuses ann\u00e9es pour certains<\/strong>. <\/h1>\n\n\n\n<p class=\"jetuil_font27 jetuil_width66\"><em>Avec la collaboration des jeunes et des communaut\u00e9s \u00e9ducatives des coll\u00e8ges Hector Berlioz, Yvonne Le Tac et Charles Peguy, \u00e0 Paris<\/em>.<\/p>\n\n\n\n<h2 class=\"has-text-align-center\"><strong>LE CONTENU DU PROGRAMME<\/strong><\/h2>\n\n\n\n<div style=\"height:20px\" aria-hidden=\"true\" class=\"wp-block-spacer\"><\/div>\n\n\n\n<div class=\"wp-block-media-text alignwide has-media-on-the-right is-stacked-on-mobile\" style=\"grid-template-columns:auto 27%\"><figure class=\"wp-block-media-text__media\"><img loading=\"lazy\" width=\"285\" height=\"567\" src=\"https:\/\/www.jetuil.asso.fr\/wp-content\/uploads\/2020\/10\/007.jpg\" alt=\"\" class=\"wp-image-4366 size-full\" srcset=\"https:\/\/www.jetuil.asso.fr\/wp-content\/uploads\/2020\/10\/007.jpg 285w, https:\/\/www.jetuil.asso.fr\/wp-content\/uploads\/2020\/10\/007-151x300.jpg 151w\" sizes=\"(max-width: 285px) 100vw, 285px\" \/><\/figure><div class=\"wp-block-media-text__content\">\n<ul class=\"jetuil_font27\"><li>Un module sur <strong>la conduite d&#8217;une animation<\/strong>.<\/li><\/ul>\n\n\n\n<p class=\"jetuil_font27\"><strong>Deux parcours d\u2019animations<\/strong> : <\/p>\n\n\n\n<ul class=\"jetuil_font27\"><li><strong>s\u00e9ance 1<\/strong> \u00ab le sentiment amoureux \u00bb<\/li><li><strong>s\u00e9ance 2<\/strong> \u00ab la violence ordinaire \u00bb<\/li><\/ul>\n\n\n\n<p class=\"jetuil_font27\">m\u00ealant une classe de 5e&nbsp;et une classe de 4e.<\/p>\n\n\n\n<ul class=\"jetuil_font27\"><li><strong>Une s\u00e9ance 3&nbsp;<\/strong>(\u00ab victime et coupable \u00bb), telle qu\u2019elle peut \u00eatre propos\u00e9e aux jeunes d\u2019une <strong>classe de 3e<\/strong>.<\/li><\/ul>\n\n\n\n<h4 class=\"has-text-align-center jetuil_font27\"><em><strong>Chacune&nbsp;des animations&nbsp;a \u00e9t\u00e9 ramen\u00e9e \u00e0 une dur\u00e9e d\u2019environ 45\u2019.<\/strong><\/em><\/h4>\n\n\n\n<ul class=\"jetuil_font27\"><li><strong>Une s\u00e9quence m\u00ealant les r\u00e9unions bilan <\/strong>de deux \u00e9tablissements diff\u00e9rents. <\/li><\/ul>\n\n\n\n<ul class=\"jetuil_font27\"><li><strong>Une r\u00e9union&nbsp;entre professionnels de diff\u00e9rentes institutions<\/strong>, mettant en place l\u2019action en dehors de Paris : quelles difficult\u00e9s, quelles questions, quelles r\u00e9ponses ?<\/li><\/ul>\n<\/div><\/div>\n\n\n\n<div style=\"height:50px\" aria-hidden=\"true\" class=\"wp-block-spacer\"><\/div>\n\n\n\n<h3 class=\"has-text-align-center\">La pr\u00e9sentation du programme en vid\u00e9o<\/h3>\n\n\n<div class=\"jetuil-programme-teaser\">\n        <video controls>\n        \t\t<source src=\"https:\/\/www.jetuil.asso.fr\/wp-content\/uploads\/videos_jetuil\/programmes\/Espaces_Echange\/teaser.mp4\"\/>\n        <\/video>\n<\/div>\n\n\n\n\n<div style=\"height:80px\" aria-hidden=\"true\" class=\"wp-block-spacer\"><\/div>\n\n\n\n<hr class=\"wp-block-separator\"\/>\n\n\n\n<figure class=\"wp-block-gallery aligncenter columns-3 is-cropped\"><ul class=\"blocks-gallery-grid\"><li class=\"blocks-gallery-item\"><figure><img loading=\"lazy\" width=\"1024\" height=\"574\" src=\"https:\/\/www.jetuil.asso.fr\/wp-content\/uploads\/2020\/10\/022-1024x574.jpg\" alt=\"\" data-id=\"4434\" data-link=\"https:\/\/www.jetuil.asso.fr\/index.php\/mener-des-espaces-dechange\/attachment\/022\/\" class=\"wp-image-4434\" srcset=\"https:\/\/www.jetuil.asso.fr\/wp-content\/uploads\/2020\/10\/022.jpg 1024w, https:\/\/www.jetuil.asso.fr\/wp-content\/uploads\/2020\/10\/022-300x168.jpg 300w, https:\/\/www.jetuil.asso.fr\/wp-content\/uploads\/2020\/10\/022-768x431.jpg 768w, https:\/\/www.jetuil.asso.fr\/wp-content\/uploads\/2020\/10\/022-600x336.jpg 600w\" sizes=\"(max-width: 1024px) 100vw, 1024px\" \/><\/figure><\/li><li class=\"blocks-gallery-item\"><figure><img loading=\"lazy\" width=\"1024\" height=\"574\" src=\"https:\/\/www.jetuil.asso.fr\/wp-content\/uploads\/2020\/10\/024-1024x574.jpg\" alt=\"\" data-id=\"4435\" data-link=\"https:\/\/www.jetuil.asso.fr\/index.php\/mener-des-espaces-dechange\/attachment\/024\/\" class=\"wp-image-4435\" srcset=\"https:\/\/www.jetuil.asso.fr\/wp-content\/uploads\/2020\/10\/024.jpg 1024w, https:\/\/www.jetuil.asso.fr\/wp-content\/uploads\/2020\/10\/024-300x168.jpg 300w, https:\/\/www.jetuil.asso.fr\/wp-content\/uploads\/2020\/10\/024-768x431.jpg 768w, https:\/\/www.jetuil.asso.fr\/wp-content\/uploads\/2020\/10\/024-600x336.jpg 600w\" sizes=\"(max-width: 1024px) 100vw, 1024px\" \/><\/figure><\/li><li class=\"blocks-gallery-item\"><figure><img loading=\"lazy\" width=\"1024\" height=\"574\" src=\"https:\/\/www.jetuil.asso.fr\/wp-content\/uploads\/2020\/10\/002-1024x574.jpg\" alt=\"\" data-id=\"4436\" data-link=\"https:\/\/www.jetuil.asso.fr\/index.php\/mener-des-espaces-dechange\/attachment\/002\/\" class=\"wp-image-4436\" srcset=\"https:\/\/www.jetuil.asso.fr\/wp-content\/uploads\/2020\/10\/002.jpg 1024w, https:\/\/www.jetuil.asso.fr\/wp-content\/uploads\/2020\/10\/002-300x168.jpg 300w, https:\/\/www.jetuil.asso.fr\/wp-content\/uploads\/2020\/10\/002-768x431.jpg 768w, https:\/\/www.jetuil.asso.fr\/wp-content\/uploads\/2020\/10\/002-600x336.jpg 600w\" sizes=\"(max-width: 1024px) 100vw, 1024px\" \/><\/figure><\/li><\/ul><\/figure>\n\n\n\n<div style=\"height:40px\" aria-hidden=\"true\" class=\"wp-block-spacer\"><\/div>\n\n\n\n<div class=\"wp-block-button aligncenter jetuil_font27 is-style-outline\"><a class=\"wp-block-button__link has-text-color\" href=\"https:\/\/www.jetuil.asso.fr\/index.php\/les-offres\/\" style=\"color:#79bafb\"><strong>NOS OFFRES D&#8217;ABONNEMENT<\/strong><\/a><\/div>\n\n\n\n<p class=\"has-text-align-center jetuil_font21\"><strong>&#8230;pour un acc\u00e8s \u00e0 l&#8217;int\u00e9gralit\u00e9 des programmes et documents p\u00e9dagogiques.<\/strong><\/p>\n\n\n\n<hr class=\"wp-block-separator\"\/>\n\n\n\n<div style=\"height:30px\" aria-hidden=\"true\" class=\"wp-block-spacer\"><\/div>\n\n\n\n<div class=\"wp-block-button aligncenter jetuil_font27 is-style-outline\"><a class=\"wp-block-button__link has-text-color\" href=\"https:\/\/www.jetuil.asso.fr\/index.php\/nos-offres-dvd\/\" style=\"color:#79bafb\"><strong>ACHETER LE DVD<\/strong><\/a><\/div>\n\n\n\n<p class=\"has-text-align-center jetuil_font21\"><strong>&#8230;et b\u00e9n\u00e9ficiez d&#8217;un mois d&#8217;abonnement gratuit, \u00e0 titre individuel, \u00e0 notre plateforme de streaming.<\/strong><\/p>\n\n\n\n<div style=\"height:30px\" aria-hidden=\"true\" class=\"wp-block-spacer\"><\/div>\n\n\n\n<div class=\"wp-block-image\"><figure class=\"aligncenter is-resized\"><img loading=\"lazy\" src=\"https:\/\/www.jetuil.asso.fr\/wp-content\/uploads\/2019\/09\/images2.png\" alt=\"\" class=\"wp-image-1512\" width=\"144\" height=\"144\" srcset=\"https:\/\/www.jetuil.asso.fr\/wp-content\/uploads\/2019\/09\/images2.png 229w, https:\/\/www.jetuil.asso.fr\/wp-content\/uploads\/2019\/09\/images2-150x150.png 150w, https:\/\/www.jetuil.asso.fr\/wp-content\/uploads\/2019\/09\/images2-100x100.png 100w\" sizes=\"(max-width: 144px) 100vw, 144px\" \/><\/figure><\/div>\n\n\n\n<div style=\"height:50px\" aria-hidden=\"true\" class=\"wp-block-spacer\"><\/div>\n","protected":false},"excerpt":{"rendered":"<p>Travaillant avec les coll\u00e8ges parisiens depuis plusieurs ann\u00e9es, nous avons film\u00e9 animations et r\u00e9unions que nous avons ensuite pris soin de monter et commenter au profit de la transmission. Ces montages nous ont ensuite servi de base \u00e0 la construction du documentaire &#8220;Un regard sur l&#8217;adolescence&#8221;, tant les s\u00e9quences film\u00e9es nous ont paru en d\u00e9calage [&hellip;]<\/p>\n","protected":false},"author":2,"featured_media":0,"parent":0,"menu_order":0,"comment_status":"closed","ping_status":"closed","template":"","meta":[],"_links":{"self":[{"href":"https:\/\/www.jetuil.asso.fr\/index.php\/wp-json\/wp\/v2\/pages\/4267"}],"collection":[{"href":"https:\/\/www.jetuil.asso.fr\/index.php\/wp-json\/wp\/v2\/pages"}],"about":[{"href":"https:\/\/www.jetuil.asso.fr\/index.php\/wp-json\/wp\/v2\/types\/page"}],"author":[{"embeddable":true,"href":"https:\/\/www.jetuil.asso.fr\/index.php\/wp-json\/wp\/v2\/users\/2"}],"replies":[{"embeddable":true,"href":"https:\/\/www.jetuil.asso.fr\/index.php\/wp-json\/wp\/v2\/comments?post=4267"}],"version-history":[{"count":94,"href":"https:\/\/www.jetuil.asso.fr\/index.php\/wp-json\/wp\/v2\/pages\/4267\/revisions"}],"predecessor-version":[{"id":6585,"href":"https:\/\/www.jetuil.asso.fr\/index.php\/wp-json\/wp\/v2\/pages\/4267\/revisions\/6585"}],"wp:attachment":[{"href":"https:\/\/www.jetuil.asso.fr\/index.php\/wp-json\/wp\/v2\/media?parent=4267"}],"curies":[{"name":"wp","href":"https:\/\/api.w.org\/{rel}","templated":true}]}}