{"id":6318,"date":"2021-02-22T13:26:43","date_gmt":"2021-02-22T12:26:43","guid":{"rendered":"https:\/\/www.jetuil.asso.fr\/?page_id=6318"},"modified":"2026-01-20T15:29:33","modified_gmt":"2026-01-20T14:29:33","slug":"en-visage-les-ressources-version-publique","status":"publish","type":"page","link":"https:\/\/www.jetuil.asso.fr\/index.php\/en-visage-les-ressources-version-publique\/","title":{"rendered":"EN VISAGE &#8211; le guide (version publique)"},"content":{"rendered":"\n<div class=\"wp-block-cover has-background-dim has-background-gradient\" style=\"background-image:url(https:\/\/www.jetuil.asso.fr\/wp-content\/uploads\/2021\/02\/BANDEAU-EN-VISAGE.png);background-position:100% 38%\"><span aria-hidden=\"true\" class=\"wp-block-cover__gradient-background\" style=\"background:linear-gradient(135deg,rgb(74,234,220) 0%,rgb(151,120,209) 20%,rgb(95,33,87) 41%,rgb(238,44,130) 60%,rgb(107,96,251) 80%,rgb(53,21,8) 100%)\"><\/span><div class=\"wp-block-cover__inner-container\">\n<p class=\"has-text-align-center has-large-font-size\"><img loading=\"lazy\" width=\"1525\" height=\"540\" class=\"wp-image-5943\" style=\"width: 400px;\" src=\"https:\/\/www.jetuil.asso.fr\/wp-content\/uploads\/2021\/02\/VISUEL-TITRE-copie.jpg\" alt=\"\" srcset=\"https:\/\/www.jetuil.asso.fr\/wp-content\/uploads\/2021\/02\/VISUEL-TITRE-copie.jpg 1525w, https:\/\/www.jetuil.asso.fr\/wp-content\/uploads\/2021\/02\/VISUEL-TITRE-copie-300x106.jpg 300w, https:\/\/www.jetuil.asso.fr\/wp-content\/uploads\/2021\/02\/VISUEL-TITRE-copie-1024x363.jpg 1024w, https:\/\/www.jetuil.asso.fr\/wp-content\/uploads\/2021\/02\/VISUEL-TITRE-copie-768x272.jpg 768w, https:\/\/www.jetuil.asso.fr\/wp-content\/uploads\/2021\/02\/VISUEL-TITRE-copie-600x212.jpg 600w\" sizes=\"(max-width: 1525px) 100vw, 1525px\" \/><\/p>\n\n\n\n<p class=\"has-text-align-center\" style=\"font-size:38px\"><strong>Le guide d&#8217;appropriation du programme&#8230;<\/strong><\/p>\n<\/div><\/div>\n\n\n\n<div style=\"height:30px\" aria-hidden=\"true\" class=\"wp-block-spacer\"><\/div>\n\n\n\n<p class=\"has-text-align-left jetuil_font21\">Les espaces d\u2019\u00e9changes sont d\u2019abord <strong>une exp\u00e9rience, un apprentissage des comp\u00e9tences psycho-sociales pour favoriser la transmission de messages et l\u2019acquisition de connaissances<\/strong> : apprentissage de <strong>l\u2019\u00e9coute<\/strong>, de la <strong>prise de parole diff\u00e9r\u00e9e<\/strong>, du <strong>point de vue d\u2019autrui<\/strong> diff\u00e9rent du sien, du <strong>contr\u00f4le<\/strong> de soi, de la <strong>valorisation<\/strong>, mais aussi prise de conscience de <strong>l\u2019effet sur autrui<\/strong> d\u2019un regard, d\u2019un mot, d\u2019un geste&#8230; <\/p>\n\n\n\n<p class=\"has-text-align-left jetuil_font21\">Davantage espaces de socialisation que groupes de paroles, ces temps propos\u00e9s varient en nombre et en dur\u00e9e, en fonction de l\u2019\u00e2ge et de l\u2019institution. Au coll\u00e8ge, <strong>l&#8217;action \u00ab&nbsp;EN VISAGE&nbsp;\u00bb<\/strong> est particuli\u00e8rement pertinente aupr\u00e8s des classes de 4\u00e8me, soit aupr\u00e8s de jeunes gens et jeunes filles <strong>d\u00e9j\u00e0 engag\u00e9s dans le processus pubertaire et les questions propres \u00e0 l\u2019adolescence<\/strong> : \u00eatre une fille, \u00eatre un gar\u00e7on, le regard des autres, la tyrannie de la majorit\u00e9, l\u2019\u00e9mergence pulsionnelle, la qu\u00eate identitaire etc&#8230;<\/p>\n\n\n\n<p class=\"has-text-align-left jetuil_font21\">Afin de vous aider \u00e0 <strong>mieux appr\u00e9hender le programme ainsi que la mise en place des espaces d\u2019\u00e9change<\/strong>, nous vous invitons \u00e0 parcourir cette page, y consulter\/t\u00e9l\u00e9charger les documents, y revenir, en discuter avec les professionnels\/partenaires ressources sur votre territoire&#8230; avant de vous lancer dans les animations proprement dites, ce qui n&#8217;a jamais rien d&#8217;\u00e9vident ! <\/p>\n\n\n\n<p class=\"jetuil_font21\"><strong>Pr\u00e9cision : seuls les abonn\u00e9s ont acc\u00e8s aux films et aux diff\u00e9rents modules pr\u00e9sent\u00e9s sur cette page. <\/strong><\/p>\n\n\n\n<div class=\"wp-block-image\"><figure class=\"aligncenter size-large\"><img loading=\"lazy\" width=\"87\" height=\"152\" src=\"https:\/\/www.jetuil.asso.fr\/wp-content\/uploads\/2021\/01\/logoJTL-fl\u00e8ches.jpg\" alt=\"\" class=\"wp-image-5588\"\/><\/figure><\/div>\n\n\n\n<h1 class=\"jetuil_width66\"><strong>Avant les animations&#8230;<\/strong><\/h1>\n\n\n\n<div style=\"height:30px\" aria-hidden=\"true\" class=\"wp-block-spacer\"><\/div>\n\n\n\n<div class=\"wp-block-media-text alignwide has-media-on-the-right is-stacked-on-mobile is-vertically-aligned-center jetuil_font27 jetuil_width80\"><figure class=\"wp-block-media-text__media\"><a href=\"https:\/\/www.jetuil.asso.fr\/index.php\/ressources-documentaires\/#ressources\" target=\"_blank\" rel=\"noopener\"><img loading=\"lazy\" width=\"1024\" height=\"867\" src=\"https:\/\/www.jetuil.asso.fr\/wp-content\/uploads\/2021\/02\/capt-ressources-doc-1024x867.jpg\" alt=\"\" class=\"wp-image-5982 size-full\" srcset=\"https:\/\/www.jetuil.asso.fr\/wp-content\/uploads\/2021\/02\/capt-ressources-doc-1024x867.jpg 1024w, https:\/\/www.jetuil.asso.fr\/wp-content\/uploads\/2021\/02\/capt-ressources-doc-300x254.jpg 300w, https:\/\/www.jetuil.asso.fr\/wp-content\/uploads\/2021\/02\/capt-ressources-doc-768x651.jpg 768w, https:\/\/www.jetuil.asso.fr\/wp-content\/uploads\/2021\/02\/capt-ressources-doc-600x508.jpg 600w, https:\/\/www.jetuil.asso.fr\/wp-content\/uploads\/2021\/02\/capt-ressources-doc.jpg 1334w\" sizes=\"(max-width: 1024px) 100vw, 1024px\" \/><\/a><\/figure><div class=\"wp-block-media-text__content\">\n<p class=\"jetuil_font27\">N&#8217;h\u00e9sitez pas \u00e0 aller consulter <a rel=\"noreferrer noopener\" href=\"https:\/\/www.jetuil.asso.fr\/index.php\/ressources-documentaires\/\" target=\"_blank\">les ressources documentaires<\/a> que l&#8217;association met \u00e0 votre disposition.<\/p>\n\n\n\n<p class=\"jetuil_font21\">Ces documents, tous en acc\u00e8s libre sur Internet, ont \u00e9t\u00e9 s\u00e9lectionn\u00e9s au regard de leur pertinence, de leur actualit\u00e9 et&nbsp;bien s\u00fbr de leur int\u00e9r\u00eat tant conceptuel que p\u00e9dagogique.<\/p>\n\n\n\n<p class=\"jetuil_font21\"><strong>En vous abonnant \u00e0 notre site internet, vous aurez \u00e9galement acc\u00e8s \u00e0 l&#8217;int\u00e9gralit\u00e9 des documents p\u00e9dagogiques associ\u00e9s \u00e0 chaque programme. <\/strong><\/p>\n<\/div><\/div>\n\n\n\n<div style=\"height:30px\" aria-hidden=\"true\" class=\"wp-block-spacer\"><\/div>\n\n\n\n<div class=\"wp-block-media-text alignwide is-stacked-on-mobile is-vertically-aligned-center jetuil_width80\" style=\"grid-template-columns:28% auto\"><figure class=\"wp-block-media-text__media\"><img loading=\"lazy\" width=\"768\" height=\"1024\" src=\"https:\/\/www.jetuil.asso.fr\/wp-content\/uploads\/2021\/02\/F2-MARVIN-ANTOINE-RIRE-edited-768x1024.jpeg\" alt=\"\" class=\"wp-image-6027 size-full\" srcset=\"https:\/\/www.jetuil.asso.fr\/wp-content\/uploads\/2021\/02\/F2-MARVIN-ANTOINE-RIRE-edited-768x1024.jpeg 768w, https:\/\/www.jetuil.asso.fr\/wp-content\/uploads\/2021\/02\/F2-MARVIN-ANTOINE-RIRE-edited-225x300.jpeg 225w, https:\/\/www.jetuil.asso.fr\/wp-content\/uploads\/2021\/02\/F2-MARVIN-ANTOINE-RIRE-edited-1152x1536.jpeg 1152w, https:\/\/www.jetuil.asso.fr\/wp-content\/uploads\/2021\/02\/F2-MARVIN-ANTOINE-RIRE-edited-600x800.jpeg 600w, https:\/\/www.jetuil.asso.fr\/wp-content\/uploads\/2021\/02\/F2-MARVIN-ANTOINE-RIRE-edited.jpeg 1201w\" sizes=\"(max-width: 768px) 100vw, 768px\" \/><\/figure><div class=\"wp-block-media-text__content\">\n<div style=\"height:20px\" aria-hidden=\"true\" class=\"wp-block-spacer\"><\/div>\n\n\n\n<p class=\"jetuil_font27\">Le temps est venu de d\u00e9couvrir le programme&nbsp;EN VISAGE&#8230;<\/p>\n\n\n\n<p class=\"jetuil_font21\">Pourquoi un nouveau programme audiovisuel de promotion de la sant\u00e9 et de la citoyennet\u00e9 \u00e0 l\u2019adolescence ?<\/p>\n\n\n\n<div class=\"wp-block-file jetuil_font27\"><a href=\"https:\/\/www.jetuil.asso.fr\/wp-content\/uploads\/2026\/01\/EN-VISAGE-Presentation-du-programme.pdf\" target=\"_blank\" rel=\"noreferrer noopener\">EN VISAGE &#8211; Pr\u00e9sentation du programme<\/a><a href=\"https:\/\/www.jetuil.asso.fr\/wp-content\/uploads\/2026\/01\/EN-VISAGE-Presentation-du-programme.pdf\" class=\"wp-block-file__button\" download>T\u00e9l\u00e9charger<\/a><\/div>\n\n\n\n<p class=\"jetuil_font21\">D\u00e9couvrez la construction du programme, les sp\u00e9cificit\u00e9s de chaque film avec ses th\u00e9matiques propres et sa p\u00e9dagogie :<\/p>\n\n\n\n<div class=\"wp-block-file jetuil_font27\"><a href=\"https:\/\/www.jetuil.asso.fr\/wp-content\/uploads\/2019\/09\/EN-VISAGE-th\u00e9matiques-par-sequence.pdf\" target=\"_blank\" rel=\"noreferrer noopener\">EN VISAGE &#8211; th\u00e9matiques par sequence<\/a><a href=\"https:\/\/www.jetuil.asso.fr\/wp-content\/uploads\/2019\/09\/EN-VISAGE-th\u00e9matiques-par-sequence.pdf\" class=\"wp-block-file__button\" download>T\u00e9l\u00e9charger<\/a><\/div>\n<\/div><\/div>\n\n\n\n<div style=\"height:20px\" aria-hidden=\"true\" class=\"wp-block-spacer\"><\/div>\n\n\n\n<div class=\"wp-block-group\"><div class=\"wp-block-group__inner-container\"><\/div><\/div>\n\n\n\n<div style=\"height:30px\" aria-hidden=\"true\" class=\"wp-block-spacer\"><\/div>\n\n\n\n<p class=\"jetuil_font27 jetuil_width66\">Pour compl\u00e9ter cette partie p\u00e9dagogique, nous vous invitons ensuite \u00e0 faire un petit d\u00e9tour&#8230; par la psy ! \ud83d\ude09 <\/p>\n\n\n\n<p class=\"jetuil_font21\">Virginie Dumont, psychologue clinicienne, a bien voulu \u00e9claircir pour nous quelques notions indispensables \u00e0 maitriser avant de se lancer&#8230;<\/p>\n\n\n\n<div class=\"wp-block-media-text alignwide has-media-on-the-right is-stacked-on-mobile is-vertically-aligned-center jetuil_width80\" style=\"grid-template-columns:auto 34%\"><figure class=\"wp-block-media-text__media\"><img loading=\"lazy\" width=\"1024\" height=\"631\" src=\"https:\/\/www.jetuil.asso.fr\/wp-content\/uploads\/2021\/02\/capt-vd-1-1024x631.jpg\" alt=\"\" class=\"wp-image-6129 size-medium\" srcset=\"https:\/\/www.jetuil.asso.fr\/wp-content\/uploads\/2021\/02\/capt-vd-1-1024x631.jpg 1024w, https:\/\/www.jetuil.asso.fr\/wp-content\/uploads\/2021\/02\/capt-vd-1-300x185.jpg 300w, https:\/\/www.jetuil.asso.fr\/wp-content\/uploads\/2021\/02\/capt-vd-1-768x473.jpg 768w, https:\/\/www.jetuil.asso.fr\/wp-content\/uploads\/2021\/02\/capt-vd-1-600x370.jpg 600w, https:\/\/www.jetuil.asso.fr\/wp-content\/uploads\/2021\/02\/capt-vd-1.jpg 1178w\" sizes=\"(max-width: 1024px) 100vw, 1024px\" \/><\/figure><div class=\"wp-block-media-text__content\">\n<p class=\"jetuil_font27\">4 s\u00e9quences sur les th\u00e9matiques suivantes, chacune \u00e9tant \u00e0 mettre en lien avec les 4 films composant le programme :<\/p>\n\n\n\n<ul class=\"jetuil_font27\"><li>Les comp\u00e9tences psycho-sociales<\/li><li>Emotion et communication<\/li><li>Le conflit de loyaut\u00e9<\/li><li>L&#8217;estime de soi et le recours \u00e0 l&#8217;adulte<\/li><\/ul>\n\n\n\n<p class=\"jetuil_font27\"><em>(Vid\u00e9os r\u00e9serv\u00e9es aux abonn\u00e9s)  <\/em><\/p>\n<\/div><\/div>\n\n\n\n<div style=\"height:30px\" aria-hidden=\"true\" class=\"wp-block-spacer\"><\/div>\n\n\n\n<div class=\"wp-block-image\"><figure class=\"aligncenter size-large\"><img loading=\"lazy\" width=\"87\" height=\"152\" src=\"https:\/\/www.jetuil.asso.fr\/wp-content\/uploads\/2021\/01\/logoJTL-fl\u00e8ches.jpg\" alt=\"\" class=\"wp-image-5588\"\/><\/figure><\/div>\n\n\n\n<h1 class=\"jetuil_width66\"><strong>Le conduite des animations&#8230;<\/strong><\/h1>\n\n\n\n<p class=\"jetuil_font27 jetuil_width66\">Voil\u00e0, il est bient\u00f4t temps de se lancer&#8230; <\/p>\n\n\n\n<p class=\"jetuil_font21 jetuil_width80\">Nos programmes \u00e9tant con\u00e7us pour les questions qu\u2019ils soul\u00e8vent et non pas pour les r\u00e9ponses qu\u2019ils apportent, <strong>on vous a joint un &#8220;conducteur&#8221; d\u2019animation !<\/strong> L\u2019id\u00e9e ? Vous permettre de maitriser l\u2019axe du programme&#8230; par l\u2019appropriation des&nbsp;questions soulev\u00e9es par les films &#8211; et notamment, lors de chaque interruption, les questions qu&#8217;il est indispensable de travailler avec les jeunes, afin qu&#8217;ils construisent leur propre r\u00e9flexion sur les questions de responsabilit\u00e9 sexuelle, affective et citoyenne.<\/p>\n\n\n\n<p class=\"has-text-align-center jetuil_font27 jetuil_width66\"><strong>Pour vous \u00e9clairer sur ce qui devrait se produire, sont ajout\u00e9es \u00e0 ce conducteur,&nbsp;\u00e0 titre indicatif,&nbsp;des r\u00e9ponses que les jeunes ont pu&nbsp;avoir&nbsp;lors de nos animations.<\/strong><\/p>\n\n\n\n<p class=\"jetuil_font21 jetuil_width80\">Imprimez ce conducteur et lisez le tout en regardant les films une premi\u00e8re fois\u2026 puis une deuxi\u00e8me\u2026 une troisi\u00e8me etc. mais soyez rassur\u00e9s, vous pouvez le garder en main lors des&nbsp;animations\u2026&nbsp;\u00e7a n\u2019est bien s\u00fbr que&nbsp;l\u2019axe g\u00e9n\u00e9ral, chaque espace d\u2019\u00e9change venant interroger diff\u00e9remment, comme avec&nbsp;<em>\u00ab&nbsp;Cet Autre que moi&nbsp;\u00bb<\/em>,&nbsp;les questions de l\u2019adolescence, selon le public, son \u00e2ge, sa maturit\u00e9, selon l\u2019environnement, l\u2019attente, le contexte, etc.&nbsp;<\/p>\n\n\n\n<div class=\"wp-block-file aligncenter jetuil_font27\"><a href=\"https:\/\/www.jetuil.asso.fr\/wp-content\/uploads\/2022\/09\/CONDUCTEUR-EN-VISAGE.pdf\" target=\"_blank\" rel=\"noreferrer noopener\">CONDUCTEUR D&#8217;ANIMATION EN VISAGE<\/a><a href=\"https:\/\/www.jetuil.asso.fr\/wp-content\/uploads\/2022\/09\/CONDUCTEUR-EN-VISAGE.pdf\" class=\"wp-block-file__button\" download>T\u00e9l\u00e9charger<\/a><\/div>\n\n\n\n<p class=\"jetuil_font21 jetuil_width80\">L\u2019animation avec ce nouveau programme a la particularit\u00e9 de se construire dans un aller-retour individuel \/ collectif.&nbsp;Avant la projection du film 1, vous avez remarqu\u00e9 dans le conducteur qu\u2019on&nbsp;distribue aux \u00e9l\u00e8ves un questionnaire, dans l\u2019optique de leur permettre de prendre des notes, donnant d\u2019ailleurs \u00e0 la&nbsp;s\u00e9quence 1&nbsp;un cot\u00e9 ludique.&nbsp;Un questionnaire qui tient sur une page recto\/verso\u2026 On vous invite \u00e0 imprimer ce document et \u00e0 le distribuer aux jeunes en d\u00e9but de 1\u00e8re s\u00e9ance\u2026 puis de le leur redonner en s\u00e9ance 2,&nbsp;comme indiqu\u00e9 dans le conducteur.&nbsp; <\/p>\n\n\n\n<div class=\"wp-block-file aligncenter jetuil_font27\"><a href=\"https:\/\/www.jetuil.asso.fr\/wp-content\/uploads\/2026\/01\/SUPPORT-jeunes-EN-VISAGE.pdf\" target=\"_blank\" rel=\"noreferrer noopener\">Questionnaire \u00e0 destination des jeunes durant l&#8217;animation<\/a><a href=\"https:\/\/www.jetuil.asso.fr\/wp-content\/uploads\/2026\/01\/SUPPORT-jeunes-EN-VISAGE.pdf\" class=\"wp-block-file__button\" download>T\u00e9l\u00e9charger<\/a><\/div>\n\n\n\n<div class=\"wp-block-group\"><div class=\"wp-block-group__inner-container\">\n<div style=\"height:20px\" aria-hidden=\"true\" class=\"wp-block-spacer\"><\/div>\n\n\n\n<p class=\"has-text-align-left jetuil_font27 jetuil_width80\"><em>Les 4 films composant le programme EN VISAGE sont r\u00e9serv\u00e9s aux abonn\u00e9s<\/em>. <em>Ci-dessous, la pr\u00e9sentation de chaque s\u00e9quence ainsi que le teaser des films. <\/em><\/p>\n\n\n\n<div style=\"height:20px\" aria-hidden=\"true\" class=\"wp-block-spacer\"><\/div>\n\n\n\n<ul class=\"jetuil_width50 jetuil_font27\"><li><strong>INTRODUCTION &#8211; 2&#8217;03&#8221;<\/strong> : pour l&#8217;accueil du public.<\/li><\/ul>\n\n\n\n<div style=\"height:20px\" aria-hidden=\"true\" class=\"wp-block-spacer\"><\/div>\n\n\n\n<ul class=\"jetuil_width50 jetuil_font27\"><li><strong>FILM 1 &#8211; 11&#8217;22&#8221;<\/strong> : La premi\u00e8re s\u00e9quence comporte deux parties distinctes, l\u2019une tourn\u00e9e en cam\u00e9ra subjective et l\u2019autre en cam\u00e9ra objective, nous permettant de d\u00e9couvrir les 6 personnages principaux. <\/li><\/ul>\n\n\n\n<div style=\"height:20px\" aria-hidden=\"true\" class=\"wp-block-spacer\"><\/div>\n\n\n\n<ul class=\"jetuil_width50 jetuil_font27\"><li><strong>FILM 2 &#8211; 20&#8217;16&#8221; :<\/strong> La seconde s\u00e9quence met en lien (amical, amoureux, de rivalit\u00e9, de jalousie ou d\u2019affirmation de soi) les six personnages, dans la situation on ne peut plus banale qu\u2019est la vie au coll\u00e8ge, parmi d\u2019autres camarades.<\/li><\/ul>\n\n\n\n<div style=\"height:20px\" aria-hidden=\"true\" class=\"wp-block-spacer\"><\/div>\n\n\n\n<ul class=\"jetuil_width50 jetuil_font27\"><li><strong>FILM 3 &#8211; 14&#8217;46&#8221; :<\/strong> Lors de la troisi\u00e8me s\u00e9quence un dernier \u00e9v\u00e8nement, grave pour l\u2019une d\u2019entre eux, va amener l\u2019ensemble des protagonistes \u00e0 se rassembler, coop\u00e9rer et d\u00e9couvrir leur solidarit\u00e9.<\/li><\/ul>\n\n\n\n<div style=\"height:20px\" aria-hidden=\"true\" class=\"wp-block-spacer\"><\/div>\n\n\n<div class=\"jetuil-programme-teaser\">\n        <video controls poster=\"https:\/\/www.jetuil.asso.fr\/wp-content\/uploads\/videos_jetuil\/programmes\/en_visage\/teaser.jpg\">\n        \t\t<source src=\"https:\/\/www.jetuil.asso.fr\/wp-content\/uploads\/videos_jetuil\/programmes\/en_visage\/teaser.mp4\"\/>\n        <\/video>\n<\/div>\n\n\n\n\n<div style=\"height:30px\" aria-hidden=\"true\" class=\"wp-block-spacer\"><\/div>\n<\/div><\/div>\n\n\n\n<div class=\"wp-block-image\"><figure class=\"aligncenter size-large\"><img loading=\"lazy\" width=\"87\" height=\"152\" src=\"https:\/\/www.jetuil.asso.fr\/wp-content\/uploads\/2021\/01\/logoJTL-fl\u00e8ches.jpg\" alt=\"\" class=\"wp-image-5588\"\/><\/figure><\/div>\n\n\n\n<h1 class=\"jetuil_width66\"><strong>L&#8217;\u00e9valuation de l&#8217;action<\/strong><\/h1>\n\n\n\n<div class=\"wp-block-file aligncenter jetuil_font27 jetuil_width80\"><a href=\"https:\/\/www.jetuil.asso.fr\/wp-content\/uploads\/2021\/02\/QUEST-jeunes-EN-VISAGE_2020.pdf\" target=\"_blank\" rel=\"noreferrer noopener\">Questionnaire (anonyme) \u00e0 remettre aux jeunes \u00e0 l&#8217;issue de l&#8217;action<\/a><a href=\"https:\/\/www.jetuil.asso.fr\/wp-content\/uploads\/2021\/02\/QUEST-jeunes-EN-VISAGE_2020.pdf\" class=\"wp-block-file__button\" download>T\u00e9l\u00e9charger<\/a><\/div>\n\n\n\n<p class=\"jetuil_font21 jetuil_width80\">Ce&nbsp;questionnaire&nbsp;est&nbsp;\u00e0 distribuer \u00e0 la fin de la derni\u00e8re animation ou lors d\u2019une s\u00e9ance sp\u00e9cifique, et \u00e0 faire remplir par les jeunes.&nbsp;<\/p>\n\n\n\n<p class=\"jetuil_font21 jetuil_width80\"><strong><u>Objectif<\/u>&nbsp;:&nbsp;<\/strong>L\u2019action \u00e9tant collective, ces questionnaires vous renseignent sur l\u2019appropriation \u00ab&nbsp;individuelle&nbsp;\u00bb du programme, les th\u00e8mes qui&nbsp;les&nbsp;ont&nbsp;le plus&nbsp;marqu\u00e9s, les&nbsp;personnages&nbsp;qui les ont&nbsp;le plus&nbsp;touch\u00e9s ou int\u00e9ress\u00e9s, ce qu\u2019ils ont retenu de l\u2019action, etc.&nbsp;<\/p>\n\n\n\n<p class=\"has-text-align-center jetuil_font27 jetuil_width66\"><strong>Le d\u00e9cryptage de ces questionnaires doit&nbsp;vous&nbsp;donner&nbsp;\u00e0 comprendre ce qu&#8217;il s\u2019est pass\u00e9 et si l\u2019objectif de l\u2019action a \u00e9t\u00e9 atteint.<\/strong><\/p>\n\n\n\n<p class=\"jetuil_font21 jetuil_width80\"><strong><u>Exploitation<\/u><\/strong>&nbsp;: Les r\u00e9sultats sont de nature quantitative (taux de r\u00e9ponses) et qualitatives (commentaires et verbatim). La mati\u00e8re recueillie par classes vous permettra de relever des \u00e9l\u00e9ments cl\u00e9s pour la r\u00e9daction du bilan g\u00e9n\u00e9ral. Tant sur la forme que dans le fond, il s\u2019agira d\u2019identifier ce qui diff\u00e8re d\u2019un groupe \u00e0 l\u2019autre, ce qui \u00e9claire les dynamiques singuli\u00e8res des classes et ce que les jeunes ont retenu de l\u2019action. L\u2019animateur(trice) en synth\u00e9tisera les cons\u00e9quences en croisant ces donn\u00e9es avec ses notes relev\u00e9es lors des s\u00e9ances.<\/p>\n\n\n\n<div style=\"height:40px\" aria-hidden=\"true\" class=\"wp-block-spacer\"><\/div>\n\n\n\n<p class=\"has-text-align-center jetuil_font27 jetuil_width66\"><strong>Retrouvez en ligne et en vid\u00e9o notre propre bilan et notre \u00e9valuation de l&#8217;action que nous menons, chaque ann\u00e9e, \u00e0 Paris !<\/strong><\/p>\n\n\n\n<p class=\"has-text-align-center jetuil_font27 jetuil_width80\"><a rel=\"noreferrer noopener\" href=\"https:\/\/www.jetuil.asso.fr\/index.php\/evaluation-de-laction-en-visage\/\" target=\"_blank\">EN VISAGE &#8211; Bilans et \u00e9valuations de l&#8217;action<\/a><\/p>\n\n\n\n<div style=\"height:30px\" aria-hidden=\"true\" class=\"wp-block-spacer\"><\/div>\n\n\n\n<div class=\"wp-block-image\"><figure class=\"aligncenter size-large\"><img loading=\"lazy\" width=\"87\" height=\"152\" src=\"https:\/\/www.jetuil.asso.fr\/wp-content\/uploads\/2021\/01\/logoJTL-fl\u00e8ches.jpg\" alt=\"\" class=\"wp-image-5588\"\/><\/figure><\/div>\n\n\n\n<div style=\"height:20px\" aria-hidden=\"true\" class=\"wp-block-spacer\"><\/div>\n\n\n\n<div style=\"height:30px\" aria-hidden=\"true\" class=\"wp-block-spacer\"><\/div>\n\n\n\n<div class=\"wp-block-cover has-background-dim has-background-gradient\" style=\"background-image:url(https:\/\/www.jetuil.asso.fr\/wp-content\/uploads\/2021\/02\/BANNIERE-FB-2.png)\"><span aria-hidden=\"true\" class=\"wp-block-cover__gradient-background\" style=\"background:linear-gradient(135deg,rgb(178,160,146) 6%,rgb(133,32,32) 49%,rgb(5,0,3) 100%)\"><\/span><div class=\"wp-block-cover__inner-container\">\n<p class=\"has-text-align-center jetuil_font27 jetuil_width80\"><strong>Maintenant, un dernier mot :&nbsp;mener un parcours d\u2019animation n\u2019a jamais rien d\u2019\u00e9vident surtout quand on partage une exigence \u00e9ducative. Mais faites-vous confiance ! Faites confiance au programme, et surtout faites confiance aux jeunes filles et jeunes gar\u00e7ons que vous allez rencontrer.<\/strong><\/p>\n\n\n\n<p class=\"has-text-align-center jetuil_font27 jetuil_width80\"><strong>La construction du programme et son interactivit\u00e9 favoriseront votre questionnement, comme la prise de parole des jeunes.<\/strong><\/p>\n\n\n\n<p class=\"has-text-align-center jetuil_font27 jetuil_width80\"><strong>Gr\u00e2ce \u00e0 votre investissement, des dizaines, des centaines de jeunes&nbsp;seront&nbsp;sensibilis\u00e9s chaque ann\u00e9e,&nbsp;\u00e0 travers les diff\u00e9rentes actions que vous m\u00e8nerez, avec ou sans \u201cje.tu.il\u201d.<\/strong><\/p>\n\n\n\n<p class=\"has-text-align-center jetuil_font27 jetuil_width80\"><strong>Et puis n\u2019h\u00e9sitez pas \u00e0 nous contacter. Nous sommes&nbsp;\u00e0 votre disposition pour toute question.<\/strong><\/p>\n<\/div><\/div>\n\n\n\n<div style=\"height:30px\" aria-hidden=\"true\" class=\"wp-block-spacer\"><\/div>\n\n\n\n<div class=\"wp-block-buttons aligncenter\">\n<div class=\"wp-block-button jetuil_font27 is-style-outline\"><a class=\"wp-block-button__link has-white-background-color has-text-color has-background\" href=\"https:\/\/www.jetuil.asso.fr\/index.php\/nous-contacter:\" style=\"border-radius:42px;color:#79bafb\" target=\"_blank\" rel=\"noreferrer noopener\"><strong>NOUS CONTACTER<\/strong><\/a><\/div>\n<\/div>\n\n\n\n<div style=\"height:30px\" aria-hidden=\"true\" class=\"wp-block-spacer\"><\/div>\n\n\n\n<div class=\"wp-block-image\"><figure class=\"aligncenter size-large\"><img loading=\"lazy\" width=\"135\" height=\"120\" src=\"https:\/\/www.jetuil.asso.fr\/wp-content\/uploads\/2021\/01\/logoJTL-spirale.jpg\" alt=\"\" class=\"wp-image-5587\"\/><\/figure><\/div>\n","protected":false},"excerpt":{"rendered":"<p>Les espaces d\u2019\u00e9changes sont d\u2019abord une exp\u00e9rience, un apprentissage des comp\u00e9tences psycho-sociales pour favoriser la transmission de messages et l\u2019acquisition de connaissances : apprentissage de l\u2019\u00e9coute, de la prise de parole diff\u00e9r\u00e9e, du point de vue d\u2019autrui diff\u00e9rent du sien, du contr\u00f4le de soi, de la valorisation, mais aussi prise de conscience de l\u2019effet sur [&hellip;]<\/p>\n","protected":false},"author":2,"featured_media":0,"parent":0,"menu_order":0,"comment_status":"closed","ping_status":"closed","template":"","meta":[],"_links":{"self":[{"href":"https:\/\/www.jetuil.asso.fr\/index.php\/wp-json\/wp\/v2\/pages\/6318"}],"collection":[{"href":"https:\/\/www.jetuil.asso.fr\/index.php\/wp-json\/wp\/v2\/pages"}],"about":[{"href":"https:\/\/www.jetuil.asso.fr\/index.php\/wp-json\/wp\/v2\/types\/page"}],"author":[{"embeddable":true,"href":"https:\/\/www.jetuil.asso.fr\/index.php\/wp-json\/wp\/v2\/users\/2"}],"replies":[{"embeddable":true,"href":"https:\/\/www.jetuil.asso.fr\/index.php\/wp-json\/wp\/v2\/comments?post=6318"}],"version-history":[{"count":48,"href":"https:\/\/www.jetuil.asso.fr\/index.php\/wp-json\/wp\/v2\/pages\/6318\/revisions"}],"predecessor-version":[{"id":10451,"href":"https:\/\/www.jetuil.asso.fr\/index.php\/wp-json\/wp\/v2\/pages\/6318\/revisions\/10451"}],"wp:attachment":[{"href":"https:\/\/www.jetuil.asso.fr\/index.php\/wp-json\/wp\/v2\/media?parent=6318"}],"curies":[{"name":"wp","href":"https:\/\/api.w.org\/{rel}","templated":true}]}}