{"id":6353,"date":"2021-02-24T16:17:19","date_gmt":"2021-02-24T15:17:19","guid":{"rendered":"https:\/\/www.jetuil.asso.fr\/?page_id=6353"},"modified":"2023-04-19T14:34:01","modified_gmt":"2023-04-19T12:34:01","slug":"nous-contacter","status":"publish","type":"page","link":"https:\/\/www.jetuil.asso.fr\/index.php\/nous-contacter\/","title":{"rendered":"Nous contacter"},"content":{"rendered":"\n<div style=\"height:30px\" aria-hidden=\"true\" class=\"wp-block-spacer\"><\/div>\n\n\n\n<div class=\"wp-block-media-text alignwide is-vertically-aligned-center jetuil_width66 has-cyan-bluish-gray-color has-text-color\" style=\"grid-template-columns:15% auto\"><figure class=\"wp-block-media-text__media\"><img loading=\"lazy\" width=\"109\" height=\"133\" src=\"https:\/\/www.jetuil.asso.fr\/wp-content\/uploads\/2021\/01\/logoJTL-traits-e1614958310385.jpg\" alt=\"\" class=\"wp-image-5586 size-full\"\/><\/figure><div class=\"wp-block-media-text__content\">\n<h1 class=\"has-text-color\" style=\"color:#393434\"><strong>Nous contacter<\/strong><\/h1>\n\n\n\n<p class=\"jetuil_width80 jetuil_font27 has-text-color\" style=\"color:#393434\">Pour toute question, \u00e0 tout moment. <\/p>\n\n\n\n<p class=\"jetuil_width80 jetuil_font27 has-text-color\" style=\"color:#393434\">Nous nous engageons \u00e0 vous r\u00e9pondre dans les deux jours ouvr\u00e9s. <\/p>\n<\/div><\/div>\n\n\n\n<div style=\"height:30px\" aria-hidden=\"true\" class=\"wp-block-spacer\"><\/div>\n\n\n\n<p class=\"jetuil_font21 jetuil_width66\">Vous souhaitez <strong>souscrire un abonnement<\/strong> mais votre \u00e9tablissement \/ structure ne peut pas proc\u00e9der \u00e0 un paiement sur internet ? <\/p>\n\n\n\n<p class=\"jetuil_font21 jetuil_width66\">Vous souhaitez <strong>recevoir un devis <\/strong>au pr\u00e9alable ? <\/p>\n\n\n\n<p class=\"jetuil_font21 jetuil_width66\">Vous avez <strong>besoin de renseignements<\/strong> sur l&#8217;association, les formations, les programmes ou sur les diff\u00e9rentes formules d&#8217;abonnement ?<\/p>\n\n\n\n<p class=\"jetuil_font21 jetuil_width66\"><strong>Vous travaillez avec nos programmes<\/strong> et rencontrez des difficult\u00e9s quant \u00e0 l&#8217;utilisation des films et\/ou la mise en place des espaces d&#8217;\u00e9change ?  <\/p>\n\n\n\n<p class=\"jetuil_font21 jetuil_width66\">Ou alors vous souhaitez simplement <strong>partager votre exp\u00e9rience<\/strong> ? <\/p>\n\n\n\n<p class=\"jetuil_font21 jetuil_width66\"><strong>Contactez-nous !<\/strong> Le formulaire ci-dessous est fait pour \u00e7a&#8230; mais si vous pr\u00e9f\u00e9rez nous appeler, aucun souci ! Nous sommes joignables en semaine au 01.42.27.02.27. <\/p>\n\n\n\n<p class=\"jetuil_font21 jetuil_width66\"><strong>Notre \u00e9quipe reviendra vers vous au plus vite, pour toute demande.<\/strong> <\/p>\n\n\n\n<p class=\"jetuil_font21 jetuil_width66\">Attention ! Il arrive malheureusement que nos mails soient dirig\u00e9s vers les SPAM&#8230; merci de v\u00e9rifier r\u00e9guli\u00e8rement votre messagerie, et\/ou de nous ajouter \u00e0 vos contacts&#8230;<\/p>\n\n\n\n<p><\/p>\n\n\n\n<div class=\"wp-block-contact-form-7-contact-form-selector jetuil_font21 jetuil_width66\"><div role=\"form\" class=\"wpcf7\" id=\"wpcf7-f6352-o1\" lang=\"fr-FR\" dir=\"ltr\">\n<div class=\"screen-reader-response\"><p role=\"status\" aria-live=\"polite\" aria-atomic=\"true\"><\/p> <ul><\/ul><\/div>\n<form action=\"\/index.php\/wp-json\/wp\/v2\/pages\/6353#wpcf7-f6352-o1\" method=\"post\" class=\"wpcf7-form init\" novalidate=\"novalidate\" data-status=\"init\">\n<div style=\"display: none;\">\n<input type=\"hidden\" name=\"_wpcf7\" value=\"6352\" \/>\n<input type=\"hidden\" name=\"_wpcf7_version\" value=\"5.4\" \/>\n<input type=\"hidden\" name=\"_wpcf7_locale\" value=\"fr_FR\" \/>\n<input type=\"hidden\" name=\"_wpcf7_unit_tag\" value=\"wpcf7-f6352-o1\" \/>\n<input type=\"hidden\" name=\"_wpcf7_container_post\" value=\"0\" \/>\n<input type=\"hidden\" name=\"_wpcf7_posted_data_hash\" value=\"\" \/>\n<input type=\"hidden\" name=\"_wpcf7_recaptcha_response\" value=\"\" \/>\n<\/div>\n<div class=\"contactus-form\">\n<div class=\"contactus-field\">\n<label> Votre nom<br \/>\n    <span class=\"wpcf7-form-control-wrap your-name\"><input type=\"text\" name=\"your-name\" value=\"\" size=\"40\" class=\"wpcf7-form-control wpcf7-text wpcf7-validates-as-required\" aria-required=\"true\" aria-invalid=\"false\" \/><\/span> <\/label><\/p>\n<p><label> Votre e-mail<br \/>\n    <span class=\"wpcf7-form-control-wrap your-email\"><input type=\"email\" name=\"your-email\" value=\"\" size=\"40\" class=\"wpcf7-form-control wpcf7-text wpcf7-email wpcf7-validates-as-required wpcf7-validates-as-email\" aria-required=\"true\" aria-invalid=\"false\" \/><\/span> <\/label><\/p>\n<p><label> Votre num\u00e9ro de t\u00e9l\u00e9phone<br \/>\n    <span class=\"wpcf7-form-control-wrap tel-751\"><input type=\"tel\" name=\"tel-751\" value=\"\" size=\"40\" class=\"wpcf7-form-control wpcf7-text wpcf7-tel wpcf7-validates-as-required wpcf7-validates-as-tel\" aria-required=\"true\" aria-invalid=\"false\" \/><\/span> <\/label><\/p>\n<p><label> Votre message<br \/>\n    <span class=\"wpcf7-form-control-wrap your-message\"><textarea name=\"your-message\" cols=\"40\" rows=\"10\" class=\"wpcf7-form-control wpcf7-textarea wpcf7-validates-as-required\" aria-required=\"true\" aria-invalid=\"false\"><\/textarea><\/span> <\/label><\/p>\n<p><input type=\"submit\" value=\"Envoyer\" class=\"wpcf7-form-control wpcf7-submit\" \/>\n<\/p><\/div>\n<\/div>\n<div class=\"wpcf7-response-output\" aria-hidden=\"true\"><\/div><\/form><\/div><\/div>\n\n\n\n<div class=\"wp-block-columns\">\n<div class=\"wp-block-column\" style=\"flex-basis:100%\"><\/div>\n<\/div>\n","protected":false},"excerpt":{"rendered":"<p>Nous contacter Pour toute question, \u00e0 tout moment. Nous nous engageons \u00e0 vous r\u00e9pondre dans les deux jours ouvr\u00e9s. Vous souhaitez souscrire un abonnement mais votre \u00e9tablissement \/ structure ne peut pas proc\u00e9der \u00e0 un paiement sur internet ? Vous souhaitez recevoir un devis au pr\u00e9alable ? Vous avez besoin de renseignements sur l&#8217;association, les [&hellip;]<\/p>\n","protected":false},"author":3,"featured_media":0,"parent":0,"menu_order":0,"comment_status":"closed","ping_status":"closed","template":"","meta":[],"_links":{"self":[{"href":"https:\/\/www.jetuil.asso.fr\/index.php\/wp-json\/wp\/v2\/pages\/6353"}],"collection":[{"href":"https:\/\/www.jetuil.asso.fr\/index.php\/wp-json\/wp\/v2\/pages"}],"about":[{"href":"https:\/\/www.jetuil.asso.fr\/index.php\/wp-json\/wp\/v2\/types\/page"}],"author":[{"embeddable":true,"href":"https:\/\/www.jetuil.asso.fr\/index.php\/wp-json\/wp\/v2\/users\/3"}],"replies":[{"embeddable":true,"href":"https:\/\/www.jetuil.asso.fr\/index.php\/wp-json\/wp\/v2\/comments?post=6353"}],"version-history":[{"count":46,"href":"https:\/\/www.jetuil.asso.fr\/index.php\/wp-json\/wp\/v2\/pages\/6353\/revisions"}],"predecessor-version":[{"id":8240,"href":"https:\/\/www.jetuil.asso.fr\/index.php\/wp-json\/wp\/v2\/pages\/6353\/revisions\/8240"}],"wp:attachment":[{"href":"https:\/\/www.jetuil.asso.fr\/index.php\/wp-json\/wp\/v2\/media?parent=6353"}],"curies":[{"name":"wp","href":"https:\/\/api.w.org\/{rel}","templated":true}]}}