{"id":7042,"date":"2022-01-11T12:14:10","date_gmt":"2022-01-11T11:14:10","guid":{"rendered":"https:\/\/www.jetuil.asso.fr\/?page_id=7042"},"modified":"2026-03-20T14:41:35","modified_gmt":"2026-03-20T13:41:35","slug":"evaluation-de-laction-en-visage","status":"publish","type":"page","link":"https:\/\/www.jetuil.asso.fr\/index.php\/evaluation-de-laction-en-visage\/","title":{"rendered":"Evaluation des actions"},"content":{"rendered":"\n<div class=\"wp-block-cover has-background-dim-60 has-background-dim is-repeated has-background-gradient\" style=\"background-image:url(https:\/\/www.jetuil.asso.fr\/wp-content\/uploads\/2021\/02\/BANNIERE-FB-2.png);background-position:0% 0%\"><span aria-hidden=\"true\" class=\"wp-block-cover__gradient-background\" style=\"background:linear-gradient(90deg,rgb(72,84,234) 0%,rgb(90,83,103) 20%,rgb(207,42,186) 40%,rgb(27,19,22) 60%,rgb(251,105,98) 80%,rgb(77,128,254) 100%)\"><\/span><div class=\"wp-block-cover__inner-container\">\n<p class=\"has-text-align-center has-white-color has-text-color\" style=\"font-size:38px\"><strong>Evaluation de nos actions<\/strong><\/p>\n\n\n\n<figure class=\"wp-block-pullquote is-style-default\"><blockquote><p><strong><em>L\u2019\u00e9ducation \u00e0 la responsabilit\u00e9 sexuelle, affective et citoyenne<\/em><\/strong><\/p><p><strong><em>en milieu scolaire.<\/em><\/strong><\/p><\/blockquote><\/figure>\n<\/div><\/div>\n\n\n\n<div style=\"height:30px\" aria-hidden=\"true\" class=\"wp-block-spacer\"><\/div>\n\n\n\n<p class=\"jetuil_font27 jetuil_width80\"><strong>Depuis 2020, de nombreux \u00e9tablissements scolaires et institutions m\u00e8nent <a rel=\"noreferrer noopener\" href=\"https:\/\/www.jetuil.asso.fr\/index.php\/laction-en-visage\/\" target=\"_blank\">l&#8217;action &#8220;EN VISAGE&#8221;<\/a> dans leurs d\u00e9partements, comme nous le faisons nous-m\u00eames dans les coll\u00e8ges parisiens, ainsi que <a href=\"https:\/\/www.jetuil.asso.fr\/index.php\/laction-ce-jeu-entre-nous\/\" target=\"_blank\" rel=\"noreferrer noopener\">l&#8217;action &#8220;Ce Je(u) entre nous&#8221;<\/a>, \u00e0 destination des lyc\u00e9ens.<\/strong><\/p>\n\n\n\n<div style=\"height:20px\" aria-hidden=\"true\" class=\"wp-block-spacer\"><\/div>\n\n\n\n<p class=\"jetuil_font21 jetuil_width80\">En juin 2024, nous avons ainsi boucl\u00e9 notre quatri\u00e8me ann\u00e9e compl\u00e8te d&#8217;intervention \u00e0 partir de ces deux programmes, dans plus de<strong> 40 \u00e9tablissements scolaires<\/strong> parisiens. <\/p>\n\n\n\n<p class=\"jetuil_font21 jetuil_width80\"><strong>766 animations<\/strong> ont ainsi \u00e9t\u00e9 organis\u00e9es aupr\u00e8s de <strong>332 classes<\/strong>, et <strong>7664 jeunes ont \u00e9t\u00e9 sensibilis\u00e9s <\/strong>au programme &#8220;EN VISAGE&#8221;. L&#8217;action &#8220;Ce Je(u) entre nous&#8221; a quant \u00e0 elle r\u00e9uni <strong>2681 jeunes<\/strong> au cours de <strong>186 interventions<\/strong>. <\/p>\n\n\n\n<p class=\"jetuil_font21 jetuil_width80\">A l&#8217;issue de leur derni\u00e8re s\u00e9ance, l&#8217;animateur propose aux jeunes de remplir un questionnaire d&#8217;\u00e9valuation de l&#8217;action. Apr\u00e8s avoir r\u00e9cup\u00e9r\u00e9 l&#8217;ensemble de ces questionnaires, nous avons, chaque ann\u00e9e, compil\u00e9 et \u00e9tudi\u00e9 les r\u00e9sultats obtenus, que nous sommes heureux de pouvoir partager avec vous.  <\/p>\n\n\n\n<div style=\"height:60px\" aria-hidden=\"true\" class=\"wp-block-spacer\"><\/div>\n\n\n\n<div class=\"wp-block-media-text alignwide has-media-on-the-right is-stacked-on-mobile is-vertically-aligned-center jetuil_font27 jetuil_width80 has-black-color has-white-background-color has-text-color has-background\" style=\"grid-template-columns:auto 32%\"><figure class=\"wp-block-media-text__media\"><a href=\"https:\/\/www.jetuil.asso.fr\/wp-content\/uploads\/2024\/11\/Bilan-de-nos-actions-2023-24.pdf\" target=\"_blank\" rel=\"noopener\"><img loading=\"lazy\" width=\"722\" height=\"1024\" src=\"https:\/\/www.jetuil.asso.fr\/wp-content\/uploads\/2024\/11\/Capture-decran-2024-11-22-a-12.44.23-722x1024.png\" alt=\"\" class=\"wp-image-10180 size-full\" srcset=\"https:\/\/www.jetuil.asso.fr\/wp-content\/uploads\/2024\/11\/Capture-decran-2024-11-22-a-12.44.23-722x1024.png 722w, https:\/\/www.jetuil.asso.fr\/wp-content\/uploads\/2024\/11\/Capture-decran-2024-11-22-a-12.44.23-211x300.png 211w, https:\/\/www.jetuil.asso.fr\/wp-content\/uploads\/2024\/11\/Capture-decran-2024-11-22-a-12.44.23-768x1090.png 768w, https:\/\/www.jetuil.asso.fr\/wp-content\/uploads\/2024\/11\/Capture-decran-2024-11-22-a-12.44.23-1083x1536.png 1083w, https:\/\/www.jetuil.asso.fr\/wp-content\/uploads\/2024\/11\/Capture-decran-2024-11-22-a-12.44.23-600x851.png 600w, https:\/\/www.jetuil.asso.fr\/wp-content\/uploads\/2024\/11\/Capture-decran-2024-11-22-a-12.44.23.png 1094w\" sizes=\"(max-width: 722px) 100vw, 722px\" \/><\/a><\/figure><div class=\"wp-block-media-text__content\">\n<div class=\"wp-block-file jetuil_font27\"><a href=\"https:\/\/www.jetuil.asso.fr\/wp-content\/uploads\/2024\/11\/Bilan-de-nos-actions-2023-24.pdf\" target=\"_blank\" rel=\"noreferrer noopener\">Evaluation de nos actions en milieu scolaire &#8211; ann\u00e9e 2023-24<\/a><a href=\"https:\/\/www.jetuil.asso.fr\/wp-content\/uploads\/2024\/11\/Bilan-de-nos-actions-2023-24.pdf\" class=\"wp-block-file__button\" download>T\u00e9l\u00e9charger<\/a><\/div>\n\n\n\n<p class=\"jetuil_font21\">Vous y trouverez l&#8217;\u00e9valuation conjointe de l&#8217;action &#8220;EN VISAGE&#8221;, men\u00e9e dans les coll\u00e8ges parisiens, et de notre action &#8220;Ce Je(u) entre nous&#8221;, \u00e0 destination des lyc\u00e9ens. <\/p>\n<\/div><\/div>\n\n\n\n<div style=\"height:60px\" aria-hidden=\"true\" class=\"wp-block-spacer\"><\/div>\n\n\n\n<p class=\"has-text-align-center jetuil_font27 jetuil_width70\"><strong>Retrouver ci-dessous nos pr\u00e9c\u00e9dentes \u00e9valuations, depuis la premi\u00e8re ann\u00e9e d&#8217;intervention \u00e0 partir du programme EN VISAGE.<\/strong><\/p>\n\n\n\n<div style=\"height:60px\" aria-hidden=\"true\" class=\"wp-block-spacer\"><\/div>\n\n\n\n<div class=\"wp-block-media-text alignwide has-media-on-the-right is-stacked-on-mobile is-vertically-aligned-center jetuil_font27 jetuil_width80 has-black-color has-white-background-color has-text-color has-background\" style=\"grid-template-columns:auto 38%\"><figure class=\"wp-block-media-text__media\"><a href=\"https:\/\/www.jetuil.asso.fr\/wp-content\/uploads\/2023\/11\/EVALUATION-ACTION-PARIS-22-23-VF.pdf\" target=\"_blank\" rel=\"noopener\"><img loading=\"lazy\" width=\"1024\" height=\"996\" src=\"https:\/\/www.jetuil.asso.fr\/wp-content\/uploads\/2023\/11\/Capture-decran-2023-11-20-a-11.59.42-1024x996.png\" alt=\"\" class=\"wp-image-8384 size-full\" srcset=\"https:\/\/www.jetuil.asso.fr\/wp-content\/uploads\/2023\/11\/Capture-decran-2023-11-20-a-11.59.42-1024x996.png 1024w, https:\/\/www.jetuil.asso.fr\/wp-content\/uploads\/2023\/11\/Capture-decran-2023-11-20-a-11.59.42-300x292.png 300w, https:\/\/www.jetuil.asso.fr\/wp-content\/uploads\/2023\/11\/Capture-decran-2023-11-20-a-11.59.42-768x747.png 768w, https:\/\/www.jetuil.asso.fr\/wp-content\/uploads\/2023\/11\/Capture-decran-2023-11-20-a-11.59.42-600x583.png 600w, https:\/\/www.jetuil.asso.fr\/wp-content\/uploads\/2023\/11\/Capture-decran-2023-11-20-a-11.59.42.png 1088w\" sizes=\"(max-width: 1024px) 100vw, 1024px\" \/><\/a><\/figure><div class=\"wp-block-media-text__content\">\n<div class=\"wp-block-file jetuil_font27\"><a href=\"https:\/\/www.jetuil.asso.fr\/wp-content\/uploads\/2023\/11\/EVALUATION-ACTION-PARIS-22-23-VF.pdf\" target=\"_blank\" rel=\"noreferrer noopener\">Notre \u00e9valuation annuelle de l&#8217;action EN VISAGE, \u00e0 Paris,<br>ann\u00e9e scolaire 2022-23<\/a><a href=\"https:\/\/www.jetuil.asso.fr\/wp-content\/uploads\/2023\/11\/EVALUATION-ACTION-PARIS-22-23-VF.pdf\" class=\"wp-block-file__button\" download>T\u00e9l\u00e9charger<\/a><\/div>\n\n\n\n<p class=\"jetuil_font21\">Vous y trouverez la pr\u00e9sentation des films et des personnages, mais surtout l&#8217;analyse statistique de la derni\u00e8re ann\u00e9e scolaire, ainsi que la synth\u00e8se apr\u00e8s trois ann\u00e9es compl\u00e8tes d&#8217;interventions. <\/p>\n<\/div><\/div>\n\n\n\n<div style=\"height:60px\" aria-hidden=\"true\" class=\"wp-block-spacer\"><\/div>\n\n\n\n<div class=\"wp-block-media-text alignwide is-stacked-on-mobile is-vertically-aligned-center jetuil_font27 jetuil_width80 has-black-color has-white-background-color has-text-color has-background\" style=\"grid-template-columns:28% auto\"><figure class=\"wp-block-media-text__media\"><a href=\"https:\/\/www.jetuil.asso.fr\/wp-content\/uploads\/2022\/11\/EVALUATION-ACTION-EN-VISAGE-2021-22.pdf\" target=\"_blank\" rel=\"noopener\"><img loading=\"lazy\" width=\"716\" height=\"1024\" src=\"https:\/\/www.jetuil.asso.fr\/wp-content\/uploads\/2022\/11\/Capture-decran-2022-11-18-a-11.12.56-716x1024.png\" alt=\"\" class=\"wp-image-7612 size-full\" srcset=\"https:\/\/www.jetuil.asso.fr\/wp-content\/uploads\/2022\/11\/Capture-decran-2022-11-18-a-11.12.56-716x1024.png 716w, https:\/\/www.jetuil.asso.fr\/wp-content\/uploads\/2022\/11\/Capture-decran-2022-11-18-a-11.12.56-210x300.png 210w, https:\/\/www.jetuil.asso.fr\/wp-content\/uploads\/2022\/11\/Capture-decran-2022-11-18-a-11.12.56-768x1098.png 768w, https:\/\/www.jetuil.asso.fr\/wp-content\/uploads\/2022\/11\/Capture-decran-2022-11-18-a-11.12.56-600x858.png 600w, https:\/\/www.jetuil.asso.fr\/wp-content\/uploads\/2022\/11\/Capture-decran-2022-11-18-a-11.12.56.png 820w\" sizes=\"(max-width: 716px) 100vw, 716px\" \/><\/a><\/figure><div class=\"wp-block-media-text__content\">\n<div class=\"wp-block-file jetuil_font27\"><a href=\"https:\/\/www.jetuil.asso.fr\/wp-content\/uploads\/2022\/11\/EVALUATION-ACTION-EN-VISAGE-2021-22.pdf\" target=\"_blank\" rel=\"noreferrer noopener\">Notre \u00e9valuation annuelle de l&#8217;action EN VISAGE, PARIS, <br>ann\u00e9e scolaire 2021-22<\/a><a href=\"https:\/\/www.jetuil.asso.fr\/wp-content\/uploads\/2022\/11\/EVALUATION-ACTION-EN-VISAGE-2021-22.pdf\" class=\"wp-block-file__button\" download>T\u00e9l\u00e9charger<\/a><\/div>\n\n\n\n<p class=\"jetuil_font21\">Du d\u00e9cryptage statistique de l&#8217;\u00e9valuation \u00e0 l&#8217;analyse \u00e9crite de ses principaux enseignements, des objectifs p\u00e9dagogiques aux verbatim tir\u00e9s des questionnaires. <\/p>\n<\/div><\/div>\n\n\n\n<div style=\"height:60px\" aria-hidden=\"true\" class=\"wp-block-spacer\"><\/div>\n\n\n\n<div class=\"wp-block-media-text alignwide has-media-on-the-right is-stacked-on-mobile is-vertically-aligned-center jetuil_font27 jetuil_width80 has-black-color has-white-background-color has-text-color has-background\" style=\"grid-template-columns:auto 39%\"><figure class=\"wp-block-media-text__media\"><a href=\"https:\/\/www.jetuil.asso.fr\/wp-content\/uploads\/2022\/01\/EVALUATION-ACTION-PARIS-20-21.pdf\" target=\"_blank\" rel=\"noopener\"><img loading=\"lazy\" width=\"1024\" height=\"660\" src=\"https:\/\/www.jetuil.asso.fr\/wp-content\/uploads\/2023\/11\/Capture-decran-2023-11-20-a-12.09.30-1024x660.png\" alt=\"\" class=\"wp-image-8391 size-full\" srcset=\"https:\/\/www.jetuil.asso.fr\/wp-content\/uploads\/2023\/11\/Capture-decran-2023-11-20-a-12.09.30-1024x660.png 1024w, https:\/\/www.jetuil.asso.fr\/wp-content\/uploads\/2023\/11\/Capture-decran-2023-11-20-a-12.09.30-300x193.png 300w, https:\/\/www.jetuil.asso.fr\/wp-content\/uploads\/2023\/11\/Capture-decran-2023-11-20-a-12.09.30-768x495.png 768w, https:\/\/www.jetuil.asso.fr\/wp-content\/uploads\/2023\/11\/Capture-decran-2023-11-20-a-12.09.30-1536x990.png 1536w, https:\/\/www.jetuil.asso.fr\/wp-content\/uploads\/2023\/11\/Capture-decran-2023-11-20-a-12.09.30-600x387.png 600w, https:\/\/www.jetuil.asso.fr\/wp-content\/uploads\/2023\/11\/Capture-decran-2023-11-20-a-12.09.30.png 1546w\" sizes=\"(max-width: 1024px) 100vw, 1024px\" \/><\/a><\/figure><div class=\"wp-block-media-text__content\">\n<div class=\"wp-block-file jetuil_font27\"><a href=\"https:\/\/www.jetuil.asso.fr\/wp-content\/uploads\/2022\/01\/EVALUATION-ACTION-PARIS-20-21.pdf\" target=\"_blank\" rel=\"noreferrer noopener\">Notre \u00e9valuation annuelle de l&#8217;action EN VISAGE, PARIS,<br>ann\u00e9e scolaire 2020-21<\/a><a href=\"https:\/\/www.jetuil.asso.fr\/wp-content\/uploads\/2022\/01\/EVALUATION-ACTION-PARIS-20-21.pdf\" class=\"wp-block-file__button\" download>T\u00e9l\u00e9charger<\/a><\/div>\n\n\n\n<p class=\"jetuil_font21\">Notre premi\u00e8re ann\u00e9e compl\u00e8te d&#8217;interventions \u00e0 partir du programme EN VISAGE&#8230;. <\/p>\n<\/div><\/div>\n\n\n\n<div style=\"height:60px\" aria-hidden=\"true\" class=\"wp-block-spacer\"><\/div>\n\n\n\n<div style=\"height:30px\" aria-hidden=\"true\" class=\"wp-block-spacer\"><\/div>\n\n\n\n<p class=\"has-text-align-center jetuil_font21 jetuil_width50\"><strong>Vous avez une question ? Vous souhaitez en savoir plus sur nos actions \u00e0 Paris ? Vous souhaitez abonner votre structure\/\u00e9tablissement afin d&#8217;avoir acc\u00e8s au programme EN VISAGE ?<\/strong> <\/p>\n\n\n\n<p><\/p>\n\n\n\n<div class=\"wp-block-buttons aligncenter\">\n<div class=\"wp-block-button jetuil_font27 is-style-outline\"><a class=\"wp-block-button__link has-white-background-color has-text-color has-background\" href=\"https:\/\/www.jetuil.asso.fr\/index.php\/nous-contacter:\" style=\"border-radius:42px;color:#79bafb\" target=\"_blank\" rel=\"noreferrer noopener\"><strong>CONTACTEZ-NOUS !<\/strong><\/a><\/div>\n<\/div>\n\n\n\n<div style=\"height:30px\" aria-hidden=\"true\" class=\"wp-block-spacer\"><\/div>\n\n\n\n<div class=\"wp-block-image\"><figure class=\"aligncenter size-large\"><img loading=\"lazy\" width=\"1024\" height=\"130\" src=\"https:\/\/www.jetuil.asso.fr\/wp-content\/uploads\/2021\/02\/BANDEAU-EN-VISAGE-1024x130.png\" alt=\"\" class=\"wp-image-5927\" srcset=\"https:\/\/www.jetuil.asso.fr\/wp-content\/uploads\/2021\/02\/BANDEAU-EN-VISAGE-1024x130.png 1024w, https:\/\/www.jetuil.asso.fr\/wp-content\/uploads\/2021\/02\/BANDEAU-EN-VISAGE-300x38.png 300w, https:\/\/www.jetuil.asso.fr\/wp-content\/uploads\/2021\/02\/BANDEAU-EN-VISAGE-768x98.png 768w, https:\/\/www.jetuil.asso.fr\/wp-content\/uploads\/2021\/02\/BANDEAU-EN-VISAGE-1536x196.png 1536w, https:\/\/www.jetuil.asso.fr\/wp-content\/uploads\/2021\/02\/BANDEAU-EN-VISAGE-2048x261.png 2048w, https:\/\/www.jetuil.asso.fr\/wp-content\/uploads\/2021\/02\/BANDEAU-EN-VISAGE-600x76.png 600w\" sizes=\"(max-width: 1024px) 100vw, 1024px\" \/><\/figure><\/div>\n","protected":false},"excerpt":{"rendered":"<p>Depuis 2020, de nombreux \u00e9tablissements scolaires et institutions m\u00e8nent l&#8217;action &#8220;EN VISAGE&#8221; dans leurs d\u00e9partements, comme nous le faisons nous-m\u00eames dans les coll\u00e8ges parisiens, ainsi que l&#8217;action &#8220;Ce Je(u) entre nous&#8221;, \u00e0 destination des lyc\u00e9ens. En juin 2024, nous avons ainsi boucl\u00e9 notre quatri\u00e8me ann\u00e9e compl\u00e8te d&#8217;intervention \u00e0 partir de ces deux programmes, dans plus [&hellip;]<\/p>\n","protected":false},"author":2,"featured_media":0,"parent":0,"menu_order":0,"comment_status":"closed","ping_status":"closed","template":"","meta":[],"_links":{"self":[{"href":"https:\/\/www.jetuil.asso.fr\/index.php\/wp-json\/wp\/v2\/pages\/7042"}],"collection":[{"href":"https:\/\/www.jetuil.asso.fr\/index.php\/wp-json\/wp\/v2\/pages"}],"about":[{"href":"https:\/\/www.jetuil.asso.fr\/index.php\/wp-json\/wp\/v2\/types\/page"}],"author":[{"embeddable":true,"href":"https:\/\/www.jetuil.asso.fr\/index.php\/wp-json\/wp\/v2\/users\/2"}],"replies":[{"embeddable":true,"href":"https:\/\/www.jetuil.asso.fr\/index.php\/wp-json\/wp\/v2\/comments?post=7042"}],"version-history":[{"count":150,"href":"https:\/\/www.jetuil.asso.fr\/index.php\/wp-json\/wp\/v2\/pages\/7042\/revisions"}],"predecessor-version":[{"id":10494,"href":"https:\/\/www.jetuil.asso.fr\/index.php\/wp-json\/wp\/v2\/pages\/7042\/revisions\/10494"}],"wp:attachment":[{"href":"https:\/\/www.jetuil.asso.fr\/index.php\/wp-json\/wp\/v2\/media?parent=7042"}],"curies":[{"name":"wp","href":"https:\/\/api.w.org\/{rel}","templated":true}]}}