{"id":8070,"date":"2023-04-18T09:53:01","date_gmt":"2023-04-18T07:53:01","guid":{"rendered":"https:\/\/www.jetuil.asso.fr\/?page_id=8070"},"modified":"2026-04-16T10:13:45","modified_gmt":"2026-04-16T08:13:45","slug":"la-formation-ce-jeu-entre-nous","status":"publish","type":"page","link":"https:\/\/www.jetuil.asso.fr\/index.php\/la-formation-ce-jeu-entre-nous\/","title":{"rendered":"La Formation CE JE(U) ENTRE NOUS"},"content":{"rendered":"\n<div class=\"wp-block-cover has-background-dim-30 has-background-dim has-background-gradient\" style=\"background-image:url(https:\/\/www.jetuil.asso.fr\/wp-content\/uploads\/2019\/09\/LiseShraa2.jpg);background-position:1% 35%\"><span aria-hidden=\"true\" class=\"wp-block-cover__gradient-background\" style=\"background:linear-gradient(135deg,rgb(2,3,129) 83%,rgb(40,116,252) 100%)\"><\/span><div class=\"wp-block-cover__inner-container\">\n<p class=\"has-text-align-left has-large-font-size\"><strong>La Formation CE JE(U) ENTRE NOUS<\/strong><\/p>\n\n\n\n<p class=\"jetuil_width80 jetuil_font27\"><em>L\u2019\u00e9ducation \u00e0 la responsabilit\u00e9 sexuelle et affective avec des adolescent\u00b7e\u00b7s de plus de 15 ans, \u00e0 partir du programme audiovisuel&nbsp;<\/em>\u00ab&nbsp;<em>Ce Je(u) entre nous&nbsp;<\/em>\u00bb<\/p>\n<\/div><\/div>\n\n\n\n<div style=\"height:50px\" aria-hidden=\"true\" class=\"wp-block-spacer\"><\/div>\n\n\n\n<p class=\"jetuil_width80 jetuil_font21\"><strong>Destinataires<\/strong><\/p>\n\n\n\n<p class=\"jetuil_width80 jetuil_font21\">Professionnels de l\u2019\u00e9ducation, qu\u2019ils soient issus de l\u2019Education Nationale, de la Protection judiciaire de la jeunesse ou des associations, susceptibles d&#8217;intervenir aupr\u00e8s de jeunes de plus de 15 ans (20 personnes maximum).<\/p>\n\n\n\n<div style=\"height:20px\" aria-hidden=\"true\" class=\"wp-block-spacer\"><\/div>\n\n\n\n<p class=\"jetuil_width80 jetuil_font21\"><strong>Objectif p\u00e9dagogique<\/strong><\/p>\n\n\n\n<p class=\"jetuil_width80 jetuil_font21\">R\u00e9unir des professionnels de l\u2019\u00e9ducation, de la pr\u00e9vention et de la protection de l\u2019adolescence autour des questions soulev\u00e9es par la probl\u00e9matique de l\u2019\u00e9ducation \u00e0 la responsabilit\u00e9 sexuelle et affective aupr\u00e8s des jeunes de plus de 15 ans.<\/p>\n\n\n\n<div style=\"height:20px\" aria-hidden=\"true\" class=\"wp-block-spacer\"><\/div>\n\n\n\n<p class=\"jetuil_width80 jetuil_font21\"><strong>Objectif op\u00e9rationnel<\/strong><\/p>\n\n\n\n<p class=\"jetuil_width80 jetuil_font21\">Mise en place d\u2019une action d\u2019\u00e9ducation \u00e0 la responsabilit\u00e9 sexuelle et affective.<\/p>\n\n\n\n<div style=\"height:20px\" aria-hidden=\"true\" class=\"wp-block-spacer\"><\/div>\n\n\n\n<p class=\"jetuil_width80 jetuil_font21\">Cette formation<strong> interactive <\/strong>est anim\u00e9e par<strong> Bernard B\u00e9tr\u00e9mieux<\/strong>, directeur de l\u2019association et concepteur des programmes.<\/p>\n\n\n\n<div style=\"height:20px\" aria-hidden=\"true\" class=\"wp-block-spacer\"><\/div>\n\n\n\n<p class=\"jetuil_width80 jetuil_font21\"><strong>La formation se d\u00e9roule sur deux jours cons\u00e9cutifs&nbsp;<\/strong>: une journ\u00e9e de formation th\u00e9orique et de d\u00e9couverte du<strong> <a rel=\"noreferrer noopener\" href=\"https:\/\/www.jetuil.asso.fr\/index.php\/ce-jeu-entre-nous\/\" target=\"_blank\">programme&nbsp;\u00ab Ce Je(u) entre nous \u00bb<\/a><\/strong>,&nbsp;ainsi qu&#8217;une journ\u00e9e de mise en application.<\/p>\n\n\n\n<div style=\"height:20px\" aria-hidden=\"true\" class=\"wp-block-spacer\"><\/div>\n\n\n\n<p class=\"jetuil_width80 jetuil_font21\"><strong>Pr\u00e9alablement \u00e0 la formation, <\/strong>un document de travail \u00e9crit destin\u00e9 \u00e0 harmoniser les connaissances des professionnels participant \u00e0 la formation, en mati\u00e8re d\u2019adolescence et de comp\u00e9tences psycho-sociales, sera transmis \u00e0 l&#8217;ensemble des participants. <\/p>\n\n\n\n<div style=\"height:20px\" aria-hidden=\"true\" class=\"wp-block-spacer\"><\/div>\n\n\n\n<p class=\"jetuil_width80 jetuil_font21\">Aucun <strong>pr\u00e9requis<\/strong> ne conditionne la participation \u00e0 la formation.<\/p>\n\n\n\n<p class=\"jetuil_width80 jetuil_font21\">La formation peut \u00eatre suivie par des personnes en <strong>situation de handicap<\/strong>. <\/p>\n\n\n\n<div style=\"height:30px\" aria-hidden=\"true\" class=\"wp-block-spacer\"><\/div>\n\n\n\n<div class=\"wp-block-image\"><figure class=\"aligncenter size-large\"><img loading=\"lazy\" width=\"87\" height=\"152\" src=\"https:\/\/www.jetuil.asso.fr\/wp-content\/uploads\/2021\/01\/logoJTL-fl\u00e8ches.jpg\" alt=\"\" class=\"wp-image-5588\"\/><\/figure><\/div>\n\n\n\n<div style=\"height:30px\" aria-hidden=\"true\" class=\"wp-block-spacer\"><\/div>\n\n\n\n<p class=\"has-text-align-center jetuil_width80 jetuil_font27\"><strong>Contenu de la formation<\/strong> <\/p>\n\n\n\n<div style=\"height:50px\" aria-hidden=\"true\" class=\"wp-block-spacer\"><\/div>\n\n\n\n<div class=\"wp-block-columns\">\n<div class=\"wp-block-column\" style=\"flex-basis:100%\">\n<div class=\"wp-block-columns jetuil_width66\">\n<div class=\"wp-block-column\">\n<p class=\"jetuil_font21\"><strong>Premi\u00e8re journ\u00e9e :&nbsp;<\/strong><\/p>\n\n\n\n<p class=\"jetuil_width50 jetuil_font21\"><strong>L\u2019\u00e9ducation \u00e0 la responsabilit\u00e9 sexuelle et affective et la d\u00e9couverte du<\/strong> <strong>programme \u00ab&nbsp;<em>Ce Je(u) entre nous&nbsp;<\/em>\u00bb<em>.<\/em><\/strong><\/p>\n\n\n\n<ul><li>Pr\u00e9sentation de l\u2019association \u00ab je.tu.il&#8230; \u00bb <\/li><li>Tour de table<\/li><\/ul>\n\n\n\n<ul><li><strong>La responsabilit\u00e9&nbsp;<\/strong>: \u00ab&nbsp;<em>La responsabilit\u00e9 soude l&#8217;\u00eatre et l&#8217;agir&nbsp;<\/em>\u00bb.<br>La notion de responsabilit\u00e9, constitutive de la vie en soci\u00e9t\u00e9, valeur morale etprincipe juridique.<\/li><\/ul>\n\n\n\n<ul><li><strong>La maturit\u00e9&nbsp;<\/strong>: physique, affective et intellectuelle, la maturit\u00e9 s\u2019acquiert au fur et \u00e0 mesure du d\u00e9veloppement, permettant de passer de l\u2019\u00e9tat de d\u00e9pendance infantile \u00e0 l\u2019\u00e9tat d\u2019adulte libre de ses choix et de ses engagements.<\/li><\/ul>\n\n\n\n<ul><li><strong>La sexualit\u00e9 : un chemin vers l\u2019alt\u00e9rit\u00e9.<\/strong> En mati\u00e8re de responsabilit\u00e9 sexuelle et affective, c\u2019est le terme de&nbsp;<strong>consentement&nbsp;<\/strong>qui porte l\u2019ensemble de ces notions.<\/li><\/ul>\n\n\n\n<ul><li><strong>Les diff\u00e9rents points l\u00e9gislatifs&nbsp;<\/strong>n\u00e9cessaires \u00e0 conna\u00eetre.<\/li><\/ul>\n\n\n\n<ul><li><strong>\u00c9ducation \u00e0 la sexualit\u00e9 et comp\u00e9tences psycho-sociales.<\/strong><\/li><\/ul>\n\n\n\n<ul><li><strong>Le programme \u00ab&nbsp;<em>Ce Je(u) entre nous&nbsp;<\/em>\u00bb. D\u00e9couverte de la partie fiction&nbsp;<em>:&nbsp;<\/em><\/strong>il sera propos\u00e9 aux participant\u00b7e\u00b7s de faire l\u2019exp\u00e9rience des questionnements induits par les 5 s\u00e9quences composant la fiction.<\/li><\/ul>\n\n\n\n<p><\/p>\n<\/div>\n\n\n\n<div class=\"wp-block-column\">\n<p class=\"jetuil_font21\"><strong>Deuxi\u00e8me journ\u00e9e : <\/strong><\/p>\n\n\n\n<p class=\"jetuil_width50 jetuil_font21\"><strong>Mener des espaces de questionnement avec des adolescent\u00b7e\u00b7s, un chemin vers l\u2019autonomie.<\/strong><\/p>\n\n\n\n<ul><li><strong>D\u00e9couverte de la partie&nbsp;<a rel=\"noreferrer noopener\" href=\"https:\/\/www.jetuil.asso.fr\/wp-content\/uploads\/2019\/09\/PR\u00c9SENTATION-MOSAIQUE-CE-JE.pdf\" target=\"_blank\">Mosa\u00efque de connaissances<\/a><em>&nbsp;<\/em>du programme \u00ab&nbsp;<em>Ce Je(u) entre nous&nbsp;<\/em>\u00bb,&nbsp;<\/strong>en articulation avec les questions soulev\u00e9es par la fiction. <strong>Des professionnels de la sant\u00e9, de la police et de la justice<\/strong>&nbsp;apportent des \u00e9l\u00e9ments de r\u00e9ponse pr\u00e9cis, partageables par toutes et tous, venant \u00e9clairer les th\u00e9matiques abord\u00e9es par la fiction,&nbsp;<strong>pour enrichir les connaissances des jeunes, mais aussi des professionnels.<\/strong><\/li><\/ul>\n\n\n\n<ul><li><strong>Pourquoi proposer un espace de questionnement collectif.<\/strong><\/li><\/ul>\n\n\n\n<ul><li><strong>L\u2019outillage :&nbsp;<\/strong>Comment s\u2019adresser \u00e0 eux, mener un espace d\u2019\u00e9changes, sans \u00eatre intrusif, pour les accompagner sur le chemin de l\u2019adolescence, du devenir homme ou femme, et rester garant des valeurs port\u00e9es par l\u2019\u00e9ducation \u00e0 la responsabilit\u00e9.<\/li><\/ul>\n\n\n\n<ul><li><strong>La mise en place de l\u2019action.<\/strong><\/li><\/ul>\n\n\n\n<ul><li><strong>L\u2019\u00e9valuation de l\u2019action<\/strong>.<\/li><\/ul>\n\n\n\n<ul><li><strong>Une \u00e9valuation de la formation par les participants viendra cl\u00f4turer la formation.<\/strong><\/li><\/ul>\n<\/div>\n<\/div>\n<\/div>\n<\/div>\n\n\n\n<figure class=\"wp-block-table jetuil_width66 jetuil_font21 is-style-regular\"><table class=\"has-subtle-pale-blue-background-color has-fixed-layout has-background\"><tbody><tr><td class=\"has-text-align-center\" data-align=\"center\"><br>A l\u2019issue de la formation, les participants b\u00e9n\u00e9ficient d\u2019un&nbsp;<strong>abonnement<\/strong>&nbsp;gratuit d\u2019un an \u00e0 notre site internet, afin de permettre la mise en place des actions.<br><br>Des&nbsp;<strong>compl\u00e9ments&nbsp;p\u00e9dagogiques&nbsp;<\/strong>seront \u00e9galement propos\u00e9s sur le site de l\u2019association, qui s\u2019engage \u00e0 rester en lien avec les participant\u00b7e\u00b7s, notamment autour des questions que pourraient poser la mise en place et l\u2019animation des espaces d&#8217;\u00e9changes.<br><br><\/td><\/tr><\/tbody><\/table><\/figure>\n\n\n\n<div style=\"height:30px\" aria-hidden=\"true\" class=\"wp-block-spacer\"><\/div>\n\n\n\n<div style=\"height:30px\" aria-hidden=\"true\" class=\"wp-block-spacer\"><\/div>\n\n\n\n<p class=\"has-text-align-center jetuil_width80 jetuil_font21\">La formation fera ensuite l\u2019objet d\u2019un <strong>bilan \u00e9crit<\/strong> qui sera adress\u00e9 \u00e0 l&#8217;ensemble des participants.<\/p>\n\n\n\n<div style=\"height:40px\" aria-hidden=\"true\" class=\"wp-block-spacer\"><\/div>\n\n\n\n<div class=\"wp-block-image\"><figure class=\"aligncenter size-large\"><img loading=\"lazy\" src=\"https:\/\/www.jetuil.asso.fr\/wp-content\/uploads\/2021\/01\/logoJTL-traits-e1614958310385.jpg\" alt=\"\" class=\"wp-image-5586\" width=\"NaN\" height=\"NaN\"\/><\/figure><\/div>\n\n\n\n<div style=\"height:30px\" aria-hidden=\"true\" class=\"wp-block-spacer\"><\/div>\n\n\n\n<p class=\"jetuil_width80 jetuil_font21\"><strong>M\u00e9thode p\u00e9dagogique :&nbsp;<\/strong>Comme pour l\u2019ensemble des formations propos\u00e9es par l\u2019association,&nbsp;<strong>la formation \u00ab&nbsp;Ce Je(u) entre nous&nbsp;\u00bb s\u2019appuiera sur un programme<\/strong>, \u00e0 la fois pour en \u00e9prouver la p\u00e9dagogie et&nbsp;pour clarifier l\u2019ensemble des questions \u00e0 traiter. Elle s&#8217;appuiera \u00e9galement sur&nbsp;<strong>des documents p\u00e9dagogiques<\/strong> et&nbsp;<strong>des outils audiovisuels<\/strong>&nbsp;(interventions de professionnels, documentaires, extraits) con\u00e7us par l\u2019association. <\/p>\n\n\n\n<div style=\"height:20px\" aria-hidden=\"true\" class=\"wp-block-spacer\"><\/div>\n\n\n\n<p class=\"jetuil_width80 jetuil_font21\"><strong>Lieu de la formation :&nbsp;<\/strong>Nos formations se d\u00e9roulent sur site, \u00e0 la demande des structures et uniquement en pr\u00e9sentiel. <\/p>\n\n\n\n<div style=\"height:20px\" aria-hidden=\"true\" class=\"wp-block-spacer\"><\/div>\n\n\n\n<p class=\"jetuil_width80 jetuil_font21\"><strong>Nos tarifs<\/strong> varient selon le lieu choisi pour la formation. Un devis peut vous \u00eatre envoy\u00e9 sous 24h sur simple demande. <\/p>\n\n\n\n<div style=\"height:20px\" aria-hidden=\"true\" class=\"wp-block-spacer\"><\/div>\n\n\n\n<div class=\"wp-block-buttons aligncenter\">\n<div class=\"wp-block-button jetuil_width66 is-style-fill\"><a class=\"wp-block-button__link has-pale-cyan-blue-background-color has-background\" href=\"https:\/\/www.jetuil.asso.fr\/index.php\/nous-contacter\/\" target=\"_blank\" rel=\"noreferrer noopener\"><strong>Nous contacter<\/strong><\/a><\/div>\n<\/div>\n\n\n\n<div style=\"height:50px\" aria-hidden=\"true\" class=\"wp-block-spacer\"><\/div>\n\n\n\n<figure class=\"wp-block-gallery aligncenter columns-3 is-cropped\"><ul class=\"blocks-gallery-grid\"><li class=\"blocks-gallery-item\"><figure><img loading=\"lazy\" width=\"1018\" height=\"565\" src=\"https:\/\/www.jetuil.asso.fr\/wp-content\/uploads\/2019\/09\/BockmanBande1.jpg\" alt=\"\" data-id=\"794\" data-full-url=\"https:\/\/www.jetuil.asso.fr\/wp-content\/uploads\/2019\/09\/BockmanBande1.jpg\" data-link=\"https:\/\/www.jetuil.asso.fr\/bockmanbande1\/\" class=\"wp-image-794\" srcset=\"https:\/\/www.jetuil.asso.fr\/wp-content\/uploads\/2019\/09\/BockmanBande1.jpg 1018w, https:\/\/www.jetuil.asso.fr\/wp-content\/uploads\/2019\/09\/BockmanBande1-300x167.jpg 300w, https:\/\/www.jetuil.asso.fr\/wp-content\/uploads\/2019\/09\/BockmanBande1-768x426.jpg 768w, https:\/\/www.jetuil.asso.fr\/wp-content\/uploads\/2019\/09\/BockmanBande1-600x333.jpg 600w\" sizes=\"(max-width: 1018px) 100vw, 1018px\" \/><\/figure><\/li><li class=\"blocks-gallery-item\"><figure><img loading=\"lazy\" width=\"1017\" height=\"569\" src=\"https:\/\/www.jetuil.asso.fr\/wp-content\/uploads\/2019\/09\/3Filles3.jpg\" alt=\"\" data-id=\"801\" data-full-url=\"https:\/\/www.jetuil.asso.fr\/wp-content\/uploads\/2019\/09\/3Filles3.jpg\" data-link=\"https:\/\/www.jetuil.asso.fr\/3filles3\/\" class=\"wp-image-801\" srcset=\"https:\/\/www.jetuil.asso.fr\/wp-content\/uploads\/2019\/09\/3Filles3.jpg 1017w, https:\/\/www.jetuil.asso.fr\/wp-content\/uploads\/2019\/09\/3Filles3-300x168.jpg 300w, https:\/\/www.jetuil.asso.fr\/wp-content\/uploads\/2019\/09\/3Filles3-768x430.jpg 768w, https:\/\/www.jetuil.asso.fr\/wp-content\/uploads\/2019\/09\/3Filles3-600x336.jpg 600w\" sizes=\"(max-width: 1017px) 100vw, 1017px\" \/><\/figure><\/li><li class=\"blocks-gallery-item\"><figure><img loading=\"lazy\" width=\"1016\" height=\"571\" src=\"https:\/\/www.jetuil.asso.fr\/wp-content\/uploads\/2019\/09\/ShraaAdrien2.jpg\" alt=\"\" data-id=\"771\" data-full-url=\"https:\/\/www.jetuil.asso.fr\/wp-content\/uploads\/2019\/09\/ShraaAdrien2.jpg\" data-link=\"https:\/\/www.jetuil.asso.fr\/shraaadrien2\/\" class=\"wp-image-771\" srcset=\"https:\/\/www.jetuil.asso.fr\/wp-content\/uploads\/2019\/09\/ShraaAdrien2.jpg 1016w, https:\/\/www.jetuil.asso.fr\/wp-content\/uploads\/2019\/09\/ShraaAdrien2-300x169.jpg 300w, https:\/\/www.jetuil.asso.fr\/wp-content\/uploads\/2019\/09\/ShraaAdrien2-768x432.jpg 768w, https:\/\/www.jetuil.asso.fr\/wp-content\/uploads\/2019\/09\/ShraaAdrien2-600x337.jpg 600w\" sizes=\"(max-width: 1016px) 100vw, 1016px\" \/><\/figure><\/li><\/ul><\/figure>\n\n\n\n<div style=\"height:50px\" aria-hidden=\"true\" class=\"wp-block-spacer\"><\/div>\n\n\n\n<p class=\"has-text-align-center jetuil_width80 jetuil_font21\"><strong><a href=\"https:\/\/www.jetuil.asso.fr\/index.php\/ce-jeu-entre-nous\/\" target=\"_blank\" rel=\"noreferrer noopener\">Le programme Ce Je(u) entre nous<\/a><\/strong><\/p>\n\n\n\n<div style=\"height:20px\" aria-hidden=\"true\" class=\"wp-block-spacer\"><\/div>\n\n\n<div class=\"jetuil-programme-teaser\">\n        <video controls poster=\"https:\/\/www.jetuil.asso.fr\/wp-content\/uploads\/videos_jetuil\/programmes\/ce_jeu_entre_nous\/teaser.jpg\">\n        \t\t<source src=\"https:\/\/www.jetuil.asso.fr\/wp-content\/uploads\/videos_jetuil\/programmes\/ce_jeu_entre_nous\/teaser.mp4\"\/>\n        <\/video>\n<\/div>\n\n\n\n\n<div style=\"height:50px\" aria-hidden=\"true\" class=\"wp-block-spacer\"><\/div>\n\n\n\n<div class=\"wp-block-image\"><figure class=\"aligncenter size-large\"><img loading=\"lazy\" width=\"135\" height=\"120\" src=\"https:\/\/www.jetuil.asso.fr\/wp-content\/uploads\/2021\/01\/logoJTL-spirale.jpg\" alt=\"\" class=\"wp-image-5587\"\/><\/figure><\/div>\n","protected":false},"excerpt":{"rendered":"<p>Destinataires Professionnels de l\u2019\u00e9ducation, qu\u2019ils soient issus de l\u2019Education Nationale, de la Protection judiciaire de la jeunesse ou des associations, susceptibles d&#8217;intervenir aupr\u00e8s de jeunes de plus de 15 ans (20 personnes maximum). Objectif p\u00e9dagogique R\u00e9unir des professionnels de l\u2019\u00e9ducation, de la pr\u00e9vention et de la protection de l\u2019adolescence autour des questions soulev\u00e9es par la [&hellip;]<\/p>\n","protected":false},"author":2,"featured_media":0,"parent":0,"menu_order":0,"comment_status":"closed","ping_status":"closed","template":"","meta":[],"_links":{"self":[{"href":"https:\/\/www.jetuil.asso.fr\/index.php\/wp-json\/wp\/v2\/pages\/8070"}],"collection":[{"href":"https:\/\/www.jetuil.asso.fr\/index.php\/wp-json\/wp\/v2\/pages"}],"about":[{"href":"https:\/\/www.jetuil.asso.fr\/index.php\/wp-json\/wp\/v2\/types\/page"}],"author":[{"embeddable":true,"href":"https:\/\/www.jetuil.asso.fr\/index.php\/wp-json\/wp\/v2\/users\/2"}],"replies":[{"embeddable":true,"href":"https:\/\/www.jetuil.asso.fr\/index.php\/wp-json\/wp\/v2\/comments?post=8070"}],"version-history":[{"count":62,"href":"https:\/\/www.jetuil.asso.fr\/index.php\/wp-json\/wp\/v2\/pages\/8070\/revisions"}],"predecessor-version":[{"id":10537,"href":"https:\/\/www.jetuil.asso.fr\/index.php\/wp-json\/wp\/v2\/pages\/8070\/revisions\/10537"}],"wp:attachment":[{"href":"https:\/\/www.jetuil.asso.fr\/index.php\/wp-json\/wp\/v2\/media?parent=8070"}],"curies":[{"name":"wp","href":"https:\/\/api.w.org\/{rel}","templated":true}]}}