{"id":8117,"date":"2023-04-18T14:32:18","date_gmt":"2023-04-18T12:32:18","guid":{"rendered":"https:\/\/www.jetuil.asso.fr\/?page_id=8117"},"modified":"2026-04-16T10:14:01","modified_gmt":"2026-04-16T08:14:01","slug":"la-formation-action","status":"publish","type":"page","link":"https:\/\/www.jetuil.asso.fr\/index.php\/la-formation-action\/","title":{"rendered":"La Formation-action"},"content":{"rendered":"\n<div class=\"wp-block-cover has-background-dim-30 has-background-dim has-background-gradient\" style=\"background-image:url(https:\/\/www.jetuil.asso.fr\/wp-content\/uploads\/2020\/10\/ANIMATION.jpeg);background-position:99% 4%\"><span aria-hidden=\"true\" class=\"wp-block-cover__gradient-background\" style=\"background:linear-gradient(135deg,rgb(2,3,129) 83%,rgb(40,116,252) 100%)\"><\/span><div class=\"wp-block-cover__inner-container\">\n<p class=\"has-text-align-left has-large-font-size\"><strong>La Formation-action<\/strong><\/p>\n\n\n\n<p class=\"jetuil_width80 jetuil_font27\"><em><em>L\u2019\u00e9ducation \u00e0 la responsabilit\u00e9 sexuelle, affective et citoyenne au sein d\u2019espaces d\u2019\u00e9change avec les adolescent\u00b7e\u00b7s<\/em><\/em><\/p>\n<\/div><\/div>\n\n\n\n<div style=\"height:50px\" aria-hidden=\"true\" class=\"wp-block-spacer\"><\/div>\n\n\n\n<p class=\"jetuil_width80 jetuil_font21\"><strong>Destinataires<\/strong><\/p>\n\n\n\n<p class=\"jetuil_width80 jetuil_font21\">Professionnels de l\u2019\u00e9ducation, de la pr\u00e9vention, de la justice et de la protection de l\u2019adolescence (20 personnes maximum).<\/p>\n\n\n\n<div style=\"height:20px\" aria-hidden=\"true\" class=\"wp-block-spacer\"><\/div>\n\n\n\n<p class=\"jetuil_width80 jetuil_font21\"><strong>Objectif p\u00e9dagogique<\/strong><\/p>\n\n\n\n<p class=\"jetuil_width80 jetuil_font21\">R\u00e9unir des professionnels de l\u2019\u00e9ducation, de la pr\u00e9vention et de la protection de l\u2019adolescence autour des questions soulev\u00e9es par la probl\u00e9matique de l\u2019\u00e9ducation \u00e0 la responsabilit\u00e9 sexuelle et affective.<\/p>\n\n\n\n<div style=\"height:20px\" aria-hidden=\"true\" class=\"wp-block-spacer\"><\/div>\n\n\n\n<p class=\"jetuil_width80 jetuil_font21\"><strong>Objectif op\u00e9rationnel<\/strong><\/p>\n\n\n\n<ul class=\"jetuil_width80 jetuil_font21\"><li>Pouvoir aborder sereinement avec les jeunes les questions de sexualit\u00e9, sans \u00eatre intrusif, en tenant compte des repr\u00e9sentations des adolescents et de leur niveau de d\u00e9veloppement, en individuel comme en collectif.<\/li><\/ul>\n\n\n\n<ul class=\"jetuil_width80 jetuil_font21\"><li>Savoir faire appel aux professionnels \u2013 \u00e0 l\u2019int\u00e9rieur de l\u2019Institution (psychologue) o\u00f9 \u00e0 l\u2019ext\u00e9rieur (partenariat), en cas de difficult\u00e9s d\u00e9passant le cadre \u00e9ducatif.<\/li><\/ul>\n\n\n\n<div style=\"height:20px\" aria-hidden=\"true\" class=\"wp-block-spacer\"><\/div>\n\n\n\n<p class=\"jetuil_width80 jetuil_font21\">Cette formation<strong> interactive <\/strong>est anim\u00e9e par<strong> Bernard B\u00e9tr\u00e9mieux<\/strong>, directeur de l\u2019association et concepteur des programmes.<\/p>\n\n\n\n<div style=\"height:20px\" aria-hidden=\"true\" class=\"wp-block-spacer\"><\/div>\n\n\n\n<p class=\"jetuil_width80 jetuil_font21\"><strong>La formation se d\u00e9roule sur deux jours cons\u00e9cutifs&nbsp;<\/strong>: une journ\u00e9e de formation th\u00e9orique, en lien avec l&#8217;\u00e9ducation \u00e0 la responsabilit\u00e9 sexuelle et affective, et une autre d&#8217;outillage pratique sur la mise en place des espaces d&#8217;\u00e9changes avec les jeunes.<\/p>\n\n\n\n<div style=\"height:20px\" aria-hidden=\"true\" class=\"wp-block-spacer\"><\/div>\n\n\n\n<p class=\"jetuil_width80 jetuil_font21\"><strong>Pr\u00e9alablement \u00e0 la formation,&nbsp;<\/strong>un document de travail \u00e9crit destin\u00e9 \u00e0 harmoniser les connaissances des professionnels participant \u00e0 la formation, en mati\u00e8re d\u2019adolescence et de comp\u00e9tences psycho-sociales, sera transmis \u00e0 l&#8217;ensemble des participants. <\/p>\n\n\n\n<div style=\"height:20px\" aria-hidden=\"true\" class=\"wp-block-spacer\"><\/div>\n\n\n\n<p class=\"jetuil_width80 jetuil_font21\">Aucun <strong>pr\u00e9requis<\/strong> ne conditionne la participation \u00e0 la formation. La formation peut \u00eatre suivie par un public <strong>en situation de handicap<\/strong>. <\/p>\n\n\n\n<div style=\"height:30px\" aria-hidden=\"true\" class=\"wp-block-spacer\"><\/div>\n\n\n\n<div class=\"wp-block-image\"><figure class=\"aligncenter size-large\"><img loading=\"lazy\" width=\"87\" height=\"152\" src=\"https:\/\/www.jetuil.asso.fr\/wp-content\/uploads\/2021\/01\/logoJTL-fl\u00e8ches.jpg\" alt=\"\" class=\"wp-image-5588\"\/><\/figure><\/div>\n\n\n\n<div style=\"height:30px\" aria-hidden=\"true\" class=\"wp-block-spacer\"><\/div>\n\n\n\n<p class=\"has-text-align-center jetuil_width80 jetuil_font27\"><strong>Contenu de la formation<\/strong> <\/p>\n\n\n\n<div style=\"height:50px\" aria-hidden=\"true\" class=\"wp-block-spacer\"><\/div>\n\n\n\n<div class=\"wp-block-columns\">\n<div class=\"wp-block-column\" style=\"flex-basis:100%\">\n<div class=\"wp-block-columns jetuil_width66\">\n<div class=\"wp-block-column\">\n<p class=\"jetuil_font21\"><strong>Premi\u00e8re journ\u00e9e :&nbsp;<\/strong><\/p>\n\n\n\n<p>Apr\u00e8s une pr\u00e9sentation de l\u2019association \u00ab je.tu.il&#8230; \u00bb et un tour de table invitant les participants \u00e0 pr\u00e9ciser leurs attentes et leurs repr\u00e9sentations, cette premi\u00e8re journ\u00e9e sera consacr\u00e9e \u00e0 la th\u00e9matique de&nbsp;<strong><strong>l\u2019\u00c9ducation \u00e0 la responsabilit\u00e9 sexuelle et affective.<\/strong><\/strong><\/p>\n\n\n\n<ul><li><strong>Citoyennet\u00e9 et engagement :&nbsp;<\/strong>En quoi la citoyennet\u00e9 est en lien avec la question de la sexualit\u00e9 et de la responsabilit\u00e9.<\/li><\/ul>\n\n\n\n<ul><li><strong>La responsabilit\u00e9&nbsp;<\/strong>: \u00ab&nbsp;<em>La responsabilit\u00e9 soude l&#8217;\u00eatre et l&#8217;agir&nbsp;<\/em>\u00bb.<br>La notion de responsabilit\u00e9, constitutive de la vie en soci\u00e9t\u00e9, valeur morale et principe juridique.<\/li><\/ul>\n\n\n\n<ul><li><strong>La maturit\u00e9&nbsp;<\/strong>: physique, affective et intellectuelle, la maturit\u00e9 s\u2019acquiert au fur et \u00e0 mesure du d\u00e9veloppement, permettant de passer de l\u2019\u00e9tat de d\u00e9pendance infantile \u00e0 l\u2019\u00e9tat d\u2019adulte libre de ses choix et de ses engagements.<\/li><\/ul>\n\n\n\n<ul><li><strong>La sexualit\u00e9 : un chemin vers l\u2019alt\u00e9rit\u00e9.<\/strong> En mati\u00e8re de responsabilit\u00e9 sexuelle et affective, c\u2019est le terme de&nbsp;<strong>consentement&nbsp;<\/strong>qui porte l\u2019ensemble de ces notions.<\/li><\/ul>\n\n\n\n<ul><li><strong>Les diff\u00e9rents points l\u00e9gislatifs&nbsp;<\/strong>n\u00e9cessaires \u00e0 conna\u00eetre.<\/li><\/ul>\n\n\n\n<ul><li><strong>Les points clefs de l&#8217;adolescence.<\/strong><\/li><\/ul>\n\n\n\n<ul><li><strong><strong>La construction de l\u2019identit\u00e9 sexu\u00e9e&nbsp;<\/strong>: <\/strong>la pubert\u00e9 et la transformation du corps constituent une caract\u00e9ristique fondamentale de l\u2019adolescence.<\/li><\/ul>\n\n\n\n<p><\/p>\n<\/div>\n\n\n\n<div class=\"wp-block-column\">\n<p class=\"jetuil_font21\"><strong>Deuxi\u00e8me journ\u00e9e : <\/strong><\/p>\n\n\n\n<div style=\"height:10px\" aria-hidden=\"true\" class=\"wp-block-spacer\"><\/div>\n\n\n\n<p><strong>Mener des espaces d\u2019\u00e9changes avec des adolescents, un accompagnement \u00e0 la maturation.<\/strong><\/p>\n\n\n\n<div style=\"height:10px\" aria-hidden=\"true\" class=\"wp-block-spacer\"><\/div>\n\n\n\n<ul><li><strong>Parler de sexualit\u00e9, ce serait parler de quoi ?&nbsp;<\/strong>Ce qu\u2019il convient de mettre au travail pour&nbsp;<strong>\u00eatre au plus pr\u00e8s des pr\u00e9occupations des jeunes.<\/strong><\/li><\/ul>\n\n\n\n<ul><li><strong>Les b\u00e9n\u00e9fices des espaces d\u2019\u00e9changes collectifs et l\u2019\u00e9thique d\u2019intervention&nbsp;<\/strong>aupr\u00e8s des jeunes filles et des jeunes gar\u00e7ons.<\/li><\/ul>\n\n\n\n<ul><li><strong>L\u2019articulation entre travail en collectif et entretien individuel.<\/strong> <\/li><\/ul>\n\n\n\n<ul><li><strong>L\u2019outillage :&nbsp;<\/strong>Comment s\u2019adresser \u00e0 eux, mener un espace d\u2019\u00e9changes, sans \u00eatre intrusif, pour les accompagner sur le chemin de l\u2019adolescence, du devenir homme ou femme, et rester garant des valeurs port\u00e9es par l\u2019\u00e9ducation \u00e0 la responsabilit\u00e9. Les questions difficiles. <\/li><\/ul>\n\n\n\n<ul><li><strong>La mise en place de l\u2019action.<\/strong><\/li><\/ul>\n\n\n\n<ul><li><strong>L&#8217;\u00e9valuation de l&#8217;action. <\/strong><\/li><\/ul>\n\n\n\n<ul><li><strong>Une \u00e9valuation de la formation par les participants viendra cl\u00f4turer la formation.<\/strong><\/li><\/ul>\n<\/div>\n<\/div>\n<\/div>\n<\/div>\n\n\n\n<figure class=\"wp-block-table jetuil_width66 jetuil_font21 is-style-regular\"><table class=\"has-subtle-pale-blue-background-color has-fixed-layout has-background\"><tbody><tr><td class=\"has-text-align-center\" data-align=\"center\"><span style=\"color:#383131\" class=\"has-inline-color\"><strong><br><\/strong>A l\u2019issue de la formation, les participants b\u00e9n\u00e9ficient d\u2019un&nbsp;<strong>abonnement<\/strong>&nbsp;gratuit d\u2019un an \u00e0 notre site internet, afin de permettre la mise en place des actions.<br><br>Des&nbsp;<strong>compl\u00e9ments&nbsp;p\u00e9dagogiques<\/strong>&nbsp;seront \u00e9galement propos\u00e9s sur le site de l\u2019association, qui s\u2019engage \u00e0 rester en lien avec les participant\u00b7e\u00b7s, notamment autour des questions que pourraient poser la mise en place et l\u2019animation des espaces d&#8217;\u00e9changes.<strong><br><br><\/strong><\/span><\/td><\/tr><\/tbody><\/table><\/figure>\n\n\n\n<div style=\"height:30px\" aria-hidden=\"true\" class=\"wp-block-spacer\"><\/div>\n\n\n\n<p class=\"has-text-align-center jetuil_width66 jetuil_font21\">La formation fera ensuite l\u2019objet d\u2019un <strong>bilan \u00e9crit <\/strong>qui sera adress\u00e9 \u00e0 l&#8217;ensemble des participants.<\/p>\n\n\n\n<div style=\"height:30px\" aria-hidden=\"true\" class=\"wp-block-spacer\"><\/div>\n\n\n\n<div style=\"height:30px\" aria-hidden=\"true\" class=\"wp-block-spacer\"><\/div>\n\n\n\n<div class=\"wp-block-image\"><figure class=\"aligncenter size-large\"><img loading=\"lazy\" src=\"https:\/\/www.jetuil.asso.fr\/wp-content\/uploads\/2021\/01\/logoJTL-traits-e1614958310385.jpg\" alt=\"\" class=\"wp-image-5586\" width=\"NaN\" height=\"NaN\"\/><\/figure><\/div>\n\n\n\n<div style=\"height:30px\" aria-hidden=\"true\" class=\"wp-block-spacer\"><\/div>\n\n\n\n<p class=\"jetuil_width80 jetuil_font21\"><strong>M\u00e9thode p\u00e9dagogique :&nbsp;<\/strong>Comme pour l\u2019ensemble des formations propos\u00e9es par l\u2019association,&nbsp;<strong>la formation-action s\u2019appuiera sur des documents p\u00e9dagogiques<\/strong> et&nbsp;<strong>des outils audiovisuels<\/strong>&nbsp;(interventions de professionnels, documentaires, programmes) <strong>con\u00e7us par l\u2019association<\/strong>. <\/p>\n\n\n\n<div style=\"height:20px\" aria-hidden=\"true\" class=\"wp-block-spacer\"><\/div>\n\n\n\n<p class=\"jetuil_width80 jetuil_font21\"><strong>Lieu de la formation :&nbsp;<\/strong>Nos formations se d\u00e9roulent sur site, \u00e0 la demande des structures et uniquement en pr\u00e9sentiel. <\/p>\n\n\n\n<div style=\"height:20px\" aria-hidden=\"true\" class=\"wp-block-spacer\"><\/div>\n\n\n\n<p class=\"jetuil_width80 jetuil_font21\"><strong>Un devis<\/strong> peut vous \u00eatre envoy\u00e9 sous 24h sur simple demande. Sachant que certaines formations en Ile-de-France rentrent dans le cadre de financements ARS-FIPD. <\/p>\n\n\n\n<div style=\"height:20px\" aria-hidden=\"true\" class=\"wp-block-spacer\"><\/div>\n\n\n\n<div class=\"wp-block-buttons aligncenter\">\n<div class=\"wp-block-button jetuil_width66 is-style-fill\"><a class=\"wp-block-button__link has-pale-cyan-blue-background-color has-background\" href=\"https:\/\/www.jetuil.asso.fr\/index.php\/nous-contacter\/\" target=\"_blank\" rel=\"noreferrer noopener\"><strong>Nous contacter<\/strong><\/a><\/div>\n<\/div>\n\n\n\n<div style=\"height:50px\" aria-hidden=\"true\" class=\"wp-block-spacer\"><\/div>\n\n\n\n<figure class=\"wp-block-gallery aligncenter columns-3 is-cropped\"><ul class=\"blocks-gallery-grid\"><li class=\"blocks-gallery-item\"><figure><img loading=\"lazy\" width=\"1024\" height=\"675\" src=\"https:\/\/www.jetuil.asso.fr\/wp-content\/uploads\/2019\/09\/capt-le-doc-groupe3-e1568981744868-1024x675.jpg\" alt=\"\" data-id=\"1110\" data-full-url=\"https:\/\/www.jetuil.asso.fr\/wp-content\/uploads\/2019\/09\/capt-le-doc-groupe3-e1568981744868.jpg\" data-link=\"https:\/\/www.jetuil.asso.fr\/capt-le-doc-groupe3\/\" class=\"wp-image-1110\" srcset=\"https:\/\/www.jetuil.asso.fr\/wp-content\/uploads\/2019\/09\/capt-le-doc-groupe3-e1568981744868-1024x675.jpg 1024w, https:\/\/www.jetuil.asso.fr\/wp-content\/uploads\/2019\/09\/capt-le-doc-groupe3-e1568981744868-300x198.jpg 300w, https:\/\/www.jetuil.asso.fr\/wp-content\/uploads\/2019\/09\/capt-le-doc-groupe3-e1568981744868-768x506.jpg 768w, https:\/\/www.jetuil.asso.fr\/wp-content\/uploads\/2019\/09\/capt-le-doc-groupe3-e1568981744868-600x395.jpg 600w\" sizes=\"(max-width: 1024px) 100vw, 1024px\" \/><\/figure><\/li><li class=\"blocks-gallery-item\"><figure><img loading=\"lazy\" width=\"1024\" height=\"572\" src=\"https:\/\/www.jetuil.asso.fr\/wp-content\/uploads\/2019\/09\/captledoc4-1024x572.jpg\" alt=\"\" data-id=\"836\" data-full-url=\"https:\/\/www.jetuil.asso.fr\/wp-content\/uploads\/2019\/09\/captledoc4.jpg\" data-link=\"https:\/\/www.jetuil.asso.fr\/captledoc4\/\" class=\"wp-image-836\" srcset=\"https:\/\/www.jetuil.asso.fr\/wp-content\/uploads\/2019\/09\/captledoc4-1024x572.jpg 1024w, https:\/\/www.jetuil.asso.fr\/wp-content\/uploads\/2019\/09\/captledoc4-300x168.jpg 300w, https:\/\/www.jetuil.asso.fr\/wp-content\/uploads\/2019\/09\/captledoc4-768x429.jpg 768w, https:\/\/www.jetuil.asso.fr\/wp-content\/uploads\/2019\/09\/captledoc4-600x335.jpg 600w\" sizes=\"(max-width: 1024px) 100vw, 1024px\" \/><\/figure><\/li><li class=\"blocks-gallery-item\"><figure><img loading=\"lazy\" width=\"1024\" height=\"577\" src=\"https:\/\/www.jetuil.asso.fr\/wp-content\/uploads\/2019\/09\/capture-le-doc-groupe1-1024x577.jpg\" alt=\"\" data-id=\"1112\" data-full-url=\"https:\/\/www.jetuil.asso.fr\/wp-content\/uploads\/2019\/09\/capture-le-doc-groupe1.jpg\" data-link=\"https:\/\/www.jetuil.asso.fr\/capture-le-doc-groupe1\/\" class=\"wp-image-1112\" srcset=\"https:\/\/www.jetuil.asso.fr\/wp-content\/uploads\/2019\/09\/capture-le-doc-groupe1-1024x577.jpg 1024w, https:\/\/www.jetuil.asso.fr\/wp-content\/uploads\/2019\/09\/capture-le-doc-groupe1-300x169.jpg 300w, https:\/\/www.jetuil.asso.fr\/wp-content\/uploads\/2019\/09\/capture-le-doc-groupe1-768x433.jpg 768w, https:\/\/www.jetuil.asso.fr\/wp-content\/uploads\/2019\/09\/capture-le-doc-groupe1-600x338.jpg 600w\" sizes=\"(max-width: 1024px) 100vw, 1024px\" \/><\/figure><\/li><\/ul><\/figure>\n\n\n\n<div style=\"height:60px\" aria-hidden=\"true\" class=\"wp-block-spacer\"><\/div>\n\n\n\n<div class=\"wp-block-image\"><figure class=\"aligncenter size-large\"><img loading=\"lazy\" width=\"135\" height=\"120\" src=\"https:\/\/www.jetuil.asso.fr\/wp-content\/uploads\/2021\/01\/logoJTL-spirale.jpg\" alt=\"\" class=\"wp-image-5587\"\/><\/figure><\/div>\n\n\n\n<div style=\"height:40px\" aria-hidden=\"true\" class=\"wp-block-spacer\"><\/div>\n","protected":false},"excerpt":{"rendered":"<p>Destinataires Professionnels de l\u2019\u00e9ducation, de la pr\u00e9vention, de la justice et de la protection de l\u2019adolescence (20 personnes maximum). Objectif p\u00e9dagogique R\u00e9unir des professionnels de l\u2019\u00e9ducation, de la pr\u00e9vention et de la protection de l\u2019adolescence autour des questions soulev\u00e9es par la probl\u00e9matique de l\u2019\u00e9ducation \u00e0 la responsabilit\u00e9 sexuelle et affective. Objectif op\u00e9rationnel Pouvoir aborder sereinement [&hellip;]<\/p>\n","protected":false},"author":2,"featured_media":0,"parent":0,"menu_order":0,"comment_status":"closed","ping_status":"closed","template":"","meta":[],"_links":{"self":[{"href":"https:\/\/www.jetuil.asso.fr\/index.php\/wp-json\/wp\/v2\/pages\/8117"}],"collection":[{"href":"https:\/\/www.jetuil.asso.fr\/index.php\/wp-json\/wp\/v2\/pages"}],"about":[{"href":"https:\/\/www.jetuil.asso.fr\/index.php\/wp-json\/wp\/v2\/types\/page"}],"author":[{"embeddable":true,"href":"https:\/\/www.jetuil.asso.fr\/index.php\/wp-json\/wp\/v2\/users\/2"}],"replies":[{"embeddable":true,"href":"https:\/\/www.jetuil.asso.fr\/index.php\/wp-json\/wp\/v2\/comments?post=8117"}],"version-history":[{"count":53,"href":"https:\/\/www.jetuil.asso.fr\/index.php\/wp-json\/wp\/v2\/pages\/8117\/revisions"}],"predecessor-version":[{"id":10538,"href":"https:\/\/www.jetuil.asso.fr\/index.php\/wp-json\/wp\/v2\/pages\/8117\/revisions\/10538"}],"wp:attachment":[{"href":"https:\/\/www.jetuil.asso.fr\/index.php\/wp-json\/wp\/v2\/media?parent=8117"}],"curies":[{"name":"wp","href":"https:\/\/api.w.org\/{rel}","templated":true}]}}