{"id":9212,"date":"2024-02-22T09:48:44","date_gmt":"2024-02-22T08:48:44","guid":{"rendered":"https:\/\/www.jetuil.asso.fr\/?page_id=9212"},"modified":"2025-09-24T09:34:28","modified_gmt":"2025-09-24T07:34:28","slug":"laction-en-visage","status":"publish","type":"page","link":"https:\/\/www.jetuil.asso.fr\/index.php\/laction-en-visage\/","title":{"rendered":"L&#8217;action EN VISAGE"},"content":{"rendered":"\n<div style=\"height:50px\" aria-hidden=\"true\" class=\"wp-block-spacer\"><\/div>\n\n\n\n<div class=\"wp-block-media-text alignwide is-vertically-aligned-center is-image-fill jetuil_width80\" style=\"grid-template-columns:19% auto\"><figure class=\"wp-block-media-text__media\" style=\"background-image:url(https:\/\/www.jetuil.asso.fr\/wp-content\/uploads\/2019\/09\/affiche-a3-1709-721x1024.jpg);background-position:50% 50%\"><img loading=\"lazy\" width=\"721\" height=\"1024\" src=\"https:\/\/www.jetuil.asso.fr\/wp-content\/uploads\/2019\/09\/affiche-a3-1709-721x1024.jpg\" alt=\"\" class=\"wp-image-1032 size-full\" srcset=\"https:\/\/www.jetuil.asso.fr\/wp-content\/uploads\/2019\/09\/affiche-a3-1709-721x1024.jpg 721w, https:\/\/www.jetuil.asso.fr\/wp-content\/uploads\/2019\/09\/affiche-a3-1709-211x300.jpg 211w, https:\/\/www.jetuil.asso.fr\/wp-content\/uploads\/2019\/09\/affiche-a3-1709-768x1091.jpg 768w, https:\/\/www.jetuil.asso.fr\/wp-content\/uploads\/2019\/09\/affiche-a3-1709-600x852.jpg 600w, https:\/\/www.jetuil.asso.fr\/wp-content\/uploads\/2019\/09\/affiche-a3-1709.jpg 1760w\" sizes=\"(max-width: 721px) 100vw, 721px\" \/><\/figure><div class=\"wp-block-media-text__content\">\n<h1 class=\"has-text-align-left\"><strong>L&#8217;action EN VISAGE<\/strong><\/h1>\n\n\n\n<p class=\"jetuil_font27\"><strong>En milieu scolaire<\/strong><\/p>\n\n\n\n<p class=\"jetuil_font21\"><strong><strong>L\u2019\u00e9ducation \u00e0 la responsabilit\u00e9 sexuelle, affective et citoyenne avec des jeunes de 12 \u00e0 15 ans<\/strong>.<\/strong><\/p>\n<\/div><\/div>\n\n\n\n<div style=\"height:40px\" aria-hidden=\"true\" class=\"wp-block-spacer\"><\/div>\n\n\n\n<blockquote class=\"wp-block-quote jetuil_width66 jetuil_font21\"><p><strong>Public cibl\u00e9 : le niveau 4\u00e8me<\/strong>, avec possibilit\u00e9 d&#8217;intervenir aupr\u00e8s des 5\u00e8mes (plut\u00f4t en fin d&#8217;ann\u00e9e) ou des 3\u00e8mes.<\/p><p><strong>Trois interventions par classe<\/strong>, pouvant \u00eatre ramen\u00e9es \u00e0 deux selon les contraintes de l&#8217;\u00e9tablissement. <\/p><p>Remise d&#8217;un <strong>bilan \u00e9crit<\/strong> \u00e0 la Direction, \u00e0 l&#8217;issue des interventions. <\/p><p>Organisation, avec la Direction du coll\u00e8ge, d&#8217;une <strong>r\u00e9union pr\u00e9paratoire et\/ou d&#8217;une r\u00e9union bilan<\/strong>, en amont ou au terme de l&#8217;action. <\/p><p>D\u00e9couvrez le programme &#8220;<a href=\"https:\/\/www.jetuil.asso.fr\/index.php\/en-visage\/\" target=\"_blank\" rel=\"noreferrer noopener\">EN VISAGE<\/a>&#8221; \/ la <a href=\"https:\/\/www.jetuil.asso.fr\/index.php\/la-formation-en-visage\/\" target=\"_blank\" rel=\"noreferrer noopener\">formation associ\u00e9e<\/a><\/p><\/blockquote>\n\n\n\n<div style=\"height:30px\" aria-hidden=\"true\" class=\"wp-block-spacer\"><\/div>\n\n\n\n<p class=\"jetuil_width80 jetuil_font21\">L\u2019action EN VISAGE repose sur <a rel=\"noreferrer noopener\" href=\"https:\/\/www.jetuil.asso.fr\/index.php\/en-visage\/\" target=\"_blank\">un programme audiovisuel<\/a>&nbsp;<strong>d\u2019\u00e9ducation \u00e0 la responsabilit\u00e9 affective, sexuelle et citoyenne<\/strong>. Les films sont construits autour de l\u2019alternance entre vie priv\u00e9e et vie publique, intimit\u00e9 et collectif, universel et singulier. Il s\u2019agit de r\u00e9unir les jeunes, \u00e0 travers la multiplicit\u00e9 des points de vue, autour des&nbsp;<strong>questions adolescentes qui leur sont communes<\/strong>, pour leur permettre de d\u00e9couvrir la diversit\u00e9 des r\u00e9ponses possibles. <\/p>\n\n\n\n<p class=\"jetuil_width80 jetuil_font21\">inscrite au CESCE ou dans le projet d\u2019\u00e9tablissement, l\u2019action s\u2019adresse en majorit\u00e9 aux <strong>classes de quatri\u00e8me<\/strong>, soit aux jeunes gar\u00e7ons et jeunes filles d\u00e9j\u00e0 engag\u00e9s dans le processus pubertaire et les questions propres \u00e0 l\u2019adolescence : <strong>\u00eatre une fille, \u00eatre un gar\u00e7on, le regard des autres, la tyrannie de la majorit\u00e9, l\u2019\u00e9mergence pulsionnelle, la qu\u00eate identitaire<\/strong> etc&#8230; La plupart du temps en classe enti\u00e8re, <strong>ils r\u00e9fl\u00e9chissent ensemble<\/strong>, et sous la conduite d\u2019un intervenant form\u00e9, \u00e0 <strong>la prise en compte de l\u2019autre<\/strong>, \u00e0 <strong>l\u2019origine des st\u00e9r\u00e9otypes<\/strong>, \u00e0 <strong>la place de la culture<\/strong>, \u00e0 <strong>l\u2019\u00e9galit\u00e9 entre les personnes<\/strong>, au <strong>libre-arbitre<\/strong> et \u00e0 la notion d\u00e9licate de <strong>consentement<\/strong>. La question de la&nbsp;<strong>confiance&nbsp;<\/strong>et de&nbsp;<strong>l\u2019estime de soi&nbsp;<\/strong>sont travaill\u00e9es de mani\u00e8re transversale tout au long du programme. Deux \u00e0 trois interventions de deux heures chacune, sur le temps scolaire, accompagn\u00e9es par un enseignant concern\u00e9 sont la plupart du temps suffisantes et participent \u00e0 l\u2019instauration d\u2019un climat scolaire positif.<\/p>\n\n\n\n<p class=\"jetuil_width80 jetuil_font21\">Ce programme est destin\u00e9 \u00e0 \u00eatre exploit\u00e9 d\u2019une part dans des&nbsp;<strong>espaces de questionnement collectif entre adolescents<\/strong>,&nbsp;et d\u2019autre part comme&nbsp;<a rel=\"noreferrer noopener\" href=\"https:\/\/www.jetuil.asso.fr\/index.php\/la-formation-en-visage\/\" target=\"_blank\">support de formation<\/a>&nbsp;des professionnels souhaitant approfondir la question et\/ou s\u2019investir dans ces espaces collectifs.<\/p>\n\n\n\n<div style=\"height:30px\" aria-hidden=\"true\" class=\"wp-block-spacer\"><\/div>\n\n\n\n<div style=\"height:30px\" aria-hidden=\"true\" class=\"wp-block-spacer\"><\/div>\n\n\n\n<div class=\"wp-block-columns\">\n<div class=\"wp-block-column\">\n<div class=\"wp-block-media-text alignwide is-stacked-on-mobile is-vertically-aligned-center jetuil_width80\" style=\"grid-template-columns:40% auto\"><figure class=\"wp-block-media-text__media\"><img loading=\"lazy\" width=\"1024\" height=\"573\" src=\"https:\/\/www.jetuil.asso.fr\/wp-content\/uploads\/2019\/09\/F2-\u00e9cran5-1024x573.jpg\" alt=\"\" class=\"wp-image-1413 size-full\" srcset=\"https:\/\/www.jetuil.asso.fr\/wp-content\/uploads\/2019\/09\/F2-\u00e9cran5-1024x573.jpg 1024w, https:\/\/www.jetuil.asso.fr\/wp-content\/uploads\/2019\/09\/F2-\u00e9cran5-300x168.jpg 300w, https:\/\/www.jetuil.asso.fr\/wp-content\/uploads\/2019\/09\/F2-\u00e9cran5-768x430.jpg 768w, https:\/\/www.jetuil.asso.fr\/wp-content\/uploads\/2019\/09\/F2-\u00e9cran5-600x336.jpg 600w\" sizes=\"(max-width: 1024px) 100vw, 1024px\" \/><\/figure><div class=\"wp-block-media-text__content\">\n<p class=\"jetuil_font27 has-large-font-size\"><strong>Le film 1&#8230;<\/strong><\/p>\n\n\n\n<p class=\"jetuil_width80 jetuil_font21 has-large-font-size\">aborde l\u2019universalit\u00e9 des&nbsp;<strong>\u00e9motions&nbsp;<\/strong>et la question&nbsp;<strong>culturelle&nbsp;<\/strong>\u00e0 travers les&nbsp;<strong>repr\u00e9sentations st\u00e9r\u00e9otyp\u00e9es du masculin et du f\u00e9minin<\/strong>, en interrogeant leur construction comme leurs cons\u00e9quences.<\/p>\n<\/div><\/div>\n\n\n\n<div style=\"height:20px\" aria-hidden=\"true\" class=\"wp-block-spacer\"><\/div>\n\n\n\n<div class=\"wp-block-media-text alignwide is-stacked-on-mobile is-vertically-aligned-center jetuil_width80\" style=\"grid-template-columns:40% auto\"><figure class=\"wp-block-media-text__media\"><img loading=\"lazy\" width=\"1024\" height=\"574\" src=\"https:\/\/www.jetuil.asso.fr\/wp-content\/uploads\/2019\/09\/F2-\u00e9cran6-1024x574.jpg\" alt=\"\" class=\"wp-image-1412 size-full\" srcset=\"https:\/\/www.jetuil.asso.fr\/wp-content\/uploads\/2019\/09\/F2-\u00e9cran6-1024x574.jpg 1024w, https:\/\/www.jetuil.asso.fr\/wp-content\/uploads\/2019\/09\/F2-\u00e9cran6-300x168.jpg 300w, https:\/\/www.jetuil.asso.fr\/wp-content\/uploads\/2019\/09\/F2-\u00e9cran6-768x431.jpg 768w, https:\/\/www.jetuil.asso.fr\/wp-content\/uploads\/2019\/09\/F2-\u00e9cran6-600x337.jpg 600w\" sizes=\"(max-width: 1024px) 100vw, 1024px\" \/><\/figure><div class=\"wp-block-media-text__content\">\n<p class=\"jetuil_font27 has-large-font-size\"><strong>Le film 2&#8230;<\/strong><\/p>\n\n\n\n<p class=\"jetuil_font21 has-large-font-size\">met en lumi\u00e8re la question du&nbsp;<strong>choix&nbsp;<\/strong>et du&nbsp;<strong>conflit de loyaut\u00e9<\/strong>, du&nbsp;<strong>libre-arbitre<\/strong>, en lien avec l\u2019influence du groupe de pairs ou le poids des attentes familiales.<\/p>\n<\/div><\/div>\n\n\n\n<div style=\"height:20px\" aria-hidden=\"true\" class=\"wp-block-spacer\"><\/div>\n\n\n\n<div class=\"wp-block-media-text alignwide is-stacked-on-mobile is-vertically-aligned-center jetuil_width80\" style=\"grid-template-columns:40% auto\"><figure class=\"wp-block-media-text__media\"><img loading=\"lazy\" width=\"1024\" height=\"576\" src=\"https:\/\/www.jetuil.asso.fr\/wp-content\/uploads\/2019\/09\/F2-\u00e9cran3-1024x576.jpg\" alt=\"\" class=\"wp-image-1414 size-full\" srcset=\"https:\/\/www.jetuil.asso.fr\/wp-content\/uploads\/2019\/09\/F2-\u00e9cran3-1024x576.jpg 1024w, https:\/\/www.jetuil.asso.fr\/wp-content\/uploads\/2019\/09\/F2-\u00e9cran3-300x169.jpg 300w, https:\/\/www.jetuil.asso.fr\/wp-content\/uploads\/2019\/09\/F2-\u00e9cran3-768x432.jpg 768w, https:\/\/www.jetuil.asso.fr\/wp-content\/uploads\/2019\/09\/F2-\u00e9cran3-600x337.jpg 600w\" sizes=\"(max-width: 1024px) 100vw, 1024px\" \/><\/figure><div class=\"wp-block-media-text__content\">\n<p class=\"jetuil_font27 has-large-font-size\"><strong>Le film 3&#8230;<\/strong><\/p>\n\n\n\n<p class=\"jetuil_font21 has-large-font-size\">invite \u00e0 r\u00e9fl\u00e9chir sur la&nbsp;<strong>solidarit\u00e9&nbsp;<\/strong>et le&nbsp;<strong>rapport des jeunes aux adultes<\/strong>, pour passer petit \u00e0 petit de la primaut\u00e9 de l\u2019int\u00e9r\u00eat personnel \u00e0 un int\u00e9r\u00eat commun, \u00e0 partir d\u2019une pr\u00e9occupation partag\u00e9e.<\/p>\n<\/div><\/div>\n<\/div>\n<\/div>\n\n\n\n<div style=\"height:50px\" aria-hidden=\"true\" class=\"wp-block-spacer\"><\/div>\n\n\n\n<p class=\"has-text-align-center jetuil_width66 jetuil_font27\">Depuis la mise en place de l&#8217;action EN VISAGE en 2020, <strong>nous sommes intervenus dans&nbsp;plus de 40 coll\u00e8ges<\/strong> parisiens et avons travaill\u00e9 dans <strong>347 classes<\/strong> avec&nbsp;plus de <strong>7.000 jeunes<\/strong>, lors de <strong>764 interventions<\/strong>. <\/p>\n\n\n\n<div style=\"height:30px\" aria-hidden=\"true\" class=\"wp-block-spacer\"><\/div>\n\n\n\n<p class=\"jetuil_width80 jetuil_font21\">Chaque parcours d&#8217;animation donne lieu \u00e0 un <strong>bilan<\/strong> comprenant des donn\u00e9es <strong>quantitatives<\/strong> et <strong>qualitatives<\/strong>. A la fin de chaque ann\u00e9e, nous compilons ces donn\u00e9es afin de r\u00e9diger notre propre <strong>\u00e9valuation de l&#8217;action EN VISAGE<\/strong>, dans laquelle nous nous interrogeons sur <strong>les objectifs de l&#8217;action<\/strong> et leur accomplissement, au regard des questionnaires d&#8217;\u00e9valuation remplis par les jeunes \u00e0 la fin des interventions. Et chaque ann\u00e9e, nous partageons ces r\u00e9sultats, ces analyses, avec vous. <\/p>\n\n\n\n<div style=\"height:30px\" aria-hidden=\"true\" class=\"wp-block-spacer\"><\/div>\n\n\n\n<div class=\"wp-block-media-text alignwide has-media-on-the-right is-stacked-on-mobile is-vertically-aligned-center jetuil_font27 jetuil_width80 has-black-color has-white-background-color has-text-color has-background\" style=\"grid-template-columns:auto 35%\"><figure class=\"wp-block-media-text__media\"><a href=\"https:\/\/www.jetuil.asso.fr\/wp-content\/uploads\/2023\/11\/EVALUATION-ACTION-PARIS-22-23-VF.pdf\" target=\"_blank\" rel=\"noopener\"><img loading=\"lazy\" width=\"1024\" height=\"996\" src=\"https:\/\/www.jetuil.asso.fr\/wp-content\/uploads\/2023\/11\/Capture-decran-2023-11-20-a-11.59.42-1024x996.png\" alt=\"\" class=\"wp-image-8384 size-full\" srcset=\"https:\/\/www.jetuil.asso.fr\/wp-content\/uploads\/2023\/11\/Capture-decran-2023-11-20-a-11.59.42-1024x996.png 1024w, https:\/\/www.jetuil.asso.fr\/wp-content\/uploads\/2023\/11\/Capture-decran-2023-11-20-a-11.59.42-300x292.png 300w, https:\/\/www.jetuil.asso.fr\/wp-content\/uploads\/2023\/11\/Capture-decran-2023-11-20-a-11.59.42-768x747.png 768w, https:\/\/www.jetuil.asso.fr\/wp-content\/uploads\/2023\/11\/Capture-decran-2023-11-20-a-11.59.42-600x583.png 600w, https:\/\/www.jetuil.asso.fr\/wp-content\/uploads\/2023\/11\/Capture-decran-2023-11-20-a-11.59.42.png 1088w\" sizes=\"(max-width: 1024px) 100vw, 1024px\" \/><\/a><\/figure><div class=\"wp-block-media-text__content\">\n<p class=\"jetuil_font21\">Vous pouvez d\u00e9sormais retrouver sur <a rel=\"noreferrer noopener\" href=\"https:\/\/www.jetuil.asso.fr\/index.php\/evaluation-de-laction-en-visage\/\" target=\"_blank\">cette page<\/a> <strong>les \u00e9valuations<\/strong> que nous avons con\u00e7ues, par \u00e9crit ou en images, lors <strong>des derni\u00e8res ann\u00e9es scolaires<\/strong>. <\/p>\n<\/div><\/div>\n\n\n\n<div style=\"height:30px\" aria-hidden=\"true\" class=\"wp-block-spacer\"><\/div>\n\n\n\n<p class=\"has-text-align-center jetuil_width66 jetuil_font21\"><\/p>\n\n\n\n<div style=\"height:30px\" aria-hidden=\"true\" class=\"wp-block-spacer\"><\/div>\n\n\n\n<p class=\"has-text-align-center jetuil_width66 jetuil_font21\"><strong>Vous souhaitez mettre en place une action ? Vous avez une question ? <\/strong><\/p>\n\n\n\n<div style=\"height:30px\" aria-hidden=\"true\" class=\"wp-block-spacer\"><\/div>\n\n\n\n<div class=\"wp-block-buttons aligncenter\">\n<div class=\"wp-block-button jetuil_font21 is-style-outline\"><a class=\"wp-block-button__link has-white-background-color has-text-color has-background\" href=\"https:\/\/www.jetuil.asso.fr\/index.php\/nous-contacter:\" style=\"border-radius:44px;color:#79bafb\" target=\"_blank\" rel=\"noreferrer noopener\"><strong>CONTACTEZ-NOUS !<\/strong><\/a><\/div>\n<\/div>\n\n\n\n<div style=\"height:30px\" aria-hidden=\"true\" class=\"wp-block-spacer\"><\/div>\n\n\n\n<!-- Begin Sendinblue Form -->\n<!-- START - We recommend to place the below code in head tag of your website html  -->\n<style>\n  @font-face {\n    font-display: block;\n    font-family: Roboto;\n    src: url(https:\/\/assets.sendinblue.com\/font\/Roboto\/Latin\/normal\/normal\/7529907e9eaf8ebb5220c5f9850e3811.woff2) format(\"woff2\"), url(https:\/\/assets.sendinblue.com\/font\/Roboto\/Latin\/normal\/normal\/25c678feafdc175a70922a116c9be3e7.woff) format(\"woff\")\n  }\n\n  @font-face {\n    font-display: fallback;\n    font-family: Roboto;\n    font-weight: 600;\n    src: url(https:\/\/assets.sendinblue.com\/font\/Roboto\/Latin\/medium\/normal\/6e9caeeafb1f3491be3e32744bc30440.woff2) format(\"woff2\"), url(https:\/\/assets.sendinblue.com\/font\/Roboto\/Latin\/medium\/normal\/71501f0d8d5aa95960f6475d5487d4c2.woff) format(\"woff\")\n  }\n\n  @font-face {\n    font-display: fallback;\n    font-family: Roboto;\n    font-weight: 700;\n    src: url(https:\/\/assets.sendinblue.com\/font\/Roboto\/Latin\/bold\/normal\/3ef7cf158f310cf752d5ad08cd0e7e60.woff2) format(\"woff2\"), url(https:\/\/assets.sendinblue.com\/font\/Roboto\/Latin\/bold\/normal\/ece3a1d82f18b60bcce0211725c476aa.woff) format(\"woff\")\n  }\n\n  #sib-container input:-ms-input-placeholder {\n    text-align: left;\n    font-family: \"Helvetica\", sans-serif;\n    color: #c0ccda;\n  }\n\n  #sib-container input::placeholder {\n    text-align: left;\n    font-family: \"Helvetica\", sans-serif;\n    color: #c0ccda;\n  }\n\n  #sib-container textarea::placeholder {\n    text-align: left;\n    font-family: \"Helvetica\", sans-serif;\n    color: #c0ccda;\n  }\n<\/style>\n<link rel=\"stylesheet\" href=\"https:\/\/sibforms.com\/forms\/end-form\/build\/sib-styles.css\">\n<!--  END - We recommend to place the above code in head tag of your website html -->\n\n<!-- START - We recommend to place the below code where you want the form in your website html  -->\n<div class=\"sib-form\" style=\"text-align: center;\n         background-color: #ffffff;                                 \">\n  <div id=\"sib-form-container\" class=\"sib-form-container\">\n    <div id=\"error-message\" class=\"sib-form-message-panel\" style=\"font-size:16px; text-align:left; font-family:&quot;Helvetica&quot;, sans-serif; color:#661d1d; background-color:#ffeded; border-radius:3px; border-color:#ff4949;max-width:540px;\">\n      <div class=\"sib-form-message-panel__text sib-form-message-panel__text--center\">\n        <svg viewBox=\"0 0 512 512\" class=\"sib-icon sib-notification__icon\">\n          <path d=\"M256 40c118.621 0 216 96.075 216 216 0 119.291-96.61 216-216 216-119.244 0-216-96.562-216-216 0-119.203 96.602-216 216-216m0-32C119.043 8 8 119.083 8 256c0 136.997 111.043 248 248 248s248-111.003 248-248C504 119.083 392.957 8 256 8zm-11.49 120h22.979c6.823 0 12.274 5.682 11.99 12.5l-7 168c-.268 6.428-5.556 11.5-11.99 11.5h-8.979c-6.433 0-11.722-5.073-11.99-11.5l-7-168c-.283-6.818 5.167-12.5 11.99-12.5zM256 340c-15.464 0-28 12.536-28 28s12.536 28 28 28 28-12.536 28-28-12.536-28-28-28z\"><\/path>\n        <\/svg>\n        <span class=\"sib-form-message-panel__inner-text\">\n                          Nous n&#8217;avons pas pu confirmer votre inscription.\n                      <\/span>\n      <\/div>\n    <\/div>\n    <div><\/div>\n    <div id=\"success-message\" class=\"sib-form-message-panel\" style=\"font-size:16px; text-align:left; font-family:&quot;Helvetica&quot;, sans-serif; color:#085229; background-color:#e7faf0; border-radius:3px; border-color:#13ce66;max-width:540px;\">\n      <div class=\"sib-form-message-panel__text sib-form-message-panel__text--center\">\n        <svg viewBox=\"0 0 512 512\" class=\"sib-icon sib-notification__icon\">\n          <path d=\"M256 8C119.033 8 8 119.033 8 256s111.033 248 248 248 248-111.033 248-248S392.967 8 256 8zm0 464c-118.664 0-216-96.055-216-216 0-118.663 96.055-216 216-216 118.664 0 216 96.055 216 216 0 118.663-96.055 216-216 216zm141.63-274.961L217.15 376.071c-4.705 4.667-12.303 4.637-16.97-.068l-85.878-86.572c-4.667-4.705-4.637-12.303.068-16.97l8.52-8.451c4.705-4.667 12.303-4.637 16.97.068l68.976 69.533 163.441-162.13c4.705-4.667 12.303-4.637 16.97.068l8.451 8.52c4.668 4.705 4.637 12.303-.068 16.97z\"><\/path>\n        <\/svg>\n        <span class=\"sib-form-message-panel__inner-text\">\n                          Votre mail a bien \u00e9t\u00e9 enregistr\u00e9 ! Pour finaliser votre inscription, il vous suffit d\u00e9sormais de cliquer sur le lien que vous allez recevoir par mail. Merci et \u00e0 tr\u00e8s vite ! \n                      <\/span>\n      <\/div>\n    <\/div>\n    <div><\/div>\n    <div id=\"sib-container\" class=\"sib-container--large sib-container--vertical\" style=\"text-align:center; background-color:rgba(255,255,255,1); max-width:540px; border-radius:3px; border-width:1px; border-color:#C0CCD9; border-style:solid;\">\n      <form id=\"sib-form\" method=\"POST\" action=\"https:\/\/b4a3d077.sibforms.com\/serve\/MUIEABzi4n-FVA_iviQC3U8NzjOSfjXhfFH7e3u0b3N3tQpujgrFIQVx487o_xSqOULudf79rfyZj6SOaevmRecJRmHGF-7bWV5ldedmYmqNmFXkl8iyIzlxE74WMvT8VEs3OeNa2p3qJmtl6XekWhk1jFyEmvnEE4-daop21AzKsB21ErDVkVDFRj1CsjJUKpzJw0BBeNXE4_or\" data-type=\"subscription\">\n        <div style=\"padding: 8px 0;\">\n          <div class=\"sib-form-block sib-image-form-block\" style=\"text-align: center\">\n            <img src=\"https:\/\/img.mailinblue.com\/2420414\/images\/rnb\/original\/5ff43948b48c8149006fe2b5.jpg\" style=\"width: 500px;height: 154px;\" alt=\"\" title=\"\">\n          <\/div>\n        <\/div>\n        <div style=\"padding: 8px 0;\">\n          <div class=\"sib-form-block\" style=\"font-size:32px; text-align:left; font-weight:700; font-family:&quot;Helvetica&quot;, sans-serif; color:#3C4858; background-color:transparent;\">\n            <p>Newsletter<\/p>\n          <\/div>\n        <\/div>\n        <div style=\"padding: 8px 0;\">\n          <div class=\"sib-form-block\" style=\"font-size:16px; text-align:left; font-family:&quot;Helvetica&quot;, sans-serif; color:#3C4858; background-color:transparent;\">\n            <div class=\"sib-text-form-block\">\n              <p>Inscrivez-vous pour suivre notre actualit\u00e9 et soutenir notre action<\/p>\n            <\/div>\n          <\/div>\n        <\/div>\n        <div style=\"padding: 8px 0;\">\n          <div class=\"sib-input sib-form-block\">\n            <div class=\"form__entry entry_block\">\n              <div class=\"form__label-row \">\n                <label class=\"entry__label\" style=\"font-size:16px; text-align:left; font-weight:700; font-family:&quot;Helvetica&quot;, sans-serif; color:#3c4858;\" for=\"EMAIL\" data-required=\"*\">\n                  Veuillez renseigner votre adresse email pour vous inscrire\n                <\/label>\n\n                <div class=\"entry__field\">\n                  <input class=\"input\" type=\"text\" id=\"EMAIL\" name=\"EMAIL\" autocomplete=\"off\" placeholder=\"EMAIL\" data-required=\"true\" required=\"\">\n                <\/div>\n              <\/div>\n\n              <label class=\"entry__error entry__error--primary\" style=\"font-size:16px; text-align:left; font-family:&quot;Helvetica&quot;, sans-serif; color:#661d1d; background-color:#ffeded; border-radius:3px; border-color:#ff4949;\">\n              <\/label>\n              <label class=\"entry__specification\" style=\"font-size:12px; text-align:left; font-family:&quot;Helvetica&quot;, sans-serif; color:#8390A4;\">\n                L&#8217;association &#8220;je.tu.il&#8230;&#8221; s&#8217;engage \u00e0 ne pas transmettre ces informations \u00e0 un organisme ext\u00e9rieur.\n              <\/label>\n            <\/div>\n          <\/div>\n        <\/div>\n        <div style=\"padding: 8px 0;\">\n          <div class=\"sib-form-block\" style=\"text-align: left\">\n            <button class=\"sib-form-block__button sib-form-block__button-with-loader\" style=\"font-size:16px; text-align:left; font-weight:700; font-family:&quot;Helvetica&quot;, sans-serif; color:#FFFFFF; background-color:#3E4857; border-radius:3px; border-width:0px;\" form=\"sib-form\" type=\"submit\">\n              <svg class=\"icon clickable__icon progress-indicator__icon sib-hide-loader-icon\" viewBox=\"0 0 512 512\">\n                <path d=\"M460.116 373.846l-20.823-12.022c-5.541-3.199-7.54-10.159-4.663-15.874 30.137-59.886 28.343-131.652-5.386-189.946-33.641-58.394-94.896-95.833-161.827-99.676C261.028 55.961 256 50.751 256 44.352V20.309c0-6.904 5.808-12.337 12.703-11.982 83.556 4.306 160.163 50.864 202.11 123.677 42.063 72.696 44.079 162.316 6.031 236.832-3.14 6.148-10.75 8.461-16.728 5.01z\"><\/path>\n              <\/svg>\n              S&#8217;INSCRIRE\n            <\/button>\n          <\/div>\n        <\/div>\n\n        <input type=\"text\" name=\"email_address_check\" value=\"\" class=\"input--hidden\">\n        <input type=\"hidden\" name=\"locale\" value=\"fr\">\n      <\/form>\n    <\/div>\n  <\/div>\n<\/div>\n<!-- END - We recommend to place the below code where you want the form in your website html  -->\n\n<!-- START - We recommend to place the below code in footer or bottom of your website html  -->\n<script>\n  window.REQUIRED_CODE_ERROR_MESSAGE = 'Veuillez choisir un code pays';\n  window.LOCALE = 'fr';\n  window.EMAIL_INVALID_MESSAGE = window.SMS_INVALID_MESSAGE = \"Les informations que vous avez fournies ne sont pas valides. Veuillez v\u00e9rifier le format du champ et r\u00e9essayer.\";\n\n  window.REQUIRED_ERROR_MESSAGE = \"Vous devez renseigner ce champ. \";\n\n  window.GENERIC_INVALID_MESSAGE = \"Les informations que vous avez fournies ne sont pas valides. Veuillez v\u00e9rifier le format du champ et r\u00e9essayer.\";\n\n\n\n\n  window.translation = {\n    common: {\n      selectedList: '{quantity} liste s\u00e9lectionn\u00e9e',\n      selectedLists: '{quantity} listes s\u00e9lectionn\u00e9es'\n    }\n  };\n\n  var AUTOHIDE = Boolean(1);\n<\/script>\n<script src=\"https:\/\/sibforms.com\/forms\/end-form\/build\/main.js\"><\/script>\n\n\n<!-- END - We recommend to place the above code in footer or bottom of your website html  -->\n<!-- End Sendinblue Form -->\n","protected":false},"excerpt":{"rendered":"<p>L&#8217;action EN VISAGE En milieu scolaire L\u2019\u00e9ducation \u00e0 la responsabilit\u00e9 sexuelle, affective et citoyenne avec des jeunes de 12 \u00e0 15 ans. Public cibl\u00e9 : le niveau 4\u00e8me, avec possibilit\u00e9 d&#8217;intervenir aupr\u00e8s des 5\u00e8mes (plut\u00f4t en fin d&#8217;ann\u00e9e) ou des 3\u00e8mes. Trois interventions par classe, pouvant \u00eatre ramen\u00e9es \u00e0 deux selon les contraintes de l&#8217;\u00e9tablissement. [&hellip;]<\/p>\n","protected":false},"author":2,"featured_media":0,"parent":0,"menu_order":0,"comment_status":"closed","ping_status":"closed","template":"","meta":[],"_links":{"self":[{"href":"https:\/\/www.jetuil.asso.fr\/index.php\/wp-json\/wp\/v2\/pages\/9212"}],"collection":[{"href":"https:\/\/www.jetuil.asso.fr\/index.php\/wp-json\/wp\/v2\/pages"}],"about":[{"href":"https:\/\/www.jetuil.asso.fr\/index.php\/wp-json\/wp\/v2\/types\/page"}],"author":[{"embeddable":true,"href":"https:\/\/www.jetuil.asso.fr\/index.php\/wp-json\/wp\/v2\/users\/2"}],"replies":[{"embeddable":true,"href":"https:\/\/www.jetuil.asso.fr\/index.php\/wp-json\/wp\/v2\/comments?post=9212"}],"version-history":[{"count":108,"href":"https:\/\/www.jetuil.asso.fr\/index.php\/wp-json\/wp\/v2\/pages\/9212\/revisions"}],"predecessor-version":[{"id":10390,"href":"https:\/\/www.jetuil.asso.fr\/index.php\/wp-json\/wp\/v2\/pages\/9212\/revisions\/10390"}],"wp:attachment":[{"href":"https:\/\/www.jetuil.asso.fr\/index.php\/wp-json\/wp\/v2\/media?parent=9212"}],"curies":[{"name":"wp","href":"https:\/\/api.w.org\/{rel}","templated":true}]}}